{"id":66582,"date":"2021-11-11T22:33:28","date_gmt":"2021-11-11T22:33:28","guid":{"rendered":"http:\/\/alekeskus.eu\/product\/suvemaja-malmi-398m%c2%b2-labi-2-korruse\/"},"modified":"2026-02-16T14:56:00","modified_gmt":"2026-02-16T14:56:00","slug":"suvemaja-malmi-398m-alekeskus","status":"publish","type":"product","link":"https:\/\/alekeskus.eu\/et\/toode\/suvemaja-malmi-398m-alekeskus\/","title":{"rendered":"Suvemaja Malmi 39,8m\u00b2 l\u00e4bi 2 korruse"},"content":{"rendered":"<p>Sein v\u00e4rvitakse 3-st k\u00fcljest, ka punnsooned. 4 standardv\u00e4rvi: rootsi punane, s\u00fcsihall, helehall, roheline.\u00a0Sisepind j\u00e4\u00e4b naturaalseks. Maja nurgad on v\u00e4rvitud igast k\u00fcljest. V\u00e4rvi kantakse detailidele 2 kihti. \u27a2 P\u00f5randa- ja laelauad ning p\u00e4rlinid j\u00e4\u00e4vad v\u00e4rvimata. \u27a2 Aknad ja uksed v\u00e4rvitakse valgeks igast k\u00fcljest. \u27a2 K\u00f5ik v\u00e4lised liistud (viilulauad ja liistud) v\u00e4rvitakse valgeks. \u27a2 V\u00e4rvimiseks kasutame kvaliteetset v\u00e4rvi tuntud saksa ettev\u00f5ttelt OSMO<\/p>\n","protected":false},"excerpt":{"rendered":"<p>M\u00f5\u00f5dud:\u00a0<strong>600<\/strong><b>\u00a0x 500 cm. <\/b>Seinak\u00f5rgused:<strong>\u00a0480 ja 272 cm.\u00a0<\/strong><\/p>\n<ul>\n<li>tuuletapiga freespalk\u00a0<strong>70 mm<\/strong><\/li>\n<li>uste m\u00f5\u00f5dud 2500&#215;2000 ja\u00a0\u00a0827 x 1933 mm<\/li>\n<li>kaldp\u00f6\u00f6ratavad pakettaknad alumiiniumveeninadega 1595&#215;1729, 2500&#215;780, 1595&#215;780, 2 tk 1100&#215;1729, 2 tk 1500&#215;510 mm<\/li>\n<li>katuse kalle21\u00b0 ja pindala 38 m<sup>2\u00a0<\/sup><\/li>\n<li>kinnitusvahendid, juhend<\/li>\n<li>katusealune +2000\u20ac<\/li>\n<li>Eesti toode<\/li>\n<li>ilmastikukindel pakend<\/li>\n<\/ul>\n<p>K\u00fcsi paigaldust!<\/p>\n","protected":false},"featured_media":66568,"template":"","meta":{"_monsterinsights_skip_tracking":false,"_monsterinsights_sitenote_active":false,"_monsterinsights_sitenote_note":"","_monsterinsights_sitenote_category":0},"pwb-brand":[],"product_brand":[],"product_cat":[13592,13540,13608,13610],"product_tag":[13813,13840,13970,14310],"class_list":{"0":"post-66582","1":"product","2":"type-product","3":"status-publish","4":"has-post-thumbnail","6":"product_cat-aia-ja-grillmajad","7":"product_cat-hooned-alekeskus","8":"product_cat-kontorid","9":"product_cat-suvilad","10":"product_tag-aiamaja","11":"product_tag-kontor","12":"product_tag-suvila","13":"product_tag-kodukontor","14":"product_shipping_class-alates-1000kg","15":"pa_garantii-5-aastat","16":"pa_laoasukoht-tartumaa","17":"pa_pakendimoodud-640x115x80-cm-520x115x78-cm-480x115x78-cm-200x115x80-cm","18":"pa_pindalam-15283","19":"pa_varv-viimistlemata","20":"pa_veame-eesti-ja-soome","22":"first","23":"instock","24":"taxable","25":"shipping-taxable","26":"purchasable","27":"product-type-simple"},"yoast_head":"<!-- This site is optimized with the Yoast SEO plugin v27.3 - https:\/\/yoast.com\/product\/yoast-seo-wordpress\/ -->\n<title>Suvemaja Malmi 39,8m\u00b2 l\u00e4bi 2 korruse - Alekeskus<\/title>\n<meta name=\"robots\" content=\"index, follow, max-snippet:-1, max-image-preview:large, max-video-preview:-1\" \/>\n<link rel=\"canonical\" href=\"https:\/\/alekeskus.eu\/et\/toode\/suvemaja-malmi-398m-alekeskus\/\" \/>\n<meta property=\"og:locale\" content=\"et_EE\" \/>\n<meta property=\"og:type\" content=\"article\" \/>\n<meta property=\"og:title\" content=\"Suvemaja Malmi 39,8m\u00b2 l\u00e4bi 2 korruse - Alekeskus\" \/>\n<meta property=\"og:description\" content=\"M\u00f5\u00f5dud:\u00a0600\u00a0x 500 cm. Seinak\u00f5rgused:\u00a0480 ja 272 cm.\u00a0   tuuletapiga freespalk\u00a070 mm  uste m\u00f5\u00f5dud 2500x2000 ja\u00a0\u00a0827 x 1933 mm  kaldp\u00f6\u00f6ratavad pakettaknad alumiiniumveeninadega 1595x1729, 2500x780, 1595x780, 2 tk 1100x1729, 2 tk 1500x510 mm  katuse kalle21\u00b0 ja pindala 38 m2\u00a0  kinnitusvahendid, juhend  katusealune +2000\u20ac  Eesti toode  ilmastikukindel pakend  K\u00fcsi paigaldust!\" \/>\n<meta property=\"og:url\" content=\"https:\/\/alekeskus.eu\/et\/toode\/suvemaja-malmi-398m-alekeskus\/\" \/>\n<meta property=\"og:site_name\" content=\"Alekeskus\" \/>\n<meta property=\"article:modified_time\" content=\"2026-02-16T14:56:00+00:00\" \/>\n<meta property=\"og:image\" content=\"https:\/\/alekeskus.eu\/wp-content\/uploads\/2021\/11\/1259suvemaja-malmi-39-8m-l-bi-2-korruse-0.jpg\" \/>\n\t<meta property=\"og:image:width\" content=\"1600\" \/>\n\t<meta property=\"og:image:height\" content=\"1461\" \/>\n\t<meta property=\"og:image:type\" content=\"image\/jpeg\" \/>\n<meta name=\"twitter:card\" content=\"summary_large_image\" \/>\n<meta name=\"twitter:label1\" content=\"Est. reading time\" \/>\n\t<meta name=\"twitter:data1\" content=\"1 minut\" \/>\n<script type=\"application\/ld+json\" class=\"yoast-schema-graph\">{\"@context\":\"https:\\\/\\\/schema.org\",\"@graph\":[{\"@type\":\"WebPage\",\"@id\":\"https:\\\/\\\/alekeskus.eu\\\/et\\\/toode\\\/suvemaja-malmi-398m-alekeskus\\\/\",\"url\":\"https:\\\/\\\/alekeskus.eu\\\/et\\\/toode\\\/suvemaja-malmi-398m-alekeskus\\\/\",\"name\":\"Suvemaja Malmi 39,8m\u00b2 l\u00e4bi 2 korruse - Alekeskus\",\"isPartOf\":{\"@id\":\"https:\\\/\\\/alekeskus.eu\\\/#website\"},\"primaryImageOfPage\":{\"@id\":\"https:\\\/\\\/alekeskus.eu\\\/et\\\/toode\\\/suvemaja-malmi-398m-alekeskus\\\/#primaryimage\"},\"image\":{\"@id\":\"https:\\\/\\\/alekeskus.eu\\\/et\\\/toode\\\/suvemaja-malmi-398m-alekeskus\\\/#primaryimage\"},\"thumbnailUrl\":\"https:\\\/\\\/alekeskus.eu\\\/wp-content\\\/uploads\\\/2021\\\/11\\\/1259suvemaja-malmi-39-8m-l-bi-2-korruse-0.jpg\",\"datePublished\":\"2021-11-11T22:33:28+00:00\",\"dateModified\":\"2026-02-16T14:56:00+00:00\",\"breadcrumb\":{\"@id\":\"https:\\\/\\\/alekeskus.eu\\\/et\\\/toode\\\/suvemaja-malmi-398m-alekeskus\\\/#breadcrumb\"},\"inLanguage\":\"et\",\"potentialAction\":[{\"@type\":\"ReadAction\",\"target\":[\"https:\\\/\\\/alekeskus.eu\\\/et\\\/toode\\\/suvemaja-malmi-398m-alekeskus\\\/\"]}]},{\"@type\":\"ImageObject\",\"inLanguage\":\"et\",\"@id\":\"https:\\\/\\\/alekeskus.eu\\\/et\\\/toode\\\/suvemaja-malmi-398m-alekeskus\\\/#primaryimage\",\"url\":\"https:\\\/\\\/alekeskus.eu\\\/wp-content\\\/uploads\\\/2021\\\/11\\\/1259suvemaja-malmi-39-8m-l-bi-2-korruse-0.jpg\",\"contentUrl\":\"https:\\\/\\\/alekeskus.eu\\\/wp-content\\\/uploads\\\/2021\\\/11\\\/1259suvemaja-malmi-39-8m-l-bi-2-korruse-0.jpg\",\"width\":1600,\"height\":1461},{\"@type\":\"BreadcrumbList\",\"@id\":\"https:\\\/\\\/alekeskus.eu\\\/et\\\/toode\\\/suvemaja-malmi-398m-alekeskus\\\/#breadcrumb\",\"itemListElement\":[{\"@type\":\"ListItem\",\"position\":1,\"name\":\"Avaleht\",\"item\":\"https:\\\/\\\/alekeskus.eu\\\/et\\\/\"},{\"@type\":\"ListItem\",\"position\":2,\"name\":\"Pood\",\"item\":\"https:\\\/\\\/alekeskus.eu\\\/pood\\\/\"},{\"@type\":\"ListItem\",\"position\":3,\"name\":\"Suvemaja Malmi 39,8m\u00b2 l\u00e4bi 2 korruse\"}]},{\"@type\":\"WebSite\",\"@id\":\"https:\\\/\\\/alekeskus.eu\\\/#website\",\"url\":\"https:\\\/\\\/alekeskus.eu\\\/\",\"name\":\"Alekeskus\",\"description\":\"Alekeskus.eu\",\"potentialAction\":[{\"@type\":\"SearchAction\",\"target\":{\"@type\":\"EntryPoint\",\"urlTemplate\":\"https:\\\/\\\/alekeskus.eu\\\/?s={search_term_string}\"},\"query-input\":{\"@type\":\"PropertyValueSpecification\",\"valueRequired\":true,\"valueName\":\"search_term_string\"}}],\"inLanguage\":\"et\"}]}<\/script>\n<!-- \/ Yoast SEO plugin. -->","yoast_head_json":{"title":"Suvemaja Malmi 39,8m\u00b2 l\u00e4bi 2 korruse - Alekeskus","robots":{"index":"index","follow":"follow","max-snippet":"max-snippet:-1","max-image-preview":"max-image-preview:large","max-video-preview":"max-video-preview:-1"},"canonical":"https:\/\/alekeskus.eu\/et\/toode\/suvemaja-malmi-398m-alekeskus\/","og_locale":"et_EE","og_type":"article","og_title":"Suvemaja Malmi 39,8m\u00b2 l\u00e4bi 2 korruse - Alekeskus","og_description":"M\u00f5\u00f5dud:\u00a0600\u00a0x 500 cm. Seinak\u00f5rgused:\u00a0480 ja 272 cm.\u00a0   tuuletapiga freespalk\u00a070 mm  uste m\u00f5\u00f5dud 2500x2000 ja\u00a0\u00a0827 x 1933 mm  kaldp\u00f6\u00f6ratavad pakettaknad alumiiniumveeninadega 1595x1729, 2500x780, 1595x780, 2 tk 1100x1729, 2 tk 1500x510 mm  katuse kalle21\u00b0 ja pindala 38 m2\u00a0  kinnitusvahendid, juhend  katusealune +2000\u20ac  Eesti toode  ilmastikukindel pakend  K\u00fcsi paigaldust!","og_url":"https:\/\/alekeskus.eu\/et\/toode\/suvemaja-malmi-398m-alekeskus\/","og_site_name":"Alekeskus","article_modified_time":"2026-02-16T14:56:00+00:00","og_image":[{"width":1600,"height":1461,"url":"https:\/\/alekeskus.eu\/wp-content\/uploads\/2021\/11\/1259suvemaja-malmi-39-8m-l-bi-2-korruse-0.jpg","type":"image\/jpeg"}],"twitter_card":"summary_large_image","twitter_misc":{"Est. reading time":"1 minut"},"schema":{"@context":"https:\/\/schema.org","@graph":[{"@type":"WebPage","@id":"https:\/\/alekeskus.eu\/et\/toode\/suvemaja-malmi-398m-alekeskus\/","url":"https:\/\/alekeskus.eu\/et\/toode\/suvemaja-malmi-398m-alekeskus\/","name":"Suvemaja Malmi 39,8m\u00b2 l\u00e4bi 2 korruse - Alekeskus","isPartOf":{"@id":"https:\/\/alekeskus.eu\/#website"},"primaryImageOfPage":{"@id":"https:\/\/alekeskus.eu\/et\/toode\/suvemaja-malmi-398m-alekeskus\/#primaryimage"},"image":{"@id":"https:\/\/alekeskus.eu\/et\/toode\/suvemaja-malmi-398m-alekeskus\/#primaryimage"},"thumbnailUrl":"https:\/\/alekeskus.eu\/wp-content\/uploads\/2021\/11\/1259suvemaja-malmi-39-8m-l-bi-2-korruse-0.jpg","datePublished":"2021-11-11T22:33:28+00:00","dateModified":"2026-02-16T14:56:00+00:00","breadcrumb":{"@id":"https:\/\/alekeskus.eu\/et\/toode\/suvemaja-malmi-398m-alekeskus\/#breadcrumb"},"inLanguage":"et","potentialAction":[{"@type":"ReadAction","target":["https:\/\/alekeskus.eu\/et\/toode\/suvemaja-malmi-398m-alekeskus\/"]}]},{"@type":"ImageObject","inLanguage":"et","@id":"https:\/\/alekeskus.eu\/et\/toode\/suvemaja-malmi-398m-alekeskus\/#primaryimage","url":"https:\/\/alekeskus.eu\/wp-content\/uploads\/2021\/11\/1259suvemaja-malmi-39-8m-l-bi-2-korruse-0.jpg","contentUrl":"https:\/\/alekeskus.eu\/wp-content\/uploads\/2021\/11\/1259suvemaja-malmi-39-8m-l-bi-2-korruse-0.jpg","width":1600,"height":1461},{"@type":"BreadcrumbList","@id":"https:\/\/alekeskus.eu\/et\/toode\/suvemaja-malmi-398m-alekeskus\/#breadcrumb","itemListElement":[{"@type":"ListItem","position":1,"name":"Avaleht","item":"https:\/\/alekeskus.eu\/et\/"},{"@type":"ListItem","position":2,"name":"Pood","item":"https:\/\/alekeskus.eu\/pood\/"},{"@type":"ListItem","position":3,"name":"Suvemaja Malmi 39,8m\u00b2 l\u00e4bi 2 korruse"}]},{"@type":"WebSite","@id":"https:\/\/alekeskus.eu\/#website","url":"https:\/\/alekeskus.eu\/","name":"Alekeskus","description":"Alekeskus.eu","potentialAction":[{"@type":"SearchAction","target":{"@type":"EntryPoint","urlTemplate":"https:\/\/alekeskus.eu\/?s={search_term_string}"},"query-input":{"@type":"PropertyValueSpecification","valueRequired":true,"valueName":"search_term_string"}}],"inLanguage":"et"}]}},"brands":[],"_links":{"self":[{"href":"https:\/\/alekeskus.eu\/et\/wp-json\/wp\/v2\/product\/66582","targetHints":{"allow":["GET"]}}],"collection":[{"href":"https:\/\/alekeskus.eu\/et\/wp-json\/wp\/v2\/product"}],"about":[{"href":"https:\/\/alekeskus.eu\/et\/wp-json\/wp\/v2\/types\/product"}],"wp:featuredmedia":[{"embeddable":true,"href":"https:\/\/alekeskus.eu\/et\/wp-json\/wp\/v2\/media\/66568"}],"wp:attachment":[{"href":"https:\/\/alekeskus.eu\/et\/wp-json\/wp\/v2\/media?parent=66582"}],"wp:term":[{"taxonomy":"pwb-brand","embeddable":true,"href":"https:\/\/alekeskus.eu\/et\/wp-json\/wp\/v2\/pwb-brand?post=66582"},{"taxonomy":"product_brand","embeddable":true,"href":"https:\/\/alekeskus.eu\/et\/wp-json\/wp\/v2\/product_brand?post=66582"},{"taxonomy":"product_cat","embeddable":true,"href":"https:\/\/alekeskus.eu\/et\/wp-json\/wp\/v2\/product_cat?post=66582"},{"taxonomy":"product_tag","embeddable":true,"href":"https:\/\/alekeskus.eu\/et\/wp-json\/wp\/v2\/product_tag?post=66582"}],"curies":[{"name":"wp","href":"https:\/\/api.w.org\/{rel}","templated":true}]}}