{"id":67558,"date":"2025-07-11T22:44:01","date_gmt":"2025-07-11T22:44:01","guid":{"rendered":"http:\/\/alekeskus.eu\/product\/aiamaja-irene-277m%c2%b2\/"},"modified":"2026-01-29T14:26:29","modified_gmt":"2026-01-29T14:26:29","slug":"aiamaja-irene-277m-alekeskus","status":"publish","type":"product","link":"https:\/\/alekeskus.eu\/et\/toode\/aiamaja-irene-277m-alekeskus\/","title":{"rendered":"Suvemaja Ireen 27,7 m\u00b2 sein 70 mm, pakettklaasid"},"content":{"rendered":"<div class=\"&quot;pictogram\">\n<div><strong>Lisatooted:<\/strong><\/div>\n<div class=\"description\"><strong>&#8211; 8 rulli katusepappi v\u00f5i SBS-bituumenkatet,\u00a0<\/strong><strong> bituumensindel 14 pakki\u00a0<\/strong><\/div>\n<div class=\"description\">\n<p><strong>&#8211; puitosa kastmine puukaitseainesse (hallikas, pruunikas v\u00f5i valkjas)<\/strong><\/p>\n<p><strong>&#8211; v\u00e4ljast v\u00e4rvituna<\/strong><\/p>\n<\/div>\n<\/div>\n<div class=\"&quot;pictogram\">\n<div class=\"&quot;image&quot;\">\n<div class=\"&quot;product-optional-products-item&quot;\" data-nid=\"&quot;150&quot;\" data-tid=\"&quot;209&quot;\">\n<div class=\"&quot;product-optional-products-item-text&quot;\">\n<div class=\"&quot;product-optional-products-item-name&quot;\">\n<div class=\"pictogram qtip-additional-element\">Pakend:\u00a0 6,0&#215;1,2&#215;0,7; 6,0&#215;1,2&#215;0,6; 2,5&#215;1,2&#215;0,4; 6,0&#215;1,2&#215;0,2 m ;\u00a0 kaal 3000 kg<\/div>\n<div class=\"clearfix\"><\/div>\n<div class=\"pictogram qtip-additional-element\">\n<div class=\"image\"><\/div>\n<\/div>\n<\/div>\n<\/div>\n<\/div>\n<\/div>\n<\/div>\n","protected":false},"excerpt":{"rendered":"<p>V\u00e4lism\u00f5\u00f5dud:<strong>\u00a05,4 x 5,4 m<\/strong>.<\/p>\n<p><strong>TASUTA VEDU JA MAHALAADIMINE(ka suursaartel)!<\/strong><\/p>\n<ul>\n<li>tuuletapiga<strong> freespalksein 70 mm<\/strong>, tormikinnitused<\/li>\n<li>harja k\u00f5rgus 312 cm ja seina k\u00f5rgus 230 cm<\/li>\n<li>katusekate ei sisaldu hinnas(tarve bituumensindlit 14 pakki v\u00f5i ajutist katusepappi ja SBS-bituumenkatet 8 rulli)<\/li>\n<li>katuse talad 60 x 240 mm, punniga katuselauad 19 mm, katuse pindala 38 m\u00b2 ja kalle 16\u00ba, r\u00e4\u00e4stas 29 cm<\/li>\n<li>punniga p\u00f5randalauad 19 mm ja puidukaitsega t\u00f6\u00f6deldud alustalad 80 x 60 mm<\/li>\n<li>liimpuidust ukselengiga pakettklaasiga paarisuks 114 x 186 cm(ava koos k\u00fcljeakendega 239 x 196 cm) ja uks 73 x 175 cm, madal metalliga kaetud k\u00fcnnis, silinderlukud<\/li>\n<li>pakettklaasiga aken 119 x 86 cm p\u00f6\u00f6rd-ja kaldavanemisega ja tilganinaga<\/li>\n<li>tellitav puidukaitsevahendisse kastetuna +1800\u20ac (pruun, hall v\u00f5i valkjas)<strong><img decoding=\"async\" class=\"\" src=\"https:\/\/www.palmako.ee\/sites\/default\/files\/styles\/product_list_item\/public\/2020-06\/BNDIP.jpg?itok=_LQkkeHM\" width=\"66\" height=\"66\" \/><img decoding=\"async\" class=\"\" src=\"https:\/\/www.palmako.ee\/sites\/default\/files\/styles\/product_list_item\/public\/2020-06\/GYDIP.jpg?itok=RrYf7KTV\" width=\"66\" height=\"66\" \/><img decoding=\"async\" class=\"\" src=\"https:\/\/www.palmako.ee\/sites\/default\/files\/styles\/product_list_item\/public\/2020-06\/WTDIP.jpg?itok=D9U46coI\" width=\"67\" height=\"67\" \/> <\/strong>v\u00f5i v\u00e4ljast v\u00e4rvituna +3500\u20ac, tellimisaeg 2-4 n\u00e4dalat pikem<\/li>\n<li>koostejuhend ja kinnitusvahendid<\/li>\n<li>tehase garantii 5 aastat<\/li>\n<li>Eesti toode<\/li>\n<li>ilmastikukindel pakend<\/li>\n<\/ul>\n<p>K\u00fcsi ka paigaldust!<\/p>\n","protected":false},"featured_media":97276,"template":"","meta":{"_monsterinsights_skip_tracking":false,"_monsterinsights_sitenote_active":false,"_monsterinsights_sitenote_note":"","_monsterinsights_sitenote_category":0},"pwb-brand":[18577],"product_brand":[],"product_cat":[17182,13592,13540,13604,13608,13610],"product_tag":[15706,18799,13899,13907,17390,13970,14252,17515,14310,15276,18565,13813,15277,13816,15353],"class_list":{"0":"post-67558","1":"product","2":"type-product","3":"status-publish","4":"has-post-thumbnail","6":"pwb-brand-eesti","7":"product_cat-suvekoogid-alekeskus","8":"product_cat-aia-ja-grillmajad","9":"product_cat-hooned-alekeskus","10":"product_cat-saunad","11":"product_cat-kontorid","12":"product_cat-suvilad","13":"product_tag-abihoone","14":"product_tag-askarteluhuone","15":"product_tag-garden-house","16":"product_tag-paviljon","17":"product_tag-freespalksuvila","18":"product_tag-suvila","19":"product_tag-suvemaja","20":"product_tag-saunamokki","21":"product_tag-kodukontor","22":"product_tag-pihatoimisto","23":"product_tag-etatyotila-2","24":"product_tag-aiamaja","25":"product_tag-aiapaviljon","26":"product_tag-peomaja","27":"product_tag-pihamokki","28":"product_shipping_class-tasuta-transport-alates-1000kg","29":"pa_garantii-5-aastat","30":"pa_kohaletoimetamine-tasuta-mandri-eestis-ja-suursaartel-soome-alates-699e","31":"pa_laoasukoht-tartumaa","32":"pa_pindalam-15417","33":"pa_seinapaksus-70-mm","34":"pa_tellimisaeg-tilausaika-alekeskus","35":"pa_varv-pruunikas-puidukaitse","36":"pa_varv-hallikas-puidukaitse","37":"pa_varv-valkjas-puidukaitse","38":"pa_varv-tumehall-sein-mustad-avataited-ja-liistud","39":"pa_varv-helehall-sein-mustad-avataited-ja-liistud","40":"pa_varv-helehall-sein-valged-avataited-liistud","41":"pa_varv-viimistlemata","42":"pa_varv-tumehall-sein-valged-avataited-ja-liistud-alekeskus","43":"pa_veame-eesti-ja-soome","45":"first","46":"instock","47":"taxable","48":"shipping-taxable","49":"purchasable","50":"product-type-variable","51":"has-default-attributes"},"yoast_head":"<!-- This site is optimized with the Yoast SEO plugin v27.3 - https:\/\/yoast.com\/product\/yoast-seo-wordpress\/ -->\n<title>Suvemaja Ireen 27,7 m\u00b2 sein 70 mm, pakettklaasid - Alekeskus<\/title>\n<meta name=\"description\" content=\"Freespalksuvila 70 mm freespalgist seintega\" \/>\n<meta name=\"robots\" content=\"index, follow, max-snippet:-1, max-image-preview:large, max-video-preview:-1\" \/>\n<link rel=\"canonical\" href=\"https:\/\/alekeskus.eu\/et\/toode\/aiamaja-irene-277m-alekeskus\/\" \/>\n<meta property=\"og:locale\" content=\"et_EE\" \/>\n<meta property=\"og:type\" content=\"article\" \/>\n<meta property=\"og:title\" content=\"Suvemaja Ireen 27,7 m\u00b2 sein 70 mm, pakettklaasid - Alekeskus\" \/>\n<meta property=\"og:description\" content=\"Freespalksuvila 70 mm freespalgist seintega\" \/>\n<meta property=\"og:url\" content=\"https:\/\/alekeskus.eu\/et\/toode\/aiamaja-irene-277m-alekeskus\/\" \/>\n<meta property=\"og:site_name\" content=\"Alekeskus\" \/>\n<meta property=\"article:modified_time\" content=\"2026-01-29T14:26:29+00:00\" \/>\n<meta property=\"og:image\" content=\"https:\/\/alekeskus.eu\/wp-content\/uploads\/2022\/07\/Ireen_27.7_m2_NATURAL_wb.jpg\" \/>\n\t<meta property=\"og:image:width\" content=\"1600\" \/>\n\t<meta property=\"og:image:height\" content=\"1200\" \/>\n\t<meta property=\"og:image:type\" content=\"image\/jpeg\" \/>\n<meta name=\"twitter:card\" content=\"summary_large_image\" \/>\n<meta name=\"twitter:label1\" content=\"Est. reading time\" \/>\n\t<meta name=\"twitter:data1\" content=\"1 minut\" \/>\n<script type=\"application\/ld+json\" class=\"yoast-schema-graph\">{\"@context\":\"https:\\\/\\\/schema.org\",\"@graph\":[{\"@type\":\"WebPage\",\"@id\":\"https:\\\/\\\/alekeskus.eu\\\/et\\\/toode\\\/aiamaja-irene-277m-alekeskus\\\/\",\"url\":\"https:\\\/\\\/alekeskus.eu\\\/et\\\/toode\\\/aiamaja-irene-277m-alekeskus\\\/\",\"name\":\"Suvemaja Ireen 27,7 m\u00b2 sein 70 mm, pakettklaasid - Alekeskus\",\"isPartOf\":{\"@id\":\"https:\\\/\\\/alekeskus.eu\\\/#website\"},\"primaryImageOfPage\":{\"@id\":\"https:\\\/\\\/alekeskus.eu\\\/et\\\/toode\\\/aiamaja-irene-277m-alekeskus\\\/#primaryimage\"},\"image\":{\"@id\":\"https:\\\/\\\/alekeskus.eu\\\/et\\\/toode\\\/aiamaja-irene-277m-alekeskus\\\/#primaryimage\"},\"thumbnailUrl\":\"https:\\\/\\\/alekeskus.eu\\\/wp-content\\\/uploads\\\/2022\\\/07\\\/Ireen_27.7_m2_NATURAL_wb.jpg\",\"datePublished\":\"2025-07-11T22:44:01+00:00\",\"dateModified\":\"2026-01-29T14:26:29+00:00\",\"description\":\"Freespalksuvila 70 mm freespalgist seintega\",\"breadcrumb\":{\"@id\":\"https:\\\/\\\/alekeskus.eu\\\/et\\\/toode\\\/aiamaja-irene-277m-alekeskus\\\/#breadcrumb\"},\"inLanguage\":\"et\",\"potentialAction\":[{\"@type\":\"ReadAction\",\"target\":[\"https:\\\/\\\/alekeskus.eu\\\/et\\\/toode\\\/aiamaja-irene-277m-alekeskus\\\/\"]}]},{\"@type\":\"ImageObject\",\"inLanguage\":\"et\",\"@id\":\"https:\\\/\\\/alekeskus.eu\\\/et\\\/toode\\\/aiamaja-irene-277m-alekeskus\\\/#primaryimage\",\"url\":\"https:\\\/\\\/alekeskus.eu\\\/wp-content\\\/uploads\\\/2022\\\/07\\\/Ireen_27.7_m2_NATURAL_wb.jpg\",\"contentUrl\":\"https:\\\/\\\/alekeskus.eu\\\/wp-content\\\/uploads\\\/2022\\\/07\\\/Ireen_27.7_m2_NATURAL_wb.jpg\",\"width\":1600,\"height\":1200},{\"@type\":\"BreadcrumbList\",\"@id\":\"https:\\\/\\\/alekeskus.eu\\\/et\\\/toode\\\/aiamaja-irene-277m-alekeskus\\\/#breadcrumb\",\"itemListElement\":[{\"@type\":\"ListItem\",\"position\":1,\"name\":\"Avaleht\",\"item\":\"https:\\\/\\\/alekeskus.eu\\\/et\\\/\"},{\"@type\":\"ListItem\",\"position\":2,\"name\":\"Pood\",\"item\":\"https:\\\/\\\/alekeskus.eu\\\/pood\\\/\"},{\"@type\":\"ListItem\",\"position\":3,\"name\":\"Suvemaja Ireen 27,7 m\u00b2 sein 70 mm, pakettklaasid\"}]},{\"@type\":\"WebSite\",\"@id\":\"https:\\\/\\\/alekeskus.eu\\\/#website\",\"url\":\"https:\\\/\\\/alekeskus.eu\\\/\",\"name\":\"Alekeskus\",\"description\":\"Alekeskus.eu\",\"potentialAction\":[{\"@type\":\"SearchAction\",\"target\":{\"@type\":\"EntryPoint\",\"urlTemplate\":\"https:\\\/\\\/alekeskus.eu\\\/?s={search_term_string}\"},\"query-input\":{\"@type\":\"PropertyValueSpecification\",\"valueRequired\":true,\"valueName\":\"search_term_string\"}}],\"inLanguage\":\"et\"}]}<\/script>\n<!-- \/ Yoast SEO plugin. -->","yoast_head_json":{"title":"Suvemaja Ireen 27,7 m\u00b2 sein 70 mm, pakettklaasid - Alekeskus","description":"Freespalksuvila 70 mm freespalgist seintega","robots":{"index":"index","follow":"follow","max-snippet":"max-snippet:-1","max-image-preview":"max-image-preview:large","max-video-preview":"max-video-preview:-1"},"canonical":"https:\/\/alekeskus.eu\/et\/toode\/aiamaja-irene-277m-alekeskus\/","og_locale":"et_EE","og_type":"article","og_title":"Suvemaja Ireen 27,7 m\u00b2 sein 70 mm, pakettklaasid - Alekeskus","og_description":"Freespalksuvila 70 mm freespalgist seintega","og_url":"https:\/\/alekeskus.eu\/et\/toode\/aiamaja-irene-277m-alekeskus\/","og_site_name":"Alekeskus","article_modified_time":"2026-01-29T14:26:29+00:00","og_image":[{"width":1600,"height":1200,"url":"https:\/\/alekeskus.eu\/wp-content\/uploads\/2022\/07\/Ireen_27.7_m2_NATURAL_wb.jpg","type":"image\/jpeg"}],"twitter_card":"summary_large_image","twitter_misc":{"Est. reading time":"1 minut"},"schema":{"@context":"https:\/\/schema.org","@graph":[{"@type":"WebPage","@id":"https:\/\/alekeskus.eu\/et\/toode\/aiamaja-irene-277m-alekeskus\/","url":"https:\/\/alekeskus.eu\/et\/toode\/aiamaja-irene-277m-alekeskus\/","name":"Suvemaja Ireen 27,7 m\u00b2 sein 70 mm, pakettklaasid - Alekeskus","isPartOf":{"@id":"https:\/\/alekeskus.eu\/#website"},"primaryImageOfPage":{"@id":"https:\/\/alekeskus.eu\/et\/toode\/aiamaja-irene-277m-alekeskus\/#primaryimage"},"image":{"@id":"https:\/\/alekeskus.eu\/et\/toode\/aiamaja-irene-277m-alekeskus\/#primaryimage"},"thumbnailUrl":"https:\/\/alekeskus.eu\/wp-content\/uploads\/2022\/07\/Ireen_27.7_m2_NATURAL_wb.jpg","datePublished":"2025-07-11T22:44:01+00:00","dateModified":"2026-01-29T14:26:29+00:00","description":"Freespalksuvila 70 mm freespalgist seintega","breadcrumb":{"@id":"https:\/\/alekeskus.eu\/et\/toode\/aiamaja-irene-277m-alekeskus\/#breadcrumb"},"inLanguage":"et","potentialAction":[{"@type":"ReadAction","target":["https:\/\/alekeskus.eu\/et\/toode\/aiamaja-irene-277m-alekeskus\/"]}]},{"@type":"ImageObject","inLanguage":"et","@id":"https:\/\/alekeskus.eu\/et\/toode\/aiamaja-irene-277m-alekeskus\/#primaryimage","url":"https:\/\/alekeskus.eu\/wp-content\/uploads\/2022\/07\/Ireen_27.7_m2_NATURAL_wb.jpg","contentUrl":"https:\/\/alekeskus.eu\/wp-content\/uploads\/2022\/07\/Ireen_27.7_m2_NATURAL_wb.jpg","width":1600,"height":1200},{"@type":"BreadcrumbList","@id":"https:\/\/alekeskus.eu\/et\/toode\/aiamaja-irene-277m-alekeskus\/#breadcrumb","itemListElement":[{"@type":"ListItem","position":1,"name":"Avaleht","item":"https:\/\/alekeskus.eu\/et\/"},{"@type":"ListItem","position":2,"name":"Pood","item":"https:\/\/alekeskus.eu\/pood\/"},{"@type":"ListItem","position":3,"name":"Suvemaja Ireen 27,7 m\u00b2 sein 70 mm, pakettklaasid"}]},{"@type":"WebSite","@id":"https:\/\/alekeskus.eu\/#website","url":"https:\/\/alekeskus.eu\/","name":"Alekeskus","description":"Alekeskus.eu","potentialAction":[{"@type":"SearchAction","target":{"@type":"EntryPoint","urlTemplate":"https:\/\/alekeskus.eu\/?s={search_term_string}"},"query-input":{"@type":"PropertyValueSpecification","valueRequired":true,"valueName":"search_term_string"}}],"inLanguage":"et"}]}},"brands":[{"id":18577,"name":"Eesti","slug":"eesti"}],"_links":{"self":[{"href":"https:\/\/alekeskus.eu\/et\/wp-json\/wp\/v2\/product\/67558","targetHints":{"allow":["GET"]}}],"collection":[{"href":"https:\/\/alekeskus.eu\/et\/wp-json\/wp\/v2\/product"}],"about":[{"href":"https:\/\/alekeskus.eu\/et\/wp-json\/wp\/v2\/types\/product"}],"wp:featuredmedia":[{"embeddable":true,"href":"https:\/\/alekeskus.eu\/et\/wp-json\/wp\/v2\/media\/97276"}],"wp:attachment":[{"href":"https:\/\/alekeskus.eu\/et\/wp-json\/wp\/v2\/media?parent=67558"}],"wp:term":[{"taxonomy":"pwb-brand","embeddable":true,"href":"https:\/\/alekeskus.eu\/et\/wp-json\/wp\/v2\/pwb-brand?post=67558"},{"taxonomy":"product_brand","embeddable":true,"href":"https:\/\/alekeskus.eu\/et\/wp-json\/wp\/v2\/product_brand?post=67558"},{"taxonomy":"product_cat","embeddable":true,"href":"https:\/\/alekeskus.eu\/et\/wp-json\/wp\/v2\/product_cat?post=67558"},{"taxonomy":"product_tag","embeddable":true,"href":"https:\/\/alekeskus.eu\/et\/wp-json\/wp\/v2\/product_tag?post=67558"}],"curies":[{"name":"wp","href":"https:\/\/api.w.org\/{rel}","templated":true}]}}