{"id":67876,"date":"2026-01-01T22:45:42","date_gmt":"2026-01-01T22:45:42","guid":{"rendered":"http:\/\/alekeskus.eu\/product\/aiamaja-emma-10442m%c2%b2\/"},"modified":"2026-01-21T16:47:41","modified_gmt":"2026-01-21T16:47:41","slug":"aiamaja-emmi-10442m-alekeskus","status":"publish","type":"product","link":"https:\/\/alekeskus.eu\/et\/toode\/aiamaja-emmi-10442m-alekeskus\/","title":{"rendered":"Aiamaja Emmi 10,4 + 4,2 m\u00b2 terrassiga ja aknaluukidega"},"content":{"rendered":"<div class=\"pictogram qtip-additional-element\">\n<div class=\"description\">\n<p><strong>Telli juurde:<\/strong><\/p>\n<p><strong>&#8211; sindelkatusekate 8 pakki\u00a0<\/strong><\/p>\n<p><strong>&#8211;\u00a0<\/strong><strong>katusepapp 5 rulli v\u00f5i <\/strong><strong>\u00a0SBS-bituumenkate 5 rulli\u00a0<\/strong><\/p>\n<p><strong>&#8211; vihmavees\u00fcsteem\u00a0<\/strong><\/p>\n<p><strong>&#8211; puidukaitsevahendisse kastmine<strong> :\u00a0 pruunikas,<strong> hallikas, valkjas\u00a0<\/strong><\/strong><\/strong><\/p>\n<div class=\"pictogram qtip-additional-element\">\n<div class=\"description\">\u00a0Pakend: 6,0&#215;1,2&#215;0,6 m ; kaal 1100 kg<\/div>\n<\/div>\n<div class=\"pictogram qtip-additional-element\"><\/div>\n<\/div>\n<\/div>\n","protected":false},"excerpt":{"rendered":"<p>V\u00e4lism\u00f5\u00f5dud: <strong>3,3 x 3,3(4,6) m.<\/strong><\/p>\n<p><strong>TASUTA VEDU JA MAHALAADIMINE(ka suursaartel)!\u00a0\u00a0<\/strong><\/p>\n<ul>\n<li>tuuletapiga freespalksein <strong>34 mm<\/strong>, tormikinnitused<\/li>\n<li>harja k\u00f5rgus 257 cm ja seina k\u00f5rgus 205 cm<\/li>\n<li>puidukaitsega t\u00f6\u00f6deldud p\u00f5randatalad 45 x 70 mm ja punniga p\u00f5randalauad 19 mm<\/li>\n<li>immutatud terrassilauad 19 x 95 mm<\/li>\n<li>katusekate ei sisaldu hinnas(tarve 8 pakki sindlit v\u00f5i katusepappi\/SBS-bituumenkatet 5 rulli)<\/li>\n<li>katuse pindala 20 m\u00b2 , kalle 18\u00ba, punniga katuselauad 19 mm, katusetalad 44 x 195 mm<\/li>\n<li><strong>varjualuse s\u00fcgavus 140 cm<\/strong><\/li>\n<li>liimpuidust ukselengiga uks 73 x 175 cm, madal metalliga kaetud k\u00fcnnis, silinderlukk<\/li>\n<li>\u00fchekordse klaasiga aknad 66 x 89 cm p\u00f6\u00f6rd- kaldavanemisega ja tilganinaga<\/li>\n<li>aknaluugid<\/li>\n<li>tellitav puidukaitsevahendisse kastetuna +700\u20ac (pruun, hall v\u00f5i valkjas), tellimisaeg 2-4 n\u00e4dalat pikem<strong>\u00a0<img decoding=\"async\" class=\"\" src=\"https:\/\/www.palmako.ee\/sites\/default\/files\/styles\/product_list_item\/public\/2020-06\/BNDIP.jpg?itok=_LQkkeHM\" width=\"66\" height=\"66\" \/><img decoding=\"async\" class=\"\" src=\"https:\/\/www.palmako.ee\/sites\/default\/files\/styles\/product_list_item\/public\/2020-06\/GYDIP.jpg?itok=RrYf7KTV\" width=\"66\" height=\"66\" \/><img decoding=\"async\" class=\"\" src=\"https:\/\/www.palmako.ee\/sites\/default\/files\/styles\/product_list_item\/public\/2020-06\/WTDIP.jpg?itok=D9U46coI\" width=\"67\" height=\"67\" \/><\/strong><\/li>\n<li>paigaldusjuhend ja kinnitusvahendid<\/li>\n<li>tehase garantii 5 aastat<\/li>\n<li>ilmastikukindel pakend<\/li>\n<li>Eesti toode<\/li>\n<\/ul>\n<p>K\u00fcsi ka paigaldust!<\/p>\n","protected":false},"featured_media":97068,"template":"","meta":{"_monsterinsights_skip_tracking":false,"_monsterinsights_sitenote_active":false,"_monsterinsights_sitenote_note":"","_monsterinsights_sitenote_category":0},"pwb-brand":[],"product_brand":[],"product_cat":[17182,13538,13592,13540,13594,13596,13600,13604],"product_tag":[14266,18883,14311,14643,13813,13831,13864,17887,13899,14224,18882],"class_list":{"0":"post-67876","1":"product","2":"type-product","3":"status-publish","4":"has-post-thumbnail","6":"product_cat-suvekoogid-alekeskus","7":"product_cat-ale","8":"product_cat-aia-ja-grillmajad","9":"product_cat-hooned-alekeskus","10":"product_cat-mangumajad","11":"product_cat-varjualused-talveaiad-alekeskus","12":"product_cat-kuurid-aidad-kioskid","13":"product_cat-saunad","14":"product_tag-katusealune","15":"product_tag-katusealusega-aiamaja","16":"product_tag-freespalkaiamaja","17":"product_tag-terrass","18":"product_tag-aiamaja","19":"product_tag-mokki","20":"product_tag-huvimaja","21":"product_tag-puidust-aiamaja","22":"product_tag-garden-house","23":"product_tag-varjualune","24":"product_tag-terrassiga-aiamaja","25":"product_shipping_class-tasuta-transport-alates-1000kg","26":"pa_garantii-5-aastat","27":"pa_kohaletoimetamine-tasuta-mandri-eestis-ja-suursaartel-soome-alates-699e","28":"pa_laoasukoht-tartumaa","29":"pa_pindalam-15224","30":"pa_seinapaksus-34-mm","31":"pa_tellimisaeg-tilausaika-alekeskus","32":"pa_varv-valkjas-puidukaitse","33":"pa_varv-viimistlemata","34":"pa_varv-pruunikas-puidukaitse","35":"pa_varv-hallikas-puidukaitse","36":"pa_veame-eesti-ja-soome","38":"first","39":"instock","40":"sale","41":"featured","42":"taxable","43":"shipping-taxable","44":"purchasable","45":"product-type-variable","46":"has-default-attributes"},"yoast_head":"<!-- This site is optimized with the Yoast SEO plugin v27.3 - https:\/\/yoast.com\/product\/yoast-seo-wordpress\/ -->\n<title>Aiamaja Emmi 10,4 + 4,2 m\u00b2 terrassiga ja aknaluukidega - Alekeskus<\/title>\n<meta name=\"description\" content=\"freespalkaiamaja terrassiga ja aknaluukidega\" \/>\n<meta name=\"robots\" content=\"index, follow, max-snippet:-1, max-image-preview:large, max-video-preview:-1\" \/>\n<link rel=\"canonical\" href=\"https:\/\/alekeskus.eu\/et\/toode\/aiamaja-emmi-10442m-alekeskus\/\" \/>\n<meta property=\"og:locale\" content=\"et_EE\" \/>\n<meta property=\"og:type\" content=\"article\" \/>\n<meta property=\"og:title\" content=\"Aiamaja Emmi 10,4 + 4,2 m\u00b2 terrassiga ja aknaluukidega - Alekeskus\" \/>\n<meta property=\"og:description\" content=\"freespalkaiamaja terrassiga ja aknaluukidega\" \/>\n<meta property=\"og:url\" content=\"https:\/\/alekeskus.eu\/et\/toode\/aiamaja-emmi-10442m-alekeskus\/\" \/>\n<meta property=\"og:site_name\" content=\"Alekeskus\" \/>\n<meta property=\"article:modified_time\" content=\"2026-01-21T16:47:41+00:00\" \/>\n<meta property=\"og:image\" content=\"https:\/\/alekeskus.eu\/wp-content\/uploads\/2023\/10\/Emmi_10.44.2_m2_NATURAL_wb.jpg\" \/>\n\t<meta property=\"og:image:width\" content=\"1600\" \/>\n\t<meta property=\"og:image:height\" content=\"1200\" \/>\n\t<meta property=\"og:image:type\" content=\"image\/jpeg\" \/>\n<meta name=\"twitter:card\" content=\"summary_large_image\" \/>\n<meta name=\"twitter:label1\" content=\"Est. reading time\" \/>\n\t<meta name=\"twitter:data1\" content=\"1 minut\" \/>\n<script type=\"application\/ld+json\" class=\"yoast-schema-graph\">{\"@context\":\"https:\\\/\\\/schema.org\",\"@graph\":[{\"@type\":\"WebPage\",\"@id\":\"https:\\\/\\\/alekeskus.eu\\\/et\\\/toode\\\/aiamaja-emmi-10442m-alekeskus\\\/\",\"url\":\"https:\\\/\\\/alekeskus.eu\\\/et\\\/toode\\\/aiamaja-emmi-10442m-alekeskus\\\/\",\"name\":\"Aiamaja Emmi 10,4 + 4,2 m\u00b2 terrassiga ja aknaluukidega - Alekeskus\",\"isPartOf\":{\"@id\":\"https:\\\/\\\/alekeskus.eu\\\/#website\"},\"primaryImageOfPage\":{\"@id\":\"https:\\\/\\\/alekeskus.eu\\\/et\\\/toode\\\/aiamaja-emmi-10442m-alekeskus\\\/#primaryimage\"},\"image\":{\"@id\":\"https:\\\/\\\/alekeskus.eu\\\/et\\\/toode\\\/aiamaja-emmi-10442m-alekeskus\\\/#primaryimage\"},\"thumbnailUrl\":\"https:\\\/\\\/alekeskus.eu\\\/wp-content\\\/uploads\\\/2023\\\/10\\\/Emmi_10.44.2_m2_NATURAL_wb.jpg\",\"datePublished\":\"2026-01-01T22:45:42+00:00\",\"dateModified\":\"2026-01-21T16:47:41+00:00\",\"description\":\"freespalkaiamaja terrassiga ja aknaluukidega\",\"breadcrumb\":{\"@id\":\"https:\\\/\\\/alekeskus.eu\\\/et\\\/toode\\\/aiamaja-emmi-10442m-alekeskus\\\/#breadcrumb\"},\"inLanguage\":\"et\",\"potentialAction\":[{\"@type\":\"ReadAction\",\"target\":[\"https:\\\/\\\/alekeskus.eu\\\/et\\\/toode\\\/aiamaja-emmi-10442m-alekeskus\\\/\"]}]},{\"@type\":\"ImageObject\",\"inLanguage\":\"et\",\"@id\":\"https:\\\/\\\/alekeskus.eu\\\/et\\\/toode\\\/aiamaja-emmi-10442m-alekeskus\\\/#primaryimage\",\"url\":\"https:\\\/\\\/alekeskus.eu\\\/wp-content\\\/uploads\\\/2023\\\/10\\\/Emmi_10.44.2_m2_NATURAL_wb.jpg\",\"contentUrl\":\"https:\\\/\\\/alekeskus.eu\\\/wp-content\\\/uploads\\\/2023\\\/10\\\/Emmi_10.44.2_m2_NATURAL_wb.jpg\",\"width\":1600,\"height\":1200},{\"@type\":\"BreadcrumbList\",\"@id\":\"https:\\\/\\\/alekeskus.eu\\\/et\\\/toode\\\/aiamaja-emmi-10442m-alekeskus\\\/#breadcrumb\",\"itemListElement\":[{\"@type\":\"ListItem\",\"position\":1,\"name\":\"Avaleht\",\"item\":\"https:\\\/\\\/alekeskus.eu\\\/et\\\/\"},{\"@type\":\"ListItem\",\"position\":2,\"name\":\"Pood\",\"item\":\"https:\\\/\\\/alekeskus.eu\\\/pood\\\/\"},{\"@type\":\"ListItem\",\"position\":3,\"name\":\"Aiamaja Emmi 10,4 + 4,2 m\u00b2 terrassiga ja aknaluukidega\"}]},{\"@type\":\"WebSite\",\"@id\":\"https:\\\/\\\/alekeskus.eu\\\/#website\",\"url\":\"https:\\\/\\\/alekeskus.eu\\\/\",\"name\":\"Alekeskus\",\"description\":\"Alekeskus.eu\",\"potentialAction\":[{\"@type\":\"SearchAction\",\"target\":{\"@type\":\"EntryPoint\",\"urlTemplate\":\"https:\\\/\\\/alekeskus.eu\\\/?s={search_term_string}\"},\"query-input\":{\"@type\":\"PropertyValueSpecification\",\"valueRequired\":true,\"valueName\":\"search_term_string\"}}],\"inLanguage\":\"et\"}]}<\/script>\n<!-- \/ Yoast SEO plugin. -->","yoast_head_json":{"title":"Aiamaja Emmi 10,4 + 4,2 m\u00b2 terrassiga ja aknaluukidega - Alekeskus","description":"freespalkaiamaja terrassiga ja aknaluukidega","robots":{"index":"index","follow":"follow","max-snippet":"max-snippet:-1","max-image-preview":"max-image-preview:large","max-video-preview":"max-video-preview:-1"},"canonical":"https:\/\/alekeskus.eu\/et\/toode\/aiamaja-emmi-10442m-alekeskus\/","og_locale":"et_EE","og_type":"article","og_title":"Aiamaja Emmi 10,4 + 4,2 m\u00b2 terrassiga ja aknaluukidega - Alekeskus","og_description":"freespalkaiamaja terrassiga ja aknaluukidega","og_url":"https:\/\/alekeskus.eu\/et\/toode\/aiamaja-emmi-10442m-alekeskus\/","og_site_name":"Alekeskus","article_modified_time":"2026-01-21T16:47:41+00:00","og_image":[{"width":1600,"height":1200,"url":"https:\/\/alekeskus.eu\/wp-content\/uploads\/2023\/10\/Emmi_10.44.2_m2_NATURAL_wb.jpg","type":"image\/jpeg"}],"twitter_card":"summary_large_image","twitter_misc":{"Est. reading time":"1 minut"},"schema":{"@context":"https:\/\/schema.org","@graph":[{"@type":"WebPage","@id":"https:\/\/alekeskus.eu\/et\/toode\/aiamaja-emmi-10442m-alekeskus\/","url":"https:\/\/alekeskus.eu\/et\/toode\/aiamaja-emmi-10442m-alekeskus\/","name":"Aiamaja Emmi 10,4 + 4,2 m\u00b2 terrassiga ja aknaluukidega - Alekeskus","isPartOf":{"@id":"https:\/\/alekeskus.eu\/#website"},"primaryImageOfPage":{"@id":"https:\/\/alekeskus.eu\/et\/toode\/aiamaja-emmi-10442m-alekeskus\/#primaryimage"},"image":{"@id":"https:\/\/alekeskus.eu\/et\/toode\/aiamaja-emmi-10442m-alekeskus\/#primaryimage"},"thumbnailUrl":"https:\/\/alekeskus.eu\/wp-content\/uploads\/2023\/10\/Emmi_10.44.2_m2_NATURAL_wb.jpg","datePublished":"2026-01-01T22:45:42+00:00","dateModified":"2026-01-21T16:47:41+00:00","description":"freespalkaiamaja terrassiga ja aknaluukidega","breadcrumb":{"@id":"https:\/\/alekeskus.eu\/et\/toode\/aiamaja-emmi-10442m-alekeskus\/#breadcrumb"},"inLanguage":"et","potentialAction":[{"@type":"ReadAction","target":["https:\/\/alekeskus.eu\/et\/toode\/aiamaja-emmi-10442m-alekeskus\/"]}]},{"@type":"ImageObject","inLanguage":"et","@id":"https:\/\/alekeskus.eu\/et\/toode\/aiamaja-emmi-10442m-alekeskus\/#primaryimage","url":"https:\/\/alekeskus.eu\/wp-content\/uploads\/2023\/10\/Emmi_10.44.2_m2_NATURAL_wb.jpg","contentUrl":"https:\/\/alekeskus.eu\/wp-content\/uploads\/2023\/10\/Emmi_10.44.2_m2_NATURAL_wb.jpg","width":1600,"height":1200},{"@type":"BreadcrumbList","@id":"https:\/\/alekeskus.eu\/et\/toode\/aiamaja-emmi-10442m-alekeskus\/#breadcrumb","itemListElement":[{"@type":"ListItem","position":1,"name":"Avaleht","item":"https:\/\/alekeskus.eu\/et\/"},{"@type":"ListItem","position":2,"name":"Pood","item":"https:\/\/alekeskus.eu\/pood\/"},{"@type":"ListItem","position":3,"name":"Aiamaja Emmi 10,4 + 4,2 m\u00b2 terrassiga ja aknaluukidega"}]},{"@type":"WebSite","@id":"https:\/\/alekeskus.eu\/#website","url":"https:\/\/alekeskus.eu\/","name":"Alekeskus","description":"Alekeskus.eu","potentialAction":[{"@type":"SearchAction","target":{"@type":"EntryPoint","urlTemplate":"https:\/\/alekeskus.eu\/?s={search_term_string}"},"query-input":{"@type":"PropertyValueSpecification","valueRequired":true,"valueName":"search_term_string"}}],"inLanguage":"et"}]}},"brands":[],"_links":{"self":[{"href":"https:\/\/alekeskus.eu\/et\/wp-json\/wp\/v2\/product\/67876","targetHints":{"allow":["GET"]}}],"collection":[{"href":"https:\/\/alekeskus.eu\/et\/wp-json\/wp\/v2\/product"}],"about":[{"href":"https:\/\/alekeskus.eu\/et\/wp-json\/wp\/v2\/types\/product"}],"wp:featuredmedia":[{"embeddable":true,"href":"https:\/\/alekeskus.eu\/et\/wp-json\/wp\/v2\/media\/97068"}],"wp:attachment":[{"href":"https:\/\/alekeskus.eu\/et\/wp-json\/wp\/v2\/media?parent=67876"}],"wp:term":[{"taxonomy":"pwb-brand","embeddable":true,"href":"https:\/\/alekeskus.eu\/et\/wp-json\/wp\/v2\/pwb-brand?post=67876"},{"taxonomy":"product_brand","embeddable":true,"href":"https:\/\/alekeskus.eu\/et\/wp-json\/wp\/v2\/product_brand?post=67876"},{"taxonomy":"product_cat","embeddable":true,"href":"https:\/\/alekeskus.eu\/et\/wp-json\/wp\/v2\/product_cat?post=67876"},{"taxonomy":"product_tag","embeddable":true,"href":"https:\/\/alekeskus.eu\/et\/wp-json\/wp\/v2\/product_tag?post=67876"}],"curies":[{"name":"wp","href":"https:\/\/api.w.org\/{rel}","templated":true}]}}