{"id":69293,"date":"2026-03-11T22:57:04","date_gmt":"2026-03-11T22:57:04","guid":{"rendered":"http:\/\/alekeskus.eu\/product\/aiamaja-ireen-139m%c2%b2-valguskatuse-osaga\/"},"modified":"2026-03-11T18:59:12","modified_gmt":"2026-03-11T18:59:12","slug":"aiamaja-ireen-139m-valguskatusega-alekeskus","status":"publish","type":"product","link":"https:\/\/alekeskus.eu\/et\/toode\/aiamaja-ireen-139m-valguskatusega-alekeskus\/","title":{"rendered":"Aiamaja Ireen 13,9 m\u00b2 valguskatusega L\u00d5PUM\u00dc\u00dcK !"},"content":{"rendered":"<div class=\"pictogram qtip-additional-element\">\n<div class=\"description\"><\/div>\n<\/div>\n<div class=\"pictogram qtip-additional-element\">\n<div class=\"description\">\u00a0Pakend: 6,0&#215;1,2&#215;0,6 m , kaal 1200 kg<\/div>\n<\/div>\n<div class=\"pictogram qtip-additional-element\">\n<div class=\"description\"><\/div>\n<\/div>\n<div class=\"pictogram qtip-additional-element\">\n<div class=\"description\"><strong>Telli juurde:<\/strong><\/div>\n<div class=\"description\"><\/div>\n<div class=\"description\"><strong>&#8211; vihmaveerennid<\/strong><\/div>\n<div class=\"description\">\n<p><strong>&#8211; 4 rulli t\u00f5rvapappi v\u00f5i <\/strong><strong>SBS rullkatusekatet<\/strong><\/p>\n<p><strong>&#8211; sindelkatusekate 7 pakki\u00a0<\/strong><\/p>\n<p><strong>&#8211;\u00a0<\/strong><strong>puitosa kastmine puukaitseainesse:\u00a0<strong> pruun<strong>, hall, valge\u00a0<\/strong><\/strong><\/strong><\/p>\n<\/div>\n<\/div>\n","protected":false},"excerpt":{"rendered":"<p><strong>V\u00e4lism\u00f5\u00f5dud: 3,8 x 3,8 m.\u00a0<\/strong><\/p>\n<p><strong>TASUTA VEDU JA MAHALAADIMINE (ka suursaartel)!<\/strong><\/p>\n<ul>\n<li><strong>tuuletapiga freespalksein 34 mm<\/strong>, tormikinnitused<\/li>\n<li>harja k\u00f5rgus 268 cm ja seina k\u00f5rgus 205 cm<\/li>\n<li><strong>kihtplastikust valguskatus <\/strong>(16 x 980 x 2330 mm 4tk + kinnitused ja harjaliist)<\/li>\n<li>muu katusekate ei sisaldu hinnas(tarve bituumensindel 7 pakki v\u00f5i ajutine katusepapp ja SBS-bituumekate 4 rulli)<\/li>\n<li>punniga katuselaudis 16 mm, katuse pindala 24 m\u00b2 ja kalle 19\u00ba<\/li>\n<li><strong>r\u00e4\u00e4stas ees 70 cm<\/strong><\/li>\n<li>punniga p\u00f5randalauad 19 mm ja puidukaitsega t\u00f6\u00f6deldud alustalad 45 x 70 mm<\/li>\n<li>liimpuidust ukselengiga klaasiga paarisuks 114 x 186 cm(ava m\u00f5\u00f5t koos laienditega 239 x 194 cm), madal metalliga kaetud k\u00fcnnis, silinderlukk<\/li>\n<li>2 akent kogum\u00f5\u00f5duga 220 x 144 cm (sisemine osa on p\u00f6\u00f6rd-ja kaldavanemisega, laiendid on kinnised)<\/li>\n<li>tellitav puidukaitsevahendisse kastetuna +600\u20ac (pruun, hall v\u00f5i valkjas), tellimisaeg u 1 kuu<strong>\u00a0:\u00a0<img decoding=\"async\" class=\"\" src=\"https:\/\/www.palmako.ee\/sites\/default\/files\/styles\/product_list_item\/public\/2020-06\/BNDIP.jpg?itok=_LQkkeHM\" width=\"66\" height=\"66\" \/><img decoding=\"async\" class=\"\" src=\"https:\/\/www.palmako.ee\/sites\/default\/files\/styles\/product_list_item\/public\/2020-06\/GYDIP.jpg?itok=RrYf7KTV\" width=\"66\" height=\"66\" \/><img decoding=\"async\" class=\"\" src=\"https:\/\/www.palmako.ee\/sites\/default\/files\/styles\/product_list_item\/public\/2020-06\/WTDIP.jpg?itok=D9U46coI\" width=\"67\" height=\"67\" \/><\/strong><\/li>\n<li>koostejuhend ja kinnitusvahendid<\/li>\n<li>tehase garantii 5 aastat<\/li>\n<li>Eesti toode<\/li>\n<li>ilmastikukindel pakend<\/li>\n<\/ul>\n<p>K\u00fcsi ka paigaldust!<\/p>\n","protected":false},"featured_media":69279,"template":"","meta":{"_monsterinsights_skip_tracking":false,"_monsterinsights_sitenote_active":false,"_monsterinsights_sitenote_note":"","_monsterinsights_sitenote_category":0},"pwb-brand":[18577],"product_brand":[],"product_cat":[18677,17182,13538,13592,13540,13596,13600,13608],"product_tag":[18033,15678,18330,15679,13864,15914,13893,13899,13913,13983,17836,13813,14643,17837,15277,17973,13831,15677],"class_list":{"0":"post-69293","1":"product","2":"type-product","3":"status-publish","4":"has-post-thumbnail","6":"pwb-brand-eesti","7":"product_cat-lopumuuk","8":"product_cat-suvekoogid-alekeskus","9":"product_cat-ale","10":"product_cat-aia-ja-grillmajad","11":"product_cat-hooned-alekeskus","12":"product_cat-varjualused-talveaiad-alekeskus","13":"product_cat-kuurid-aidad-kioskid","14":"product_cat-kontorid","15":"product_tag-rantamokki-2","16":"product_tag-avarus","17":"product_tag-palmako-vierasmaja","18":"product_tag-basseinihoone","19":"product_tag-huvimaja","20":"product_tag-pihasauna","21":"product_tag-teemaja","22":"product_tag-garden-house","23":"product_tag-vierasmaja","24":"product_tag-piharakennus","25":"product_tag-valguskatus","26":"product_tag-aiamaja","27":"product_tag-terrass","28":"product_tag-kihtplastik","29":"product_tag-aiapaviljon","30":"product_tag-aiasaun","31":"product_tag-mokki","32":"product_tag-valokatto","33":"product_shipping_class-tasuta-transport-alates-1000kg","34":"pa_garantii-5-aastat","35":"pa_kohaletoimetamine-tasuta-mandri-eestis-ja-suursaartel-soome-alates-699e","36":"pa_laoasukoht-tartumaa","37":"pa_pindalam-14216","38":"pa_seinapaksus-34-mm","39":"pa_tellimisaeg-tilausaika-alekeskus","40":"pa_varv-viimistlemata","41":"pa_varv-pruunikas-puidukaitse","42":"pa_varv-hallikas-puidukaitse","43":"pa_varv-valkjas-puidukaitse","44":"pa_veame-eesti-ja-soome","46":"first","47":"instock","48":"sale","49":"featured","50":"taxable","51":"shipping-taxable","52":"purchasable","53":"product-type-variable","54":"has-default-attributes"},"yoast_head":"<!-- This site is optimized with the Yoast SEO plugin v27.3 - https:\/\/yoast.com\/product\/yoast-seo-wordpress\/ -->\n<title>Aiamaja Ireen 13,9 m\u00b2 valguskatusega L\u00d5PUM\u00dc\u00dcK ! - Alekeskus<\/title>\n<meta name=\"description\" content=\"freespalgist aiamaja valguskatusega\" \/>\n<meta name=\"robots\" content=\"index, follow, max-snippet:-1, max-image-preview:large, max-video-preview:-1\" \/>\n<link rel=\"canonical\" href=\"https:\/\/alekeskus.eu\/tuote\/vierasmaja-ireen-139-kennokatolla-alekeskus\/\" \/>\n<meta property=\"og:locale\" content=\"et_EE\" \/>\n<meta property=\"og:type\" content=\"article\" \/>\n<meta property=\"og:title\" content=\"Aiamaja Ireen 13,9 m\u00b2 valguskatusega L\u00d5PUM\u00dc\u00dcK ! - Alekeskus\" \/>\n<meta property=\"og:description\" content=\"freespalgist aiamaja valguskatusega\" \/>\n<meta property=\"og:url\" content=\"https:\/\/alekeskus.eu\/tuote\/vierasmaja-ireen-139-kennokatolla-alekeskus\/\" \/>\n<meta property=\"og:site_name\" content=\"Alekeskus\" \/>\n<meta property=\"og:image\" content=\"https:\/\/alekeskus.eu\/wp-content\/uploads\/2021\/11\/717aiamaja-ireen-13-9m-valguskatuse-osaga-0.jpg\" \/>\n\t<meta property=\"og:image:width\" content=\"900\" \/>\n\t<meta property=\"og:image:height\" content=\"598\" \/>\n\t<meta property=\"og:image:type\" content=\"image\/jpeg\" \/>\n<meta name=\"twitter:card\" content=\"summary_large_image\" \/>\n<meta name=\"twitter:label1\" content=\"Est. reading time\" \/>\n\t<meta name=\"twitter:data1\" content=\"1 minut\" \/>\n<script type=\"application\/ld+json\" class=\"yoast-schema-graph\">{\"@context\":\"https:\\\/\\\/schema.org\",\"@graph\":[{\"@type\":\"WebPage\",\"@id\":\"https:\\\/\\\/alekeskus.eu\\\/tuote\\\/vierasmaja-ireen-139-kennokatolla-alekeskus\\\/\",\"url\":\"https:\\\/\\\/alekeskus.eu\\\/tuote\\\/vierasmaja-ireen-139-kennokatolla-alekeskus\\\/\",\"name\":\"Aiamaja Ireen 13,9 m\u00b2 valguskatusega L\u00d5PUM\u00dc\u00dcK ! - Alekeskus\",\"isPartOf\":{\"@id\":\"https:\\\/\\\/alekeskus.eu\\\/#website\"},\"primaryImageOfPage\":{\"@id\":\"https:\\\/\\\/alekeskus.eu\\\/tuote\\\/vierasmaja-ireen-139-kennokatolla-alekeskus\\\/#primaryimage\"},\"image\":{\"@id\":\"https:\\\/\\\/alekeskus.eu\\\/tuote\\\/vierasmaja-ireen-139-kennokatolla-alekeskus\\\/#primaryimage\"},\"thumbnailUrl\":\"https:\\\/\\\/alekeskus.eu\\\/wp-content\\\/uploads\\\/2021\\\/11\\\/717aiamaja-ireen-13-9m-valguskatuse-osaga-0.jpg\",\"datePublished\":\"2026-03-11T22:57:04+00:00\",\"description\":\"freespalgist aiamaja valguskatusega\",\"breadcrumb\":{\"@id\":\"https:\\\/\\\/alekeskus.eu\\\/tuote\\\/vierasmaja-ireen-139-kennokatolla-alekeskus\\\/#breadcrumb\"},\"inLanguage\":\"et\",\"potentialAction\":[{\"@type\":\"ReadAction\",\"target\":[\"https:\\\/\\\/alekeskus.eu\\\/tuote\\\/vierasmaja-ireen-139-kennokatolla-alekeskus\\\/\"]}]},{\"@type\":\"ImageObject\",\"inLanguage\":\"et\",\"@id\":\"https:\\\/\\\/alekeskus.eu\\\/tuote\\\/vierasmaja-ireen-139-kennokatolla-alekeskus\\\/#primaryimage\",\"url\":\"https:\\\/\\\/alekeskus.eu\\\/wp-content\\\/uploads\\\/2021\\\/11\\\/717aiamaja-ireen-13-9m-valguskatuse-osaga-0.jpg\",\"contentUrl\":\"https:\\\/\\\/alekeskus.eu\\\/wp-content\\\/uploads\\\/2021\\\/11\\\/717aiamaja-ireen-13-9m-valguskatuse-osaga-0.jpg\",\"width\":900,\"height\":598},{\"@type\":\"BreadcrumbList\",\"@id\":\"https:\\\/\\\/alekeskus.eu\\\/tuote\\\/vierasmaja-ireen-139-kennokatolla-alekeskus\\\/#breadcrumb\",\"itemListElement\":[{\"@type\":\"ListItem\",\"position\":1,\"name\":\"Avaleht\",\"item\":\"https:\\\/\\\/alekeskus.eu\\\/et\\\/\"},{\"@type\":\"ListItem\",\"position\":2,\"name\":\"Pood\",\"item\":\"https:\\\/\\\/alekeskus.eu\\\/pood\\\/\"},{\"@type\":\"ListItem\",\"position\":3,\"name\":\"Aiamaja Ireen 13,9 m\u00b2 valguskatusega L\u00d5PUM\u00dc\u00dcK !\"}]},{\"@type\":\"WebSite\",\"@id\":\"https:\\\/\\\/alekeskus.eu\\\/#website\",\"url\":\"https:\\\/\\\/alekeskus.eu\\\/\",\"name\":\"Alekeskus\",\"description\":\"Alekeskus.eu\",\"potentialAction\":[{\"@type\":\"SearchAction\",\"target\":{\"@type\":\"EntryPoint\",\"urlTemplate\":\"https:\\\/\\\/alekeskus.eu\\\/?s={search_term_string}\"},\"query-input\":{\"@type\":\"PropertyValueSpecification\",\"valueRequired\":true,\"valueName\":\"search_term_string\"}}],\"inLanguage\":\"et\"}]}<\/script>\n<!-- \/ Yoast SEO plugin. -->","yoast_head_json":{"title":"Aiamaja Ireen 13,9 m\u00b2 valguskatusega L\u00d5PUM\u00dc\u00dcK ! - Alekeskus","description":"freespalgist aiamaja valguskatusega","robots":{"index":"index","follow":"follow","max-snippet":"max-snippet:-1","max-image-preview":"max-image-preview:large","max-video-preview":"max-video-preview:-1"},"canonical":"https:\/\/alekeskus.eu\/tuote\/vierasmaja-ireen-139-kennokatolla-alekeskus\/","og_locale":"et_EE","og_type":"article","og_title":"Aiamaja Ireen 13,9 m\u00b2 valguskatusega L\u00d5PUM\u00dc\u00dcK ! - Alekeskus","og_description":"freespalgist aiamaja valguskatusega","og_url":"https:\/\/alekeskus.eu\/tuote\/vierasmaja-ireen-139-kennokatolla-alekeskus\/","og_site_name":"Alekeskus","og_image":[{"width":900,"height":598,"url":"https:\/\/alekeskus.eu\/wp-content\/uploads\/2021\/11\/717aiamaja-ireen-13-9m-valguskatuse-osaga-0.jpg","type":"image\/jpeg"}],"twitter_card":"summary_large_image","twitter_misc":{"Est. reading time":"1 minut"},"schema":{"@context":"https:\/\/schema.org","@graph":[{"@type":"WebPage","@id":"https:\/\/alekeskus.eu\/tuote\/vierasmaja-ireen-139-kennokatolla-alekeskus\/","url":"https:\/\/alekeskus.eu\/tuote\/vierasmaja-ireen-139-kennokatolla-alekeskus\/","name":"Aiamaja Ireen 13,9 m\u00b2 valguskatusega L\u00d5PUM\u00dc\u00dcK ! - Alekeskus","isPartOf":{"@id":"https:\/\/alekeskus.eu\/#website"},"primaryImageOfPage":{"@id":"https:\/\/alekeskus.eu\/tuote\/vierasmaja-ireen-139-kennokatolla-alekeskus\/#primaryimage"},"image":{"@id":"https:\/\/alekeskus.eu\/tuote\/vierasmaja-ireen-139-kennokatolla-alekeskus\/#primaryimage"},"thumbnailUrl":"https:\/\/alekeskus.eu\/wp-content\/uploads\/2021\/11\/717aiamaja-ireen-13-9m-valguskatuse-osaga-0.jpg","datePublished":"2026-03-11T22:57:04+00:00","description":"freespalgist aiamaja valguskatusega","breadcrumb":{"@id":"https:\/\/alekeskus.eu\/tuote\/vierasmaja-ireen-139-kennokatolla-alekeskus\/#breadcrumb"},"inLanguage":"et","potentialAction":[{"@type":"ReadAction","target":["https:\/\/alekeskus.eu\/tuote\/vierasmaja-ireen-139-kennokatolla-alekeskus\/"]}]},{"@type":"ImageObject","inLanguage":"et","@id":"https:\/\/alekeskus.eu\/tuote\/vierasmaja-ireen-139-kennokatolla-alekeskus\/#primaryimage","url":"https:\/\/alekeskus.eu\/wp-content\/uploads\/2021\/11\/717aiamaja-ireen-13-9m-valguskatuse-osaga-0.jpg","contentUrl":"https:\/\/alekeskus.eu\/wp-content\/uploads\/2021\/11\/717aiamaja-ireen-13-9m-valguskatuse-osaga-0.jpg","width":900,"height":598},{"@type":"BreadcrumbList","@id":"https:\/\/alekeskus.eu\/tuote\/vierasmaja-ireen-139-kennokatolla-alekeskus\/#breadcrumb","itemListElement":[{"@type":"ListItem","position":1,"name":"Avaleht","item":"https:\/\/alekeskus.eu\/et\/"},{"@type":"ListItem","position":2,"name":"Pood","item":"https:\/\/alekeskus.eu\/pood\/"},{"@type":"ListItem","position":3,"name":"Aiamaja Ireen 13,9 m\u00b2 valguskatusega L\u00d5PUM\u00dc\u00dcK !"}]},{"@type":"WebSite","@id":"https:\/\/alekeskus.eu\/#website","url":"https:\/\/alekeskus.eu\/","name":"Alekeskus","description":"Alekeskus.eu","potentialAction":[{"@type":"SearchAction","target":{"@type":"EntryPoint","urlTemplate":"https:\/\/alekeskus.eu\/?s={search_term_string}"},"query-input":{"@type":"PropertyValueSpecification","valueRequired":true,"valueName":"search_term_string"}}],"inLanguage":"et"}]}},"brands":[{"id":18577,"name":"Eesti","slug":"eesti"}],"_links":{"self":[{"href":"https:\/\/alekeskus.eu\/et\/wp-json\/wp\/v2\/product\/69293","targetHints":{"allow":["GET"]}}],"collection":[{"href":"https:\/\/alekeskus.eu\/et\/wp-json\/wp\/v2\/product"}],"about":[{"href":"https:\/\/alekeskus.eu\/et\/wp-json\/wp\/v2\/types\/product"}],"wp:featuredmedia":[{"embeddable":true,"href":"https:\/\/alekeskus.eu\/et\/wp-json\/wp\/v2\/media\/69279"}],"wp:attachment":[{"href":"https:\/\/alekeskus.eu\/et\/wp-json\/wp\/v2\/media?parent=69293"}],"wp:term":[{"taxonomy":"pwb-brand","embeddable":true,"href":"https:\/\/alekeskus.eu\/et\/wp-json\/wp\/v2\/pwb-brand?post=69293"},{"taxonomy":"product_brand","embeddable":true,"href":"https:\/\/alekeskus.eu\/et\/wp-json\/wp\/v2\/product_brand?post=69293"},{"taxonomy":"product_cat","embeddable":true,"href":"https:\/\/alekeskus.eu\/et\/wp-json\/wp\/v2\/product_cat?post=69293"},{"taxonomy":"product_tag","embeddable":true,"href":"https:\/\/alekeskus.eu\/et\/wp-json\/wp\/v2\/product_tag?post=69293"}],"curies":[{"name":"wp","href":"https:\/\/api.w.org\/{rel}","templated":true}]}}