{"id":69779,"date":"2023-11-12T05:07:39","date_gmt":"2023-11-12T05:07:39","guid":{"rendered":"http:\/\/alekeskus.eu\/product\/garaaz-roger-21952m%c2%b2\/"},"modified":"2026-01-20T15:20:02","modified_gmt":"2026-01-20T15:20:02","slug":"garaazh-reigo-21952-alekeskus","status":"publish","type":"product","link":"https:\/\/alekeskus.eu\/et\/toode\/garaazh-reigo-21952-alekeskus\/","title":{"rendered":"Garaa\u017e Reigo 21,9+5,2 m\u00b2 ilma autov\u00e4ravata"},"content":{"rendered":"<p><strong>Telli juurde:<\/strong><\/p>\n<p><strong>&#8211; bituumensindel 14 pakki\u00a0<\/strong><\/p>\n<p><strong>&#8211; SBS rullkatusekate 7 rulli\u00a0 v\u00f5i ajutine katusepapp 7 rulli\u00a0<\/strong><\/p>\n<p><strong>&#8211; puukaitsega t\u00f6\u00f6delduna<\/strong>\u00a0<img decoding=\"async\" class=\"\" src=\"https:\/\/www.palmako.ee\/sites\/default\/files\/styles\/product_list_item\/public\/2020-06\/BNDIP.jpg?itok=_LQkkeHM\" width=\"66\" height=\"66\" \/> <img decoding=\"async\" class=\"\" src=\"https:\/\/www.palmako.ee\/sites\/default\/files\/styles\/product_list_item\/public\/2020-06\/GYDIP.jpg?itok=RrYf7KTV\" width=\"66\" height=\"66\" \/> <img decoding=\"async\" class=\"\" src=\"https:\/\/www.palmako.ee\/sites\/default\/files\/styles\/product_list_item\/public\/2020-06\/WTDIP.jpg?itok=D9U46coI\" width=\"67\" height=\"67\" \/><\/p>\n<div class=\"pictogram qtip-additional-element\">\n<div class=\"image\">\n<div class=\"pictogram qtip-additional-element\">\n<div class=\"image\">Pakend: 6,0&#215;1,2&#215;0,8 m;\u00a0 kaal 1865 kg<\/div>\n<div>Paigaldusohje: <a href=\"https:\/\/alekeskus.eu\/wp-content\/uploads\/2022\/11\/Roger21952kit-ohje.pdf\">Roger21,9+5,2kit ohje<\/a><\/div>\n<\/div>\n<div class=\"pictogram qtip-additional-element\"><\/div>\n<\/div>\n<\/div>\n","protected":false},"excerpt":{"rendered":"<p>V\u00e4lism\u00f5\u00f5dud: <strong>510 x 550 cm<\/strong>.<\/p>\n<p><strong>TASUTA VEDU JA MAHALAADIMINE(ka suursaartel)!<\/strong><\/p>\n<ul>\n<li>tuuletapiga ja tormitugevdustega freespalksein <strong>44 mm<\/strong><\/li>\n<li>seina k\u00f5rgus 228 cm ja harja k\u00f5rgus 321 cm<\/li>\n<li>immutatud alusprussid 60 x 80 mm<\/li>\n<li>liimpuidust p\u00e4rlinid 60 x 200 mm;\u00a0punnitud katuselauad 19 x89 mm<\/li>\n<li>jalguks pakettklaasiga 73 x 175 cm; liimpuidust ukseleng kummitihendiga; madal metalliga kaetud l\u00e4vepakk<\/li>\n<li>avatav aken 78 x 89 cm; pakettklaas 3-6-3 mm, liimpuidust leng kummitihendiga<\/li>\n<li>katusekate (kulu 7 rulli katusepappi\/SBS-bituumenist rullkatet v\u00f5i 14 pakki bituumensindlit) ei sisaldu hinnas<\/li>\n<li>garaa\u017eiuks ei sisaldu hinnas (t\u00f5steukse v\u00f5i puitv\u00e4ravaga saadaval eraldi garaa\u017eimallid)<\/li>\n<li>tellitav puidukaitsevahendisse kastetuna +1200\u20ac (pruun, hall v\u00f5i valkjas, tellimisaeg pikem 2-4 n\u00e4dalat) <img decoding=\"async\" class=\"\" src=\"https:\/\/www.palmako.ee\/sites\/default\/files\/styles\/product_list_item\/public\/2020-06\/BNDIP.jpg?itok=_LQkkeHM\" width=\"66\" height=\"66\" \/> <img decoding=\"async\" class=\"\" src=\"https:\/\/www.palmako.ee\/sites\/default\/files\/styles\/product_list_item\/public\/2020-06\/GYDIP.jpg?itok=RrYf7KTV\" width=\"66\" height=\"66\" \/>\u00a0<img decoding=\"async\" class=\"\" src=\"https:\/\/www.palmako.ee\/sites\/default\/files\/styles\/product_list_item\/public\/2020-06\/WTDIP.jpg?itok=D9U46coI\" width=\"67\" height=\"67\" \/><\/li>\n<li>kinnitusvahendid ja koosteohje<\/li>\n<li>peegelpildis p\u00fcstitatav<\/li>\n<li>ilmastikukindel pakend<\/li>\n<li>Eesti toode<\/li>\n<\/ul>\n<p>K\u00fcsi ka paigaldust!<\/p>\n","protected":false},"featured_media":81983,"template":"","meta":{"_monsterinsights_skip_tracking":false,"_monsterinsights_sitenote_active":false,"_monsterinsights_sitenote_note":"","_monsterinsights_sitenote_category":0},"pwb-brand":[],"product_brand":[],"product_cat":[13540,13598,13600],"product_tag":[15633,15683,15706,14183,18852,14225,18871,14264,14615],"class_list":{"0":"post-69779","1":"product","2":"type-product","3":"status-publish","4":"has-post-thumbnail","6":"product_cat-hooned-alekeskus","7":"product_cat-garaazid","8":"product_cat-kuurid-aidad-kioskid","9":"product_tag-garaazh","10":"product_tag-tall","11":"product_tag-abihoone","12":"product_tag-auto","13":"product_tag-tehnikakuur","14":"product_tag-garaaz","15":"product_tag-freespalkabihoone","16":"product_tag-aiakuur","17":"product_tag-varav","18":"product_shipping_class-tasuta-transport-alates-1000kg","19":"pa_garantii-5-aastat","20":"pa_kohaletoimetamine-tasuta-mandri-eestis-ja-suursaartel-soome-alates-699e","21":"pa_laoasukoht-tartumaa","22":"pa_pindalam-18038","23":"pa_seinapaksus-17405","24":"pa_tellimisaeg-tilausaika-alekeskus","25":"pa_varv-valkjas-puidukaitse","26":"pa_varv-viimistlemata","27":"pa_varv-pruunikas-puidukaitse","28":"pa_varv-hallikas-puidukaitse","29":"pa_veame-eesti-ja-soome","31":"first","32":"instock","33":"taxable","34":"shipping-taxable","35":"purchasable","36":"product-type-variable","37":"has-default-attributes"},"yoast_head":"<!-- This site is optimized with the Yoast SEO plugin v27.3 - https:\/\/yoast.com\/product\/yoast-seo-wordpress\/ -->\n<title>Garaa\u017e Reigo 21,9+5,2 m\u00b2 ilma autov\u00e4ravata - Alekeskus<\/title>\n<meta name=\"description\" content=\"garaazh varjualusega\" \/>\n<meta name=\"robots\" content=\"index, follow, max-snippet:-1, max-image-preview:large, max-video-preview:-1\" \/>\n<link rel=\"canonical\" href=\"https:\/\/alekeskus.eu\/toode\/garaazh-reigo-21952-alekeskus\/\" \/>\n<meta property=\"og:locale\" content=\"et_EE\" \/>\n<meta property=\"og:type\" content=\"article\" \/>\n<meta property=\"og:title\" content=\"Garaa\u017e Reigo 21,9+5,2 m\u00b2 ilma autov\u00e4ravata - Alekeskus\" \/>\n<meta property=\"og:description\" content=\"garaazh varjualusega\" \/>\n<meta property=\"og:url\" content=\"https:\/\/alekeskus.eu\/toode\/garaazh-reigo-21952-alekeskus\/\" \/>\n<meta property=\"og:site_name\" content=\"Alekeskus\" \/>\n<meta property=\"article:modified_time\" content=\"2026-01-20T15:20:02+00:00\" \/>\n<meta property=\"og:image\" content=\"https:\/\/alekeskus.eu\/wp-content\/uploads\/2022\/11\/Roger_21.95.2-puuvalmis-aias-scaled.jpg\" \/>\n\t<meta property=\"og:image:width\" content=\"1600\" \/>\n\t<meta property=\"og:image:height\" content=\"1067\" \/>\n\t<meta property=\"og:image:type\" content=\"image\/jpeg\" \/>\n<meta name=\"twitter:card\" content=\"summary_large_image\" \/>\n<meta name=\"twitter:label1\" content=\"Est. reading time\" \/>\n\t<meta name=\"twitter:data1\" content=\"1 minut\" \/>\n<script type=\"application\/ld+json\" class=\"yoast-schema-graph\">{\"@context\":\"https:\\\/\\\/schema.org\",\"@graph\":[{\"@type\":\"WebPage\",\"@id\":\"https:\\\/\\\/alekeskus.eu\\\/toode\\\/garaazh-reigo-21952-alekeskus\\\/\",\"url\":\"https:\\\/\\\/alekeskus.eu\\\/toode\\\/garaazh-reigo-21952-alekeskus\\\/\",\"name\":\"Garaa\u017e Reigo 21,9+5,2 m\u00b2 ilma autov\u00e4ravata - Alekeskus\",\"isPartOf\":{\"@id\":\"https:\\\/\\\/alekeskus.eu\\\/#website\"},\"primaryImageOfPage\":{\"@id\":\"https:\\\/\\\/alekeskus.eu\\\/toode\\\/garaazh-reigo-21952-alekeskus\\\/#primaryimage\"},\"image\":{\"@id\":\"https:\\\/\\\/alekeskus.eu\\\/toode\\\/garaazh-reigo-21952-alekeskus\\\/#primaryimage\"},\"thumbnailUrl\":\"https:\\\/\\\/alekeskus.eu\\\/wp-content\\\/uploads\\\/2022\\\/11\\\/Roger_21.95.2-puuvalmis-aias-scaled.jpg\",\"datePublished\":\"2023-11-12T05:07:39+00:00\",\"dateModified\":\"2026-01-20T15:20:02+00:00\",\"description\":\"garaazh varjualusega\",\"breadcrumb\":{\"@id\":\"https:\\\/\\\/alekeskus.eu\\\/toode\\\/garaazh-reigo-21952-alekeskus\\\/#breadcrumb\"},\"inLanguage\":\"et\",\"potentialAction\":[{\"@type\":\"ReadAction\",\"target\":[\"https:\\\/\\\/alekeskus.eu\\\/toode\\\/garaazh-reigo-21952-alekeskus\\\/\"]}]},{\"@type\":\"ImageObject\",\"inLanguage\":\"et\",\"@id\":\"https:\\\/\\\/alekeskus.eu\\\/toode\\\/garaazh-reigo-21952-alekeskus\\\/#primaryimage\",\"url\":\"https:\\\/\\\/alekeskus.eu\\\/wp-content\\\/uploads\\\/2022\\\/11\\\/Roger_21.95.2-puuvalmis-aias-scaled.jpg\",\"contentUrl\":\"https:\\\/\\\/alekeskus.eu\\\/wp-content\\\/uploads\\\/2022\\\/11\\\/Roger_21.95.2-puuvalmis-aias-scaled.jpg\",\"width\":1600,\"height\":1067},{\"@type\":\"BreadcrumbList\",\"@id\":\"https:\\\/\\\/alekeskus.eu\\\/toode\\\/garaazh-reigo-21952-alekeskus\\\/#breadcrumb\",\"itemListElement\":[{\"@type\":\"ListItem\",\"position\":1,\"name\":\"Avaleht\",\"item\":\"https:\\\/\\\/alekeskus.eu\\\/et\\\/\"},{\"@type\":\"ListItem\",\"position\":2,\"name\":\"Pood\",\"item\":\"https:\\\/\\\/alekeskus.eu\\\/pood\\\/\"},{\"@type\":\"ListItem\",\"position\":3,\"name\":\"Garaa\u017e Reigo 21,9+5,2 m\u00b2 ilma autov\u00e4ravata\"}]},{\"@type\":\"WebSite\",\"@id\":\"https:\\\/\\\/alekeskus.eu\\\/#website\",\"url\":\"https:\\\/\\\/alekeskus.eu\\\/\",\"name\":\"Alekeskus\",\"description\":\"Alekeskus.eu\",\"potentialAction\":[{\"@type\":\"SearchAction\",\"target\":{\"@type\":\"EntryPoint\",\"urlTemplate\":\"https:\\\/\\\/alekeskus.eu\\\/?s={search_term_string}\"},\"query-input\":{\"@type\":\"PropertyValueSpecification\",\"valueRequired\":true,\"valueName\":\"search_term_string\"}}],\"inLanguage\":\"et\"}]}<\/script>\n<!-- \/ Yoast SEO plugin. -->","yoast_head_json":{"title":"Garaa\u017e Reigo 21,9+5,2 m\u00b2 ilma autov\u00e4ravata - Alekeskus","description":"garaazh varjualusega","robots":{"index":"index","follow":"follow","max-snippet":"max-snippet:-1","max-image-preview":"max-image-preview:large","max-video-preview":"max-video-preview:-1"},"canonical":"https:\/\/alekeskus.eu\/toode\/garaazh-reigo-21952-alekeskus\/","og_locale":"et_EE","og_type":"article","og_title":"Garaa\u017e Reigo 21,9+5,2 m\u00b2 ilma autov\u00e4ravata - Alekeskus","og_description":"garaazh varjualusega","og_url":"https:\/\/alekeskus.eu\/toode\/garaazh-reigo-21952-alekeskus\/","og_site_name":"Alekeskus","article_modified_time":"2026-01-20T15:20:02+00:00","og_image":[{"width":1600,"height":1067,"url":"https:\/\/alekeskus.eu\/wp-content\/uploads\/2022\/11\/Roger_21.95.2-puuvalmis-aias-scaled.jpg","type":"image\/jpeg"}],"twitter_card":"summary_large_image","twitter_misc":{"Est. reading time":"1 minut"},"schema":{"@context":"https:\/\/schema.org","@graph":[{"@type":"WebPage","@id":"https:\/\/alekeskus.eu\/toode\/garaazh-reigo-21952-alekeskus\/","url":"https:\/\/alekeskus.eu\/toode\/garaazh-reigo-21952-alekeskus\/","name":"Garaa\u017e Reigo 21,9+5,2 m\u00b2 ilma autov\u00e4ravata - Alekeskus","isPartOf":{"@id":"https:\/\/alekeskus.eu\/#website"},"primaryImageOfPage":{"@id":"https:\/\/alekeskus.eu\/toode\/garaazh-reigo-21952-alekeskus\/#primaryimage"},"image":{"@id":"https:\/\/alekeskus.eu\/toode\/garaazh-reigo-21952-alekeskus\/#primaryimage"},"thumbnailUrl":"https:\/\/alekeskus.eu\/wp-content\/uploads\/2022\/11\/Roger_21.95.2-puuvalmis-aias-scaled.jpg","datePublished":"2023-11-12T05:07:39+00:00","dateModified":"2026-01-20T15:20:02+00:00","description":"garaazh varjualusega","breadcrumb":{"@id":"https:\/\/alekeskus.eu\/toode\/garaazh-reigo-21952-alekeskus\/#breadcrumb"},"inLanguage":"et","potentialAction":[{"@type":"ReadAction","target":["https:\/\/alekeskus.eu\/toode\/garaazh-reigo-21952-alekeskus\/"]}]},{"@type":"ImageObject","inLanguage":"et","@id":"https:\/\/alekeskus.eu\/toode\/garaazh-reigo-21952-alekeskus\/#primaryimage","url":"https:\/\/alekeskus.eu\/wp-content\/uploads\/2022\/11\/Roger_21.95.2-puuvalmis-aias-scaled.jpg","contentUrl":"https:\/\/alekeskus.eu\/wp-content\/uploads\/2022\/11\/Roger_21.95.2-puuvalmis-aias-scaled.jpg","width":1600,"height":1067},{"@type":"BreadcrumbList","@id":"https:\/\/alekeskus.eu\/toode\/garaazh-reigo-21952-alekeskus\/#breadcrumb","itemListElement":[{"@type":"ListItem","position":1,"name":"Avaleht","item":"https:\/\/alekeskus.eu\/et\/"},{"@type":"ListItem","position":2,"name":"Pood","item":"https:\/\/alekeskus.eu\/pood\/"},{"@type":"ListItem","position":3,"name":"Garaa\u017e Reigo 21,9+5,2 m\u00b2 ilma autov\u00e4ravata"}]},{"@type":"WebSite","@id":"https:\/\/alekeskus.eu\/#website","url":"https:\/\/alekeskus.eu\/","name":"Alekeskus","description":"Alekeskus.eu","potentialAction":[{"@type":"SearchAction","target":{"@type":"EntryPoint","urlTemplate":"https:\/\/alekeskus.eu\/?s={search_term_string}"},"query-input":{"@type":"PropertyValueSpecification","valueRequired":true,"valueName":"search_term_string"}}],"inLanguage":"et"}]}},"brands":[],"_links":{"self":[{"href":"https:\/\/alekeskus.eu\/et\/wp-json\/wp\/v2\/product\/69779","targetHints":{"allow":["GET"]}}],"collection":[{"href":"https:\/\/alekeskus.eu\/et\/wp-json\/wp\/v2\/product"}],"about":[{"href":"https:\/\/alekeskus.eu\/et\/wp-json\/wp\/v2\/types\/product"}],"wp:featuredmedia":[{"embeddable":true,"href":"https:\/\/alekeskus.eu\/et\/wp-json\/wp\/v2\/media\/81983"}],"wp:attachment":[{"href":"https:\/\/alekeskus.eu\/et\/wp-json\/wp\/v2\/media?parent=69779"}],"wp:term":[{"taxonomy":"pwb-brand","embeddable":true,"href":"https:\/\/alekeskus.eu\/et\/wp-json\/wp\/v2\/pwb-brand?post=69779"},{"taxonomy":"product_brand","embeddable":true,"href":"https:\/\/alekeskus.eu\/et\/wp-json\/wp\/v2\/product_brand?post=69779"},{"taxonomy":"product_cat","embeddable":true,"href":"https:\/\/alekeskus.eu\/et\/wp-json\/wp\/v2\/product_cat?post=69779"},{"taxonomy":"product_tag","embeddable":true,"href":"https:\/\/alekeskus.eu\/et\/wp-json\/wp\/v2\/product_tag?post=69779"}],"curies":[{"name":"wp","href":"https:\/\/api.w.org\/{rel}","templated":true}]}}