{"id":69849,"date":"2025-12-12T05:08:03","date_gmt":"2025-12-12T05:08:03","guid":{"rendered":"http:\/\/alekeskus.eu\/product\/garaaz-roger-21952m%c2%b2-tosteuksega\/"},"modified":"2026-01-20T13:49:25","modified_gmt":"2026-01-20T13:49:25","slug":"garaaz-reigo-21952-tosteuksega-alekeskus","status":"publish","type":"product","link":"https:\/\/alekeskus.eu\/et\/toode\/garaaz-reigo-21952-tosteuksega-alekeskus\/","title":{"rendered":"Garaa\u017e Reigo 21,9+5,2 m\u00b2 t\u00f5steuksega"},"content":{"rendered":"<p><strong>Telli juurde:<\/strong><\/p>\n<ul>\n<li><strong>7 rulli katusepappi v\u00f5i SBS-bituumenkatet<\/strong><\/li>\n<li><strong>bituumensindel 14 pakki<\/strong><\/li>\n<li><strong>vihmaveerennid\u00a0<\/strong><\/li>\n<li><strong>kastmine puidukaitsevahendisse: <\/strong><strong><strong><strong>pruun<strong>, hall, valge\u00a0<\/strong><\/strong><\/strong><\/strong><\/li>\n<\/ul>\n<div class=\"pictogram qtip-additional-element\">\n<div class=\"image\">\n<div class=\"pictogram qtip-additional-element\">\n<div class=\"image\">\n<div class=\"pictogram qtip-additional-element\">Pakend: 6,0&#215;1,2&#215;0,8 m ja 2,3&#215;0,4&#215;0,8 m, kaal 2000 kg<\/div>\n<div>Paigaldusohje: <a href=\"https:\/\/alekeskus.eu\/wp-content\/uploads\/2021\/11\/Roger21952tosteuksega-ohje.pdf\">Roger21,9+5,2t\u00f5steuksega ohje<\/a><\/div>\n<div class=\"pictogram qtip-additional-element\"><\/div>\n<\/div>\n<\/div>\n<\/div>\n<\/div>\n","protected":false},"excerpt":{"rendered":"<p>V\u00e4lism\u00f5\u00f5dud:\u00a0<strong>5,1 x 5,5 m. <\/strong>Harja k\u00f5rgus<strong> 321 cm, <\/strong>seina k\u00f5rgus<strong> 228 cm.\u00a0<\/strong><\/p>\n<p><strong>TASUTA VEDU JA MAHALAADIMINE(ka suursaartel)!<\/strong><\/p>\n<ul>\n<li>tuuletapiga\u00a0<strong>freespalk<\/strong> <strong>44\u00a0mm,<\/strong>\u00a0tormikinnitused<\/li>\n<li>katuse kalle 19\u00b0, katuse pindala 36 m<sup>2<\/sup><\/li>\n<li>punniga katuselauad 19 x 89 mm; liimpuidust katusetalad 60 x 200 mm<\/li>\n<li>avatav aken 78 x 89 cm pakettklaasiga 3-6-3 mm; kummitihendid<\/li>\n<li>jalguks pakettklaasiga ja silinderlukuga 73 x 175 cm; liimpuidust kummitihenditega ukseleng; madal metalliga kaetud l\u00e4vepakk<\/li>\n<li>lukuga t\u00f5steuks 221 x 188 cm (lengi m\u00f5\u00f5t 225 x 200 cm)<\/li>\n<li>saadaval ka ilma t\u00f5steukseta v\u00f5i puidust v\u00e4ravaga (vt eraldi garaa\u017ee)<\/li>\n<li>immutatud sokliprussid 60 x 80 mm; p\u00f5randalaudu ei ole<\/li>\n<li>katusekate lisahinnaga(tarve 14 pakki bituumensindlit, 7 rulli ajutist katusepappi v\u00f5i SBS-bituumenist rullkatet)<\/li>\n<li>tellitav puidukaitsevahendisse kastetuna +1200\u20ac (pruun, hall v\u00f5i valkjas), tellimisaeg 2-4 n\u00e4dalat pikem<strong>\u00a0<img decoding=\"async\" class=\"\" src=\"https:\/\/www.palmako.ee\/sites\/default\/files\/styles\/product_list_item\/public\/2020-06\/BNDIP.jpg?itok=_LQkkeHM\" width=\"66\" height=\"66\" \/><img decoding=\"async\" class=\"\" src=\"https:\/\/www.palmako.ee\/sites\/default\/files\/styles\/product_list_item\/public\/2020-06\/GYDIP.jpg?itok=RrYf7KTV\" width=\"66\" height=\"66\" \/><img decoding=\"async\" class=\"\" src=\"https:\/\/www.palmako.ee\/sites\/default\/files\/styles\/product_list_item\/public\/2020-06\/WTDIP.jpg?itok=D9U46coI\" width=\"67\" height=\"67\" \/><\/strong><\/li>\n<li>tehase garantii 5 aastat<\/li>\n<li>kinnitusvahendid, koostejuhend<\/li>\n<li>peegelpildis p\u00fcstitatav<\/li>\n<li>ilmastikukindel pakend<\/li>\n<li>Eesti toode<\/li>\n<\/ul>\n<p>K\u00fcsi ka paigaldust!<\/p>\n","protected":false},"featured_media":96959,"template":"","meta":{"_monsterinsights_skip_tracking":false,"_monsterinsights_sitenote_active":false,"_monsterinsights_sitenote_note":"","_monsterinsights_sitenote_category":0},"pwb-brand":[18577],"product_brand":[],"product_cat":[13540,13598,13600],"product_tag":[15633,15683,15706,15842,18031,14225,14264,18852,18871],"class_list":{"0":"post-69849","1":"product","2":"type-product","3":"status-publish","4":"has-post-thumbnail","6":"pwb-brand-eesti","7":"product_cat-hooned-alekeskus","8":"product_cat-garaazid","9":"product_cat-kuurid-aidad-kioskid","10":"product_tag-garaazh","11":"product_tag-tall","12":"product_tag-abihoone","13":"product_tag-tooriistakuur","14":"product_tag-freespalkgaraazh","15":"product_tag-garaaz","16":"product_tag-aiakuur","17":"product_tag-tehnikakuur","18":"product_tag-freespalkabihoone","19":"product_shipping_class-tasuta-transport-alates-1000kg","20":"pa_garantii-5-aastat","21":"pa_kohaletoimetamine-tasuta-mandri-eestis-ja-suursaartel-soome-alates-699e","22":"pa_laoasukoht-tartumaa","23":"pa_pindalam-15412","24":"pa_seinapaksus-17405","25":"pa_tellimisaeg-tilausaika-alekeskus","26":"pa_varv-pruunikas-puidukaitse","27":"pa_varv-hallikas-puidukaitse","28":"pa_varv-valkjas-puidukaitse","29":"pa_varv-viimistlemata","30":"pa_veame-eesti-ja-soome","32":"first","33":"instock","34":"taxable","35":"shipping-taxable","36":"purchasable","37":"product-type-variable","38":"has-default-attributes"},"yoast_head":"<!-- This site is optimized with the Yoast SEO plugin v27.3 - https:\/\/yoast.com\/product\/yoast-seo-wordpress\/ -->\n<title>Garaa\u017e Reigo 21,9+5,2 m\u00b2 t\u00f5steuksega - Alekeskus<\/title>\n<meta name=\"description\" content=\"garaazh t\u00f5steuksega ja varjualusega\" \/>\n<meta name=\"robots\" content=\"index, follow, max-snippet:-1, max-image-preview:large, max-video-preview:-1\" \/>\n<link rel=\"canonical\" href=\"https:\/\/alekeskus.eu\/toode\/garaaz-reigo-21952-tosteuksega-alekeskus\/\" \/>\n<meta property=\"og:locale\" content=\"et_EE\" \/>\n<meta property=\"og:type\" content=\"article\" \/>\n<meta property=\"og:title\" content=\"Garaa\u017e Reigo 21,9+5,2 m\u00b2 t\u00f5steuksega - Alekeskus\" \/>\n<meta property=\"og:description\" content=\"garaazh t\u00f5steuksega ja varjualusega\" \/>\n<meta property=\"og:url\" content=\"https:\/\/alekeskus.eu\/toode\/garaaz-reigo-21952-tosteuksega-alekeskus\/\" \/>\n<meta property=\"og:site_name\" content=\"Alekeskus\" \/>\n<meta property=\"article:modified_time\" content=\"2026-01-20T13:49:25+00:00\" \/>\n<meta property=\"og:image\" content=\"https:\/\/alekeskus.eu\/wp-content\/uploads\/2022\/11\/REIGO_21.95.2_m2_with_sectional_door_NATURAL_wb.jpg\" \/>\n\t<meta property=\"og:image:width\" content=\"1600\" \/>\n\t<meta property=\"og:image:height\" content=\"1200\" \/>\n\t<meta property=\"og:image:type\" content=\"image\/jpeg\" \/>\n<meta name=\"twitter:card\" content=\"summary_large_image\" \/>\n<meta name=\"twitter:label1\" content=\"Est. reading time\" \/>\n\t<meta name=\"twitter:data1\" content=\"1 minut\" \/>\n<script type=\"application\/ld+json\" class=\"yoast-schema-graph\">{\"@context\":\"https:\\\/\\\/schema.org\",\"@graph\":[{\"@type\":\"WebPage\",\"@id\":\"https:\\\/\\\/alekeskus.eu\\\/toode\\\/garaaz-reigo-21952-tosteuksega-alekeskus\\\/\",\"url\":\"https:\\\/\\\/alekeskus.eu\\\/toode\\\/garaaz-reigo-21952-tosteuksega-alekeskus\\\/\",\"name\":\"Garaa\u017e Reigo 21,9+5,2 m\u00b2 t\u00f5steuksega - Alekeskus\",\"isPartOf\":{\"@id\":\"https:\\\/\\\/alekeskus.eu\\\/#website\"},\"primaryImageOfPage\":{\"@id\":\"https:\\\/\\\/alekeskus.eu\\\/toode\\\/garaaz-reigo-21952-tosteuksega-alekeskus\\\/#primaryimage\"},\"image\":{\"@id\":\"https:\\\/\\\/alekeskus.eu\\\/toode\\\/garaaz-reigo-21952-tosteuksega-alekeskus\\\/#primaryimage\"},\"thumbnailUrl\":\"https:\\\/\\\/alekeskus.eu\\\/wp-content\\\/uploads\\\/2022\\\/11\\\/REIGO_21.95.2_m2_with_sectional_door_NATURAL_wb.jpg\",\"datePublished\":\"2025-12-12T05:08:03+00:00\",\"dateModified\":\"2026-01-20T13:49:25+00:00\",\"description\":\"garaazh t\u00f5steuksega ja varjualusega\",\"breadcrumb\":{\"@id\":\"https:\\\/\\\/alekeskus.eu\\\/toode\\\/garaaz-reigo-21952-tosteuksega-alekeskus\\\/#breadcrumb\"},\"inLanguage\":\"et\",\"potentialAction\":[{\"@type\":\"ReadAction\",\"target\":[\"https:\\\/\\\/alekeskus.eu\\\/toode\\\/garaaz-reigo-21952-tosteuksega-alekeskus\\\/\"]}]},{\"@type\":\"ImageObject\",\"inLanguage\":\"et\",\"@id\":\"https:\\\/\\\/alekeskus.eu\\\/toode\\\/garaaz-reigo-21952-tosteuksega-alekeskus\\\/#primaryimage\",\"url\":\"https:\\\/\\\/alekeskus.eu\\\/wp-content\\\/uploads\\\/2022\\\/11\\\/REIGO_21.95.2_m2_with_sectional_door_NATURAL_wb.jpg\",\"contentUrl\":\"https:\\\/\\\/alekeskus.eu\\\/wp-content\\\/uploads\\\/2022\\\/11\\\/REIGO_21.95.2_m2_with_sectional_door_NATURAL_wb.jpg\",\"width\":1600,\"height\":1200},{\"@type\":\"BreadcrumbList\",\"@id\":\"https:\\\/\\\/alekeskus.eu\\\/toode\\\/garaaz-reigo-21952-tosteuksega-alekeskus\\\/#breadcrumb\",\"itemListElement\":[{\"@type\":\"ListItem\",\"position\":1,\"name\":\"Avaleht\",\"item\":\"https:\\\/\\\/alekeskus.eu\\\/et\\\/\"},{\"@type\":\"ListItem\",\"position\":2,\"name\":\"Pood\",\"item\":\"https:\\\/\\\/alekeskus.eu\\\/pood\\\/\"},{\"@type\":\"ListItem\",\"position\":3,\"name\":\"Garaa\u017e Reigo 21,9+5,2 m\u00b2 t\u00f5steuksega\"}]},{\"@type\":\"WebSite\",\"@id\":\"https:\\\/\\\/alekeskus.eu\\\/#website\",\"url\":\"https:\\\/\\\/alekeskus.eu\\\/\",\"name\":\"Alekeskus\",\"description\":\"Alekeskus.eu\",\"potentialAction\":[{\"@type\":\"SearchAction\",\"target\":{\"@type\":\"EntryPoint\",\"urlTemplate\":\"https:\\\/\\\/alekeskus.eu\\\/?s={search_term_string}\"},\"query-input\":{\"@type\":\"PropertyValueSpecification\",\"valueRequired\":true,\"valueName\":\"search_term_string\"}}],\"inLanguage\":\"et\"}]}<\/script>\n<!-- \/ Yoast SEO plugin. -->","yoast_head_json":{"title":"Garaa\u017e Reigo 21,9+5,2 m\u00b2 t\u00f5steuksega - Alekeskus","description":"garaazh t\u00f5steuksega ja varjualusega","robots":{"index":"index","follow":"follow","max-snippet":"max-snippet:-1","max-image-preview":"max-image-preview:large","max-video-preview":"max-video-preview:-1"},"canonical":"https:\/\/alekeskus.eu\/toode\/garaaz-reigo-21952-tosteuksega-alekeskus\/","og_locale":"et_EE","og_type":"article","og_title":"Garaa\u017e Reigo 21,9+5,2 m\u00b2 t\u00f5steuksega - Alekeskus","og_description":"garaazh t\u00f5steuksega ja varjualusega","og_url":"https:\/\/alekeskus.eu\/toode\/garaaz-reigo-21952-tosteuksega-alekeskus\/","og_site_name":"Alekeskus","article_modified_time":"2026-01-20T13:49:25+00:00","og_image":[{"width":1600,"height":1200,"url":"https:\/\/alekeskus.eu\/wp-content\/uploads\/2022\/11\/REIGO_21.95.2_m2_with_sectional_door_NATURAL_wb.jpg","type":"image\/jpeg"}],"twitter_card":"summary_large_image","twitter_misc":{"Est. reading time":"1 minut"},"schema":{"@context":"https:\/\/schema.org","@graph":[{"@type":"WebPage","@id":"https:\/\/alekeskus.eu\/toode\/garaaz-reigo-21952-tosteuksega-alekeskus\/","url":"https:\/\/alekeskus.eu\/toode\/garaaz-reigo-21952-tosteuksega-alekeskus\/","name":"Garaa\u017e Reigo 21,9+5,2 m\u00b2 t\u00f5steuksega - Alekeskus","isPartOf":{"@id":"https:\/\/alekeskus.eu\/#website"},"primaryImageOfPage":{"@id":"https:\/\/alekeskus.eu\/toode\/garaaz-reigo-21952-tosteuksega-alekeskus\/#primaryimage"},"image":{"@id":"https:\/\/alekeskus.eu\/toode\/garaaz-reigo-21952-tosteuksega-alekeskus\/#primaryimage"},"thumbnailUrl":"https:\/\/alekeskus.eu\/wp-content\/uploads\/2022\/11\/REIGO_21.95.2_m2_with_sectional_door_NATURAL_wb.jpg","datePublished":"2025-12-12T05:08:03+00:00","dateModified":"2026-01-20T13:49:25+00:00","description":"garaazh t\u00f5steuksega ja varjualusega","breadcrumb":{"@id":"https:\/\/alekeskus.eu\/toode\/garaaz-reigo-21952-tosteuksega-alekeskus\/#breadcrumb"},"inLanguage":"et","potentialAction":[{"@type":"ReadAction","target":["https:\/\/alekeskus.eu\/toode\/garaaz-reigo-21952-tosteuksega-alekeskus\/"]}]},{"@type":"ImageObject","inLanguage":"et","@id":"https:\/\/alekeskus.eu\/toode\/garaaz-reigo-21952-tosteuksega-alekeskus\/#primaryimage","url":"https:\/\/alekeskus.eu\/wp-content\/uploads\/2022\/11\/REIGO_21.95.2_m2_with_sectional_door_NATURAL_wb.jpg","contentUrl":"https:\/\/alekeskus.eu\/wp-content\/uploads\/2022\/11\/REIGO_21.95.2_m2_with_sectional_door_NATURAL_wb.jpg","width":1600,"height":1200},{"@type":"BreadcrumbList","@id":"https:\/\/alekeskus.eu\/toode\/garaaz-reigo-21952-tosteuksega-alekeskus\/#breadcrumb","itemListElement":[{"@type":"ListItem","position":1,"name":"Avaleht","item":"https:\/\/alekeskus.eu\/et\/"},{"@type":"ListItem","position":2,"name":"Pood","item":"https:\/\/alekeskus.eu\/pood\/"},{"@type":"ListItem","position":3,"name":"Garaa\u017e Reigo 21,9+5,2 m\u00b2 t\u00f5steuksega"}]},{"@type":"WebSite","@id":"https:\/\/alekeskus.eu\/#website","url":"https:\/\/alekeskus.eu\/","name":"Alekeskus","description":"Alekeskus.eu","potentialAction":[{"@type":"SearchAction","target":{"@type":"EntryPoint","urlTemplate":"https:\/\/alekeskus.eu\/?s={search_term_string}"},"query-input":{"@type":"PropertyValueSpecification","valueRequired":true,"valueName":"search_term_string"}}],"inLanguage":"et"}]}},"brands":[{"id":18577,"name":"Eesti","slug":"eesti"}],"_links":{"self":[{"href":"https:\/\/alekeskus.eu\/et\/wp-json\/wp\/v2\/product\/69849","targetHints":{"allow":["GET"]}}],"collection":[{"href":"https:\/\/alekeskus.eu\/et\/wp-json\/wp\/v2\/product"}],"about":[{"href":"https:\/\/alekeskus.eu\/et\/wp-json\/wp\/v2\/types\/product"}],"wp:featuredmedia":[{"embeddable":true,"href":"https:\/\/alekeskus.eu\/et\/wp-json\/wp\/v2\/media\/96959"}],"wp:attachment":[{"href":"https:\/\/alekeskus.eu\/et\/wp-json\/wp\/v2\/media?parent=69849"}],"wp:term":[{"taxonomy":"pwb-brand","embeddable":true,"href":"https:\/\/alekeskus.eu\/et\/wp-json\/wp\/v2\/pwb-brand?post=69849"},{"taxonomy":"product_brand","embeddable":true,"href":"https:\/\/alekeskus.eu\/et\/wp-json\/wp\/v2\/product_brand?post=69849"},{"taxonomy":"product_cat","embeddable":true,"href":"https:\/\/alekeskus.eu\/et\/wp-json\/wp\/v2\/product_cat?post=69849"},{"taxonomy":"product_tag","embeddable":true,"href":"https:\/\/alekeskus.eu\/et\/wp-json\/wp\/v2\/product_tag?post=69849"}],"curies":[{"name":"wp","href":"https:\/\/api.w.org\/{rel}","templated":true}]}}