{"id":70009,"date":"2025-11-12T05:09:00","date_gmt":"2025-11-12T05:09:00","guid":{"rendered":"http:\/\/alekeskus.eu\/product\/garaaz-roger-277m%c2%b2-tosteuksega\/"},"modified":"2026-01-17T15:06:49","modified_gmt":"2026-01-17T15:06:49","slug":"garaaz-reigo277-tosteuksega-alekeskus","status":"publish","type":"product","link":"https:\/\/alekeskus.eu\/et\/toode\/garaaz-reigo277-tosteuksega-alekeskus\/","title":{"rendered":"Garaa\u017e Reigo 27,7 m\u00b2 t\u00f5steuksega, 70 mm sein"},"content":{"rendered":"<p><strong>Telli juurde:<\/strong><\/p>\n<p><strong>&#8211; bituumensindel 14 pakki\u00a0<\/strong><\/p>\n<p><strong>&#8211; ajutine katusepapp v\u00f5i SBS-bituumenkate 8 rulli<\/strong><\/p>\n<p>&#8211;\u00a0<strong>vihmaveerennid\u00a0 \u00a0<\/strong><\/p>\n<p>&#8211;\u00a0<strong>puidukaitsevahendisse kastmine: pruunikas, hallikas v\u00f5i valkjas<\/strong><\/p>\n<p><strong>&#8211; v\u00e4ljast v\u00e4rvituna: helehall, tumehall v\u00f5i valge<\/strong><\/p>\n<div class=\"pictogram qtip-additional-element\">\n<div class=\"image\">\u00a0Pakend: 6,0&#215;1,2&#215;0,7 m; 6,0&#215;1,2&#215;0,6 m; 2,3&#215;0,4&#215;0,7 m,\u00a0 kaal 2600 kg<\/div>\n<div>Paigaldusohje: <a href=\"https:\/\/alekeskus.eu\/wp-content\/uploads\/2022\/11\/Roger277TUohje.pdf\">Roger27,7TUohje<\/a><\/div>\n<\/div>\n","protected":false},"excerpt":{"rendered":"<p>V\u00e4lism\u00f5\u00f5dud:\u00a0<strong>5,4 x 5,4 m.\u00a0<\/strong>Harja k\u00f5rgus<strong>\u00a0312 cm,\u00a0<\/strong>seina k\u00f5rgus<strong>\u00a0230 cm.\u00a0<\/strong><\/p>\n<p><strong>TASUTA VEDU JA MAHALAADIMINE(ka suursaartel)!<\/strong><\/p>\n<ul>\n<li>tuuletapiga\u00a0<strong>freespalk<\/strong>\u00a0<strong>70\u00a0mm,<\/strong>\u00a0tormikinnitused<\/li>\n<li>r\u00e4\u00e4stas 29 cm, katuse kalle 16\u00b0, katuse pindala 38 m<sup>2<\/sup><\/li>\n<li>punniga katuselauad 19 x 90 mm, liimpuidust katusetalad 60 x 240 mm<\/li>\n<li>avatav pakettaken 117 x 92 cm<\/li>\n<li>pakettklaasiga uks 73 x 183 cm, liimpuidust ukseleng, metalliga uksek\u00fcnnis, silinderlukk<\/li>\n<li>lukuga t\u00f5steuks 221 x 188 cm (lengi m\u00f5\u00f5t 225 x 200 cm)<\/li>\n<li>saadaval ka puidust v\u00e4ravaga ja ilma (vt eraldi garaa\u017ee)<\/li>\n<li>immutatud sokliprussid 60 x 80 mm, p\u00f5randalaudu ei ole<\/li>\n<li>katusekate lisahinnaga(tarve 14 pakki bituumensindlit, 8 rulli ajutist katusepappi v\u00f5i kestvat SBS-bituumenkatet)<\/li>\n<li>tellitav puidukaitsevahendisse kastetuna +1700\u20ac (pruun, hall v\u00f5i valkjas)<strong><img decoding=\"async\" class=\"\" src=\"https:\/\/www.palmako.ee\/sites\/default\/files\/styles\/product_list_item\/public\/2020-06\/BNDIP.jpg?itok=_LQkkeHM\" width=\"66\" height=\"66\" \/><img decoding=\"async\" class=\"\" src=\"https:\/\/www.palmako.ee\/sites\/default\/files\/styles\/product_list_item\/public\/2020-06\/GYDIP.jpg?itok=RrYf7KTV\" width=\"66\" height=\"66\" \/><img decoding=\"async\" class=\"\" src=\"https:\/\/www.palmako.ee\/sites\/default\/files\/styles\/product_list_item\/public\/2020-06\/WTDIP.jpg?itok=D9U46coI\" width=\"67\" height=\"67\" \/> <\/strong>v\u00f5i v\u00e4ljast v\u00e4rvituna +2800\u20ac (helehall, tumehall v\u00f5i valge), tellimisaeg 2-4 n\u00e4dalat pikem<\/li>\n<li>tehase garantii 5 aastat<\/li>\n<li>kinnitusvahendid, koostejuhend<\/li>\n<li>ilmastikukindel pakend<\/li>\n<li>Eesti toode<\/li>\n<\/ul>\n<p>K\u00fcsi ka paigaldust!<\/p>\n","protected":false},"featured_media":96532,"template":"","meta":{"_monsterinsights_skip_tracking":false,"_monsterinsights_sitenote_active":false,"_monsterinsights_sitenote_note":"","_monsterinsights_sitenote_category":0},"pwb-brand":[],"product_brand":[],"product_cat":[13538,13540,13598,13600],"product_tag":[14229,18852,15633,15683,15706,13813,15744,13815,15842,13849],"class_list":{"0":"post-70009","1":"product","2":"type-product","3":"status-publish","4":"has-post-thumbnail","6":"product_cat-ale","7":"product_cat-hooned-alekeskus","8":"product_cat-garaazid","9":"product_cat-kuurid-aidad-kioskid","10":"product_tag-autotalli","11":"product_tag-tehnikakuur","12":"product_tag-garaazh","13":"product_tag-tall","14":"product_tag-abihoone","15":"product_tag-aiamaja","16":"product_tag-korvalhoone","17":"product_tag-kuur","18":"product_tag-tooriistakuur","19":"product_tag-shed","20":"product_shipping_class-tasuta-transport-alates-1000kg","21":"pa_garantii-5-aastat","22":"pa_kohaletoimetamine-tasuta-mandri-eestis-ja-suursaartel-soome-alates-699e","23":"pa_laoasukoht-tartumaa","24":"pa_pindalam-15417","25":"pa_seinapaksus-70-mm","26":"pa_tellimisaeg-tilausaika-alekeskus","27":"pa_varv-helehall-sein-valged-avataited-liistud","28":"pa_varv-pruunikas-puidukaitse","29":"pa_varv-tumehall-sein-valged-avataited-ja-liistud-alekeskus","30":"pa_varv-hallikas-puidukaitse","31":"pa_varv-valkjas-puidukaitse","32":"pa_varv-valge","33":"pa_varv-viimistlemata","34":"pa_veame-eesti-ja-soome","36":"first","37":"instock","38":"sale","39":"featured","40":"taxable","41":"shipping-taxable","42":"purchasable","43":"product-type-variable","44":"has-default-attributes"},"yoast_head":"<!-- This site is optimized with the Yoast SEO plugin v27.3 - https:\/\/yoast.com\/product\/yoast-seo-wordpress\/ -->\n<title>Garaa\u017e Reigo 27,7 m\u00b2 t\u00f5steuksega, 70 mm sein - Alekeskus<\/title>\n<meta name=\"description\" content=\"freespalkidest garaazh t\u00f5steuksega\" \/>\n<meta name=\"robots\" content=\"index, follow, max-snippet:-1, max-image-preview:large, max-video-preview:-1\" \/>\n<link rel=\"canonical\" href=\"https:\/\/alekeskus.eu\/toode\/garaaz-reigo277-tosteuksega-alekeskus\/\" \/>\n<meta property=\"og:locale\" content=\"et_EE\" \/>\n<meta property=\"og:type\" content=\"article\" \/>\n<meta property=\"og:title\" content=\"Garaa\u017e Reigo 27,7 m\u00b2 t\u00f5steuksega, 70 mm sein - Alekeskus\" \/>\n<meta property=\"og:description\" content=\"freespalkidest garaazh t\u00f5steuksega\" \/>\n<meta property=\"og:url\" content=\"https:\/\/alekeskus.eu\/toode\/garaaz-reigo277-tosteuksega-alekeskus\/\" \/>\n<meta property=\"og:site_name\" content=\"Alekeskus\" \/>\n<meta property=\"article:modified_time\" content=\"2026-01-17T15:06:49+00:00\" \/>\n<meta property=\"og:image\" content=\"https:\/\/alekeskus.eu\/wp-content\/uploads\/2024\/11\/Reigo_27.7_m2_with_sectional_door_NATURAL_wb.jpg\" \/>\n\t<meta property=\"og:image:width\" content=\"1600\" \/>\n\t<meta property=\"og:image:height\" content=\"1200\" \/>\n\t<meta property=\"og:image:type\" content=\"image\/jpeg\" \/>\n<meta name=\"twitter:card\" content=\"summary_large_image\" \/>\n<meta name=\"twitter:label1\" content=\"Est. reading time\" \/>\n\t<meta name=\"twitter:data1\" content=\"1 minut\" \/>\n<script type=\"application\/ld+json\" class=\"yoast-schema-graph\">{\"@context\":\"https:\\\/\\\/schema.org\",\"@graph\":[{\"@type\":\"WebPage\",\"@id\":\"https:\\\/\\\/alekeskus.eu\\\/toode\\\/garaaz-reigo277-tosteuksega-alekeskus\\\/\",\"url\":\"https:\\\/\\\/alekeskus.eu\\\/toode\\\/garaaz-reigo277-tosteuksega-alekeskus\\\/\",\"name\":\"Garaa\u017e Reigo 27,7 m\u00b2 t\u00f5steuksega, 70 mm sein - Alekeskus\",\"isPartOf\":{\"@id\":\"https:\\\/\\\/alekeskus.eu\\\/#website\"},\"primaryImageOfPage\":{\"@id\":\"https:\\\/\\\/alekeskus.eu\\\/toode\\\/garaaz-reigo277-tosteuksega-alekeskus\\\/#primaryimage\"},\"image\":{\"@id\":\"https:\\\/\\\/alekeskus.eu\\\/toode\\\/garaaz-reigo277-tosteuksega-alekeskus\\\/#primaryimage\"},\"thumbnailUrl\":\"https:\\\/\\\/alekeskus.eu\\\/wp-content\\\/uploads\\\/2024\\\/11\\\/Reigo_27.7_m2_with_sectional_door_NATURAL_wb.jpg\",\"datePublished\":\"2025-11-12T05:09:00+00:00\",\"dateModified\":\"2026-01-17T15:06:49+00:00\",\"description\":\"freespalkidest garaazh t\u00f5steuksega\",\"breadcrumb\":{\"@id\":\"https:\\\/\\\/alekeskus.eu\\\/toode\\\/garaaz-reigo277-tosteuksega-alekeskus\\\/#breadcrumb\"},\"inLanguage\":\"et\",\"potentialAction\":[{\"@type\":\"ReadAction\",\"target\":[\"https:\\\/\\\/alekeskus.eu\\\/toode\\\/garaaz-reigo277-tosteuksega-alekeskus\\\/\"]}]},{\"@type\":\"ImageObject\",\"inLanguage\":\"et\",\"@id\":\"https:\\\/\\\/alekeskus.eu\\\/toode\\\/garaaz-reigo277-tosteuksega-alekeskus\\\/#primaryimage\",\"url\":\"https:\\\/\\\/alekeskus.eu\\\/wp-content\\\/uploads\\\/2024\\\/11\\\/Reigo_27.7_m2_with_sectional_door_NATURAL_wb.jpg\",\"contentUrl\":\"https:\\\/\\\/alekeskus.eu\\\/wp-content\\\/uploads\\\/2024\\\/11\\\/Reigo_27.7_m2_with_sectional_door_NATURAL_wb.jpg\",\"width\":1600,\"height\":1200},{\"@type\":\"BreadcrumbList\",\"@id\":\"https:\\\/\\\/alekeskus.eu\\\/toode\\\/garaaz-reigo277-tosteuksega-alekeskus\\\/#breadcrumb\",\"itemListElement\":[{\"@type\":\"ListItem\",\"position\":1,\"name\":\"Avaleht\",\"item\":\"https:\\\/\\\/alekeskus.eu\\\/et\\\/\"},{\"@type\":\"ListItem\",\"position\":2,\"name\":\"Pood\",\"item\":\"https:\\\/\\\/alekeskus.eu\\\/pood\\\/\"},{\"@type\":\"ListItem\",\"position\":3,\"name\":\"Garaa\u017e Reigo 27,7 m\u00b2 t\u00f5steuksega, 70 mm sein\"}]},{\"@type\":\"WebSite\",\"@id\":\"https:\\\/\\\/alekeskus.eu\\\/#website\",\"url\":\"https:\\\/\\\/alekeskus.eu\\\/\",\"name\":\"Alekeskus\",\"description\":\"Alekeskus.eu\",\"potentialAction\":[{\"@type\":\"SearchAction\",\"target\":{\"@type\":\"EntryPoint\",\"urlTemplate\":\"https:\\\/\\\/alekeskus.eu\\\/?s={search_term_string}\"},\"query-input\":{\"@type\":\"PropertyValueSpecification\",\"valueRequired\":true,\"valueName\":\"search_term_string\"}}],\"inLanguage\":\"et\"}]}<\/script>\n<!-- \/ Yoast SEO plugin. -->","yoast_head_json":{"title":"Garaa\u017e Reigo 27,7 m\u00b2 t\u00f5steuksega, 70 mm sein - Alekeskus","description":"freespalkidest garaazh t\u00f5steuksega","robots":{"index":"index","follow":"follow","max-snippet":"max-snippet:-1","max-image-preview":"max-image-preview:large","max-video-preview":"max-video-preview:-1"},"canonical":"https:\/\/alekeskus.eu\/toode\/garaaz-reigo277-tosteuksega-alekeskus\/","og_locale":"et_EE","og_type":"article","og_title":"Garaa\u017e Reigo 27,7 m\u00b2 t\u00f5steuksega, 70 mm sein - Alekeskus","og_description":"freespalkidest garaazh t\u00f5steuksega","og_url":"https:\/\/alekeskus.eu\/toode\/garaaz-reigo277-tosteuksega-alekeskus\/","og_site_name":"Alekeskus","article_modified_time":"2026-01-17T15:06:49+00:00","og_image":[{"width":1600,"height":1200,"url":"https:\/\/alekeskus.eu\/wp-content\/uploads\/2024\/11\/Reigo_27.7_m2_with_sectional_door_NATURAL_wb.jpg","type":"image\/jpeg"}],"twitter_card":"summary_large_image","twitter_misc":{"Est. reading time":"1 minut"},"schema":{"@context":"https:\/\/schema.org","@graph":[{"@type":"WebPage","@id":"https:\/\/alekeskus.eu\/toode\/garaaz-reigo277-tosteuksega-alekeskus\/","url":"https:\/\/alekeskus.eu\/toode\/garaaz-reigo277-tosteuksega-alekeskus\/","name":"Garaa\u017e Reigo 27,7 m\u00b2 t\u00f5steuksega, 70 mm sein - Alekeskus","isPartOf":{"@id":"https:\/\/alekeskus.eu\/#website"},"primaryImageOfPage":{"@id":"https:\/\/alekeskus.eu\/toode\/garaaz-reigo277-tosteuksega-alekeskus\/#primaryimage"},"image":{"@id":"https:\/\/alekeskus.eu\/toode\/garaaz-reigo277-tosteuksega-alekeskus\/#primaryimage"},"thumbnailUrl":"https:\/\/alekeskus.eu\/wp-content\/uploads\/2024\/11\/Reigo_27.7_m2_with_sectional_door_NATURAL_wb.jpg","datePublished":"2025-11-12T05:09:00+00:00","dateModified":"2026-01-17T15:06:49+00:00","description":"freespalkidest garaazh t\u00f5steuksega","breadcrumb":{"@id":"https:\/\/alekeskus.eu\/toode\/garaaz-reigo277-tosteuksega-alekeskus\/#breadcrumb"},"inLanguage":"et","potentialAction":[{"@type":"ReadAction","target":["https:\/\/alekeskus.eu\/toode\/garaaz-reigo277-tosteuksega-alekeskus\/"]}]},{"@type":"ImageObject","inLanguage":"et","@id":"https:\/\/alekeskus.eu\/toode\/garaaz-reigo277-tosteuksega-alekeskus\/#primaryimage","url":"https:\/\/alekeskus.eu\/wp-content\/uploads\/2024\/11\/Reigo_27.7_m2_with_sectional_door_NATURAL_wb.jpg","contentUrl":"https:\/\/alekeskus.eu\/wp-content\/uploads\/2024\/11\/Reigo_27.7_m2_with_sectional_door_NATURAL_wb.jpg","width":1600,"height":1200},{"@type":"BreadcrumbList","@id":"https:\/\/alekeskus.eu\/toode\/garaaz-reigo277-tosteuksega-alekeskus\/#breadcrumb","itemListElement":[{"@type":"ListItem","position":1,"name":"Avaleht","item":"https:\/\/alekeskus.eu\/et\/"},{"@type":"ListItem","position":2,"name":"Pood","item":"https:\/\/alekeskus.eu\/pood\/"},{"@type":"ListItem","position":3,"name":"Garaa\u017e Reigo 27,7 m\u00b2 t\u00f5steuksega, 70 mm sein"}]},{"@type":"WebSite","@id":"https:\/\/alekeskus.eu\/#website","url":"https:\/\/alekeskus.eu\/","name":"Alekeskus","description":"Alekeskus.eu","potentialAction":[{"@type":"SearchAction","target":{"@type":"EntryPoint","urlTemplate":"https:\/\/alekeskus.eu\/?s={search_term_string}"},"query-input":{"@type":"PropertyValueSpecification","valueRequired":true,"valueName":"search_term_string"}}],"inLanguage":"et"}]}},"brands":[],"_links":{"self":[{"href":"https:\/\/alekeskus.eu\/et\/wp-json\/wp\/v2\/product\/70009","targetHints":{"allow":["GET"]}}],"collection":[{"href":"https:\/\/alekeskus.eu\/et\/wp-json\/wp\/v2\/product"}],"about":[{"href":"https:\/\/alekeskus.eu\/et\/wp-json\/wp\/v2\/types\/product"}],"wp:featuredmedia":[{"embeddable":true,"href":"https:\/\/alekeskus.eu\/et\/wp-json\/wp\/v2\/media\/96532"}],"wp:attachment":[{"href":"https:\/\/alekeskus.eu\/et\/wp-json\/wp\/v2\/media?parent=70009"}],"wp:term":[{"taxonomy":"pwb-brand","embeddable":true,"href":"https:\/\/alekeskus.eu\/et\/wp-json\/wp\/v2\/pwb-brand?post=70009"},{"taxonomy":"product_brand","embeddable":true,"href":"https:\/\/alekeskus.eu\/et\/wp-json\/wp\/v2\/product_brand?post=70009"},{"taxonomy":"product_cat","embeddable":true,"href":"https:\/\/alekeskus.eu\/et\/wp-json\/wp\/v2\/product_cat?post=70009"},{"taxonomy":"product_tag","embeddable":true,"href":"https:\/\/alekeskus.eu\/et\/wp-json\/wp\/v2\/product_tag?post=70009"}],"curies":[{"name":"wp","href":"https:\/\/api.w.org\/{rel}","templated":true}]}}