{"id":70033,"date":"2025-11-12T05:09:10","date_gmt":"2025-11-12T05:09:10","guid":{"rendered":"http:\/\/alekeskus.eu\/product\/garaaz-roger-21952m%c2%b2-puitvaravaga\/"},"modified":"2026-01-20T14:39:33","modified_gmt":"2026-01-20T14:39:33","slug":"garaaz-reigo-21952-puuvaravaga-alekeskus","status":"publish","type":"product","link":"https:\/\/alekeskus.eu\/et\/toode\/garaaz-reigo-21952-puuvaravaga-alekeskus\/","title":{"rendered":"Garaa\u017e Reigo 21,9+5,2 m\u00b2 puuv\u00e4ravaga"},"content":{"rendered":"<p><strong>Telli juurde:<\/strong><\/p>\n<ul>\n<li><strong>ajutine katusepapp v\u00f5i SBS-bituumenist rullkate 7 rulli\u00a0<\/strong><\/li>\n<li><strong>bituumensindel 14 pakki<\/strong><\/li>\n<li><strong>vihmaveerennid\u00a0<\/strong><\/li>\n<li><strong>puidukaitsevahendiga k\u00e4sitletuna : <\/strong><strong><strong><strong>pruun<strong>, hall, valge\u00a0<\/strong><\/strong><\/strong><\/strong><\/li>\n<\/ul>\n<div class=\"pictogram qtip-additional-element\">Pakend: 6,0&#215;1,2&#215;0,8; 2,0&#215;1,2&#215;0,2 m, kaal\u00a0 1900 kg<\/div>\n<div class=\"pictogram qtip-additional-element\"><\/div>\n","protected":false},"excerpt":{"rendered":"<p>V\u00e4lism\u00f5\u00f5dud:\u00a0<strong>5,1 x 5,5 m<\/strong><\/p>\n<p><strong>TASUTA VEDU JA MAHALAADIMINE(ka suursaartel)!<\/strong><\/p>\n<ul>\n<li>tuuletapiga ja tormitugevdustega <strong>freespalksein<\/strong> <strong>44 mm<\/strong><\/li>\n<li>seina k\u00f5rgus 228 cm ja harja k\u00f5rgus 321 cm<\/li>\n<li>immutatud sokliprussid 60 x 80 mm<\/li>\n<li>liimpuidust p\u00e4rlinid 60 x 200 mm,\u00a0punnitud katuselauad 19 x 89 mm<\/li>\n<li>katuse pindala 36 m\u00b2 ja kalle 19\u00ba<\/li>\n<li>puust autov\u00e4rav silinderlukuga 225 x 194 cm (lengi m\u00f5\u00f5t 239 x 195 cm)<\/li>\n<li>ilma puitv\u00e4ravata v\u00f5i t\u00f5steuksega saadaval eraldi garaa\u017eid<\/li>\n<\/ul>\n<ul>\n<li>jalguks silinderlukuga ja pakettklaasiga 73 x 175 cm; liimpuidust ukseleng kummitihenditega; madal metalliga kaetud l\u00e4vepakk<\/li>\n<li>avatav aken 78 x 89 cm pakettklaasiga 3-6-3 mm; kummitihendiga leng<\/li>\n<li>katusekate (kulu 7 rullkatet v\u00f5i 14 pakki bituumensindlit) ei sisaldu hinnas<\/li>\n<li>tellitav puidukaitsevahendisse kastetuna +1200\u20ac (pruun, hall v\u00f5i valkjas) <img decoding=\"async\" class=\"\" src=\"https:\/\/www.palmako.ee\/sites\/default\/files\/styles\/product_list_item\/public\/2020-06\/BNDIP.jpg?itok=_LQkkeHM\" width=\"66\" height=\"66\" \/>\u00a0<img decoding=\"async\" class=\"\" src=\"https:\/\/www.palmako.ee\/sites\/default\/files\/styles\/product_list_item\/public\/2020-06\/GYDIP.jpg?itok=RrYf7KTV\" width=\"66\" height=\"66\" \/>\u00a0<img decoding=\"async\" class=\"\" src=\"https:\/\/www.palmako.ee\/sites\/default\/files\/styles\/product_list_item\/public\/2020-06\/WTDIP.jpg?itok=D9U46coI\" width=\"67\" height=\"67\" \/> tellimisaeg 2-4 n\u00e4dalat pikem<\/li>\n<li>kinnitusvahendid ja paigaldusohje<\/li>\n<li>peegelpildis paigaldatav<\/li>\n<li>tehase garantii 5 aastat<\/li>\n<li>Eesti toode<\/li>\n<\/ul>\n<p>K\u00fcsi paigaldust!<\/p>\n","protected":false},"featured_media":96964,"template":"","meta":{"_monsterinsights_skip_tracking":false,"_monsterinsights_sitenote_active":false,"_monsterinsights_sitenote_note":"","_monsterinsights_sitenote_category":0},"pwb-brand":[18577],"product_brand":[],"product_cat":[13540,13596,13598,13600],"product_tag":[14225,18852,14264,18872,15633,15683,15706,15842],"class_list":{"0":"post-70033","1":"product","2":"type-product","3":"status-publish","4":"has-post-thumbnail","6":"pwb-brand-eesti","7":"product_cat-hooned-alekeskus","8":"product_cat-varjualused-talveaiad-alekeskus","9":"product_cat-garaazid","10":"product_cat-kuurid-aidad-kioskid","11":"product_tag-garaaz","12":"product_tag-tehnikakuur","13":"product_tag-aiakuur","14":"product_tag-katusealusega-garaazh","15":"product_tag-garaazh","16":"product_tag-tall","17":"product_tag-abihoone","18":"product_tag-tooriistakuur","19":"product_shipping_class-tasuta-transport-alates-1000kg","20":"pa_garantii-5-aastat","21":"pa_kohaletoimetamine-tasuta-mandri-eestis-ja-suursaartel-soome-alates-699e","22":"pa_laoasukoht-tartumaa","23":"pa_pindalam-18038","24":"pa_seinapaksus-17405","25":"pa_tellimisaeg-tilausaika-alekeskus","26":"pa_varv-viimistlemata","27":"pa_varv-pruunikas-puidukaitse","28":"pa_varv-hallikas-puidukaitse","29":"pa_varv-valkjas-puidukaitse","31":"first","32":"instock","33":"taxable","34":"shipping-taxable","35":"purchasable","36":"product-type-variable","37":"has-default-attributes"},"yoast_head":"<!-- This site is optimized with the Yoast SEO plugin v27.3 - https:\/\/yoast.com\/product\/yoast-seo-wordpress\/ -->\n<title>Garaa\u017e Reigo 21,9+5,2 m\u00b2 puuv\u00e4ravaga - Alekeskus<\/title>\n<meta name=\"description\" content=\"puitv\u00e4ravaga ja katusealusega freespalkgaraazh\" \/>\n<meta name=\"robots\" content=\"index, follow, max-snippet:-1, max-image-preview:large, max-video-preview:-1\" \/>\n<link rel=\"canonical\" href=\"https:\/\/alekeskus.eu\/et\/toode\/garaaz-reigo-21952-puuvaravaga-alekeskus\/\" \/>\n<meta property=\"og:locale\" content=\"et_EE\" \/>\n<meta property=\"og:type\" content=\"article\" \/>\n<meta property=\"og:title\" content=\"Garaa\u017e Reigo 21,9+5,2 m\u00b2 puuv\u00e4ravaga - Alekeskus\" \/>\n<meta property=\"og:description\" content=\"puitv\u00e4ravaga ja katusealusega freespalkgaraazh\" \/>\n<meta property=\"og:url\" content=\"https:\/\/alekeskus.eu\/et\/toode\/garaaz-reigo-21952-puuvaravaga-alekeskus\/\" \/>\n<meta property=\"og:site_name\" content=\"Alekeskus\" \/>\n<meta property=\"article:modified_time\" content=\"2026-01-20T14:39:33+00:00\" \/>\n<meta property=\"og:image\" content=\"https:\/\/alekeskus.eu\/wp-content\/uploads\/2022\/11\/REIGO_21.95.2_m2_with_wooden_gate_NATURAL_wb.jpg\" \/>\n\t<meta property=\"og:image:width\" content=\"1600\" \/>\n\t<meta property=\"og:image:height\" content=\"1200\" \/>\n\t<meta property=\"og:image:type\" content=\"image\/jpeg\" \/>\n<meta name=\"twitter:card\" content=\"summary_large_image\" \/>\n<meta name=\"twitter:label1\" content=\"Est. reading time\" \/>\n\t<meta name=\"twitter:data1\" content=\"1 minut\" \/>\n<script type=\"application\/ld+json\" class=\"yoast-schema-graph\">{\"@context\":\"https:\\\/\\\/schema.org\",\"@graph\":[{\"@type\":\"WebPage\",\"@id\":\"https:\\\/\\\/alekeskus.eu\\\/et\\\/toode\\\/garaaz-reigo-21952-puuvaravaga-alekeskus\\\/\",\"url\":\"https:\\\/\\\/alekeskus.eu\\\/et\\\/toode\\\/garaaz-reigo-21952-puuvaravaga-alekeskus\\\/\",\"name\":\"Garaa\u017e Reigo 21,9+5,2 m\u00b2 puuv\u00e4ravaga - Alekeskus\",\"isPartOf\":{\"@id\":\"https:\\\/\\\/alekeskus.eu\\\/#website\"},\"primaryImageOfPage\":{\"@id\":\"https:\\\/\\\/alekeskus.eu\\\/et\\\/toode\\\/garaaz-reigo-21952-puuvaravaga-alekeskus\\\/#primaryimage\"},\"image\":{\"@id\":\"https:\\\/\\\/alekeskus.eu\\\/et\\\/toode\\\/garaaz-reigo-21952-puuvaravaga-alekeskus\\\/#primaryimage\"},\"thumbnailUrl\":\"https:\\\/\\\/alekeskus.eu\\\/wp-content\\\/uploads\\\/2022\\\/11\\\/REIGO_21.95.2_m2_with_wooden_gate_NATURAL_wb.jpg\",\"datePublished\":\"2025-11-12T05:09:10+00:00\",\"dateModified\":\"2026-01-20T14:39:33+00:00\",\"description\":\"puitv\u00e4ravaga ja katusealusega freespalkgaraazh\",\"breadcrumb\":{\"@id\":\"https:\\\/\\\/alekeskus.eu\\\/et\\\/toode\\\/garaaz-reigo-21952-puuvaravaga-alekeskus\\\/#breadcrumb\"},\"inLanguage\":\"et\",\"potentialAction\":[{\"@type\":\"ReadAction\",\"target\":[\"https:\\\/\\\/alekeskus.eu\\\/et\\\/toode\\\/garaaz-reigo-21952-puuvaravaga-alekeskus\\\/\"]}]},{\"@type\":\"ImageObject\",\"inLanguage\":\"et\",\"@id\":\"https:\\\/\\\/alekeskus.eu\\\/et\\\/toode\\\/garaaz-reigo-21952-puuvaravaga-alekeskus\\\/#primaryimage\",\"url\":\"https:\\\/\\\/alekeskus.eu\\\/wp-content\\\/uploads\\\/2022\\\/11\\\/REIGO_21.95.2_m2_with_wooden_gate_NATURAL_wb.jpg\",\"contentUrl\":\"https:\\\/\\\/alekeskus.eu\\\/wp-content\\\/uploads\\\/2022\\\/11\\\/REIGO_21.95.2_m2_with_wooden_gate_NATURAL_wb.jpg\",\"width\":1600,\"height\":1200},{\"@type\":\"BreadcrumbList\",\"@id\":\"https:\\\/\\\/alekeskus.eu\\\/et\\\/toode\\\/garaaz-reigo-21952-puuvaravaga-alekeskus\\\/#breadcrumb\",\"itemListElement\":[{\"@type\":\"ListItem\",\"position\":1,\"name\":\"Avaleht\",\"item\":\"https:\\\/\\\/alekeskus.eu\\\/et\\\/\"},{\"@type\":\"ListItem\",\"position\":2,\"name\":\"Pood\",\"item\":\"https:\\\/\\\/alekeskus.eu\\\/pood\\\/\"},{\"@type\":\"ListItem\",\"position\":3,\"name\":\"Garaa\u017e Reigo 21,9+5,2 m\u00b2 puuv\u00e4ravaga\"}]},{\"@type\":\"WebSite\",\"@id\":\"https:\\\/\\\/alekeskus.eu\\\/#website\",\"url\":\"https:\\\/\\\/alekeskus.eu\\\/\",\"name\":\"Alekeskus\",\"description\":\"Alekeskus.eu\",\"potentialAction\":[{\"@type\":\"SearchAction\",\"target\":{\"@type\":\"EntryPoint\",\"urlTemplate\":\"https:\\\/\\\/alekeskus.eu\\\/?s={search_term_string}\"},\"query-input\":{\"@type\":\"PropertyValueSpecification\",\"valueRequired\":true,\"valueName\":\"search_term_string\"}}],\"inLanguage\":\"et\"}]}<\/script>\n<!-- \/ Yoast SEO plugin. -->","yoast_head_json":{"title":"Garaa\u017e Reigo 21,9+5,2 m\u00b2 puuv\u00e4ravaga - Alekeskus","description":"puitv\u00e4ravaga ja katusealusega freespalkgaraazh","robots":{"index":"index","follow":"follow","max-snippet":"max-snippet:-1","max-image-preview":"max-image-preview:large","max-video-preview":"max-video-preview:-1"},"canonical":"https:\/\/alekeskus.eu\/et\/toode\/garaaz-reigo-21952-puuvaravaga-alekeskus\/","og_locale":"et_EE","og_type":"article","og_title":"Garaa\u017e Reigo 21,9+5,2 m\u00b2 puuv\u00e4ravaga - Alekeskus","og_description":"puitv\u00e4ravaga ja katusealusega freespalkgaraazh","og_url":"https:\/\/alekeskus.eu\/et\/toode\/garaaz-reigo-21952-puuvaravaga-alekeskus\/","og_site_name":"Alekeskus","article_modified_time":"2026-01-20T14:39:33+00:00","og_image":[{"width":1600,"height":1200,"url":"https:\/\/alekeskus.eu\/wp-content\/uploads\/2022\/11\/REIGO_21.95.2_m2_with_wooden_gate_NATURAL_wb.jpg","type":"image\/jpeg"}],"twitter_card":"summary_large_image","twitter_misc":{"Est. reading time":"1 minut"},"schema":{"@context":"https:\/\/schema.org","@graph":[{"@type":"WebPage","@id":"https:\/\/alekeskus.eu\/et\/toode\/garaaz-reigo-21952-puuvaravaga-alekeskus\/","url":"https:\/\/alekeskus.eu\/et\/toode\/garaaz-reigo-21952-puuvaravaga-alekeskus\/","name":"Garaa\u017e Reigo 21,9+5,2 m\u00b2 puuv\u00e4ravaga - Alekeskus","isPartOf":{"@id":"https:\/\/alekeskus.eu\/#website"},"primaryImageOfPage":{"@id":"https:\/\/alekeskus.eu\/et\/toode\/garaaz-reigo-21952-puuvaravaga-alekeskus\/#primaryimage"},"image":{"@id":"https:\/\/alekeskus.eu\/et\/toode\/garaaz-reigo-21952-puuvaravaga-alekeskus\/#primaryimage"},"thumbnailUrl":"https:\/\/alekeskus.eu\/wp-content\/uploads\/2022\/11\/REIGO_21.95.2_m2_with_wooden_gate_NATURAL_wb.jpg","datePublished":"2025-11-12T05:09:10+00:00","dateModified":"2026-01-20T14:39:33+00:00","description":"puitv\u00e4ravaga ja katusealusega freespalkgaraazh","breadcrumb":{"@id":"https:\/\/alekeskus.eu\/et\/toode\/garaaz-reigo-21952-puuvaravaga-alekeskus\/#breadcrumb"},"inLanguage":"et","potentialAction":[{"@type":"ReadAction","target":["https:\/\/alekeskus.eu\/et\/toode\/garaaz-reigo-21952-puuvaravaga-alekeskus\/"]}]},{"@type":"ImageObject","inLanguage":"et","@id":"https:\/\/alekeskus.eu\/et\/toode\/garaaz-reigo-21952-puuvaravaga-alekeskus\/#primaryimage","url":"https:\/\/alekeskus.eu\/wp-content\/uploads\/2022\/11\/REIGO_21.95.2_m2_with_wooden_gate_NATURAL_wb.jpg","contentUrl":"https:\/\/alekeskus.eu\/wp-content\/uploads\/2022\/11\/REIGO_21.95.2_m2_with_wooden_gate_NATURAL_wb.jpg","width":1600,"height":1200},{"@type":"BreadcrumbList","@id":"https:\/\/alekeskus.eu\/et\/toode\/garaaz-reigo-21952-puuvaravaga-alekeskus\/#breadcrumb","itemListElement":[{"@type":"ListItem","position":1,"name":"Avaleht","item":"https:\/\/alekeskus.eu\/et\/"},{"@type":"ListItem","position":2,"name":"Pood","item":"https:\/\/alekeskus.eu\/pood\/"},{"@type":"ListItem","position":3,"name":"Garaa\u017e Reigo 21,9+5,2 m\u00b2 puuv\u00e4ravaga"}]},{"@type":"WebSite","@id":"https:\/\/alekeskus.eu\/#website","url":"https:\/\/alekeskus.eu\/","name":"Alekeskus","description":"Alekeskus.eu","potentialAction":[{"@type":"SearchAction","target":{"@type":"EntryPoint","urlTemplate":"https:\/\/alekeskus.eu\/?s={search_term_string}"},"query-input":{"@type":"PropertyValueSpecification","valueRequired":true,"valueName":"search_term_string"}}],"inLanguage":"et"}]}},"brands":[{"id":18577,"name":"Eesti","slug":"eesti"}],"_links":{"self":[{"href":"https:\/\/alekeskus.eu\/et\/wp-json\/wp\/v2\/product\/70033","targetHints":{"allow":["GET"]}}],"collection":[{"href":"https:\/\/alekeskus.eu\/et\/wp-json\/wp\/v2\/product"}],"about":[{"href":"https:\/\/alekeskus.eu\/et\/wp-json\/wp\/v2\/types\/product"}],"wp:featuredmedia":[{"embeddable":true,"href":"https:\/\/alekeskus.eu\/et\/wp-json\/wp\/v2\/media\/96964"}],"wp:attachment":[{"href":"https:\/\/alekeskus.eu\/et\/wp-json\/wp\/v2\/media?parent=70033"}],"wp:term":[{"taxonomy":"pwb-brand","embeddable":true,"href":"https:\/\/alekeskus.eu\/et\/wp-json\/wp\/v2\/pwb-brand?post=70033"},{"taxonomy":"product_brand","embeddable":true,"href":"https:\/\/alekeskus.eu\/et\/wp-json\/wp\/v2\/product_brand?post=70033"},{"taxonomy":"product_cat","embeddable":true,"href":"https:\/\/alekeskus.eu\/et\/wp-json\/wp\/v2\/product_cat?post=70033"},{"taxonomy":"product_tag","embeddable":true,"href":"https:\/\/alekeskus.eu\/et\/wp-json\/wp\/v2\/product_tag?post=70033"}],"curies":[{"name":"wp","href":"https:\/\/api.w.org\/{rel}","templated":true}]}}