{"id":85350,"date":"2025-02-07T11:25:02","date_gmt":"2025-02-07T11:25:02","guid":{"rendered":"https:\/\/alekeskus.eu\/?post_type=product&#038;p=85350"},"modified":"2026-01-18T18:13:12","modified_gmt":"2026-01-18T18:13:12","slug":"garaaz-reigo284-2-le-autole-tosteustega-alekeskus","status":"publish","type":"product","link":"https:\/\/alekeskus.eu\/et\/toode\/garaaz-reigo284-2-le-autole-tosteustega-alekeskus\/","title":{"rendered":"Garaa\u017e Reigo 28,4 m\u00b2 2-le autole t\u00f5steustega"},"content":{"rendered":"<p><strong>Telli juurde:<\/strong><\/p>\n<p><strong>&#8211; bituumensindel 14 pakki\u00a0<\/strong><\/p>\n<p><strong>&#8211; SBS-bituumenkate v\u00f5i ajutine katusepapp 9 rulli <\/strong><strong>\u00a0<\/strong><\/p>\n<p><strong>\u2013 puukaitseainega t\u00f6\u00f6delduna<\/strong>\u00a0<img decoding=\"async\" class=\"\" src=\"https:\/\/www.palmako.ee\/sites\/default\/files\/styles\/product_list_item\/public\/2020-06\/BNDIP.jpg?itok=_LQkkeHM\" width=\"66\" height=\"66\" \/>\u00a0<img decoding=\"async\" class=\"\" src=\"https:\/\/www.palmako.ee\/sites\/default\/files\/styles\/product_list_item\/public\/2020-06\/GYDIP.jpg?itok=RrYf7KTV\" width=\"66\" height=\"66\" \/>\u00a0<img decoding=\"async\" class=\"\" src=\"https:\/\/www.palmako.ee\/sites\/default\/files\/styles\/product_list_item\/public\/2020-06\/WTDIP.jpg?itok=D9U46coI\" width=\"67\" height=\"67\" \/><\/p>\n<div class=\"pictogram qtip-additional-element\">\n<div class=\"image\">Pakend: 6,0&#215;1,2&#215;0,7 m; 6,0&#215;1,2&#215;0,4 m; 2,3&#215;0,4&#215;0,8 m;\u00a0 kaal 2100 kg<\/div>\n<div>Paigaldusohje: <a href=\"https:\/\/alekeskus.eu\/wp-content\/uploads\/2024\/02\/Roger-284-tosteuksega-ohje.pdf\">Roger 28,4 t\u00f5steuksega ohje<\/a><\/div>\n<\/div>\n<div class=\"pictogram qtip-additional-element\"><\/div>\n<p>\u00b4<\/p>\n","protected":false},"excerpt":{"rendered":"<p>V\u00e4lism\u00f5\u00f5dud: <strong>575 x 510 cm<\/strong>.<\/p>\n<p><strong>TASUTA VEDU JA MAHALAADIMINE(ka suursaartel)!<\/strong><\/p>\n<ul>\n<li>freespalksein <strong>44 mm <\/strong>tuuletapiga ja keermelatt-tormitugevdustega<\/li>\n<li>harja k\u00f5rgus 310 cm ja seina k\u00f5rgus 217 cm<\/li>\n<li>immutatud alusprussid 60 x 80 mm (p\u00f5randalaudu ei ole)<\/li>\n<li>liimpuidust p\u00e4rlinid 60 x 200 mm; punnitud katuselauad 19 x 89 mm<\/li>\n<li>katusekate lisahinnaga (tarve 14 pakki sindlit, 9 rulli katusepappi v\u00f5i SBS-bituumenkatet)<\/li>\n<li>katuse kalle 17\u00b0, katuse pindala 37 m<sup>2<\/sup><\/li>\n<li>silinderlukuga ja pakettklaasiga uks 74 x 175 cm, liimpuidust ukseleng kummitihendiga, metalliga kaetud uksek\u00fcnnis<\/li>\n<li>p\u00f6\u00f6rd-kaldavanev aken 119 x 89 cm pakettklaasiga, liimpuidust leng kummitihendiga<\/li>\n<li>2 lukuga t\u00f5steust 221 x 188 cm (lengi m\u00f5\u00f5t 225 x 200 cm), ilma ukseta v\u00f5i puuv\u00e4ravatega varustatult saadaval eraldi garaa\u017eid<\/li>\n<li>tellitav puidukaitsevahendisse kastetuna +1000\u20ac(pruun, hall v\u00f5i valkjas, tellimisaeg u 1 kuu): <img decoding=\"async\" class=\"\" src=\"https:\/\/www.palmako.ee\/sites\/default\/files\/styles\/product_list_item\/public\/2020-06\/BNDIP.jpg?itok=_LQkkeHM\" width=\"66\" height=\"66\" \/>\u00a0<img decoding=\"async\" class=\"\" src=\"https:\/\/www.palmako.ee\/sites\/default\/files\/styles\/product_list_item\/public\/2020-06\/GYDIP.jpg?itok=RrYf7KTV\" width=\"66\" height=\"66\" \/>\u00a0<img decoding=\"async\" class=\"\" src=\"https:\/\/www.palmako.ee\/sites\/default\/files\/styles\/product_list_item\/public\/2020-06\/WTDIP.jpg?itok=D9U46coI\" width=\"67\" height=\"67\" \/><\/li>\n<li>kinnitusvahendid ja koosteohje<\/li>\n<li>peegelpildis p\u00fcstitatav<\/li>\n<li>ilmastikukindel pakend<\/li>\n<li>5-aastane tehase garantii<\/li>\n<li>Eesti toode<\/li>\n<\/ul>\n<p>K\u00fcsi ka paigaldust!<\/p>\n","protected":false},"featured_media":96679,"template":"","meta":{"_monsterinsights_skip_tracking":false,"_monsterinsights_sitenote_active":false,"_monsterinsights_sitenote_note":"","_monsterinsights_sitenote_category":0},"pwb-brand":[],"product_brand":[],"product_cat":[13540,13598,13600],"product_tag":[15727,18001,14225,14229,15633,15683],"class_list":{"0":"post-85350","1":"product","2":"type-product","3":"status-publish","4":"has-post-thumbnail","6":"product_cat-hooned-alekeskus","7":"product_cat-garaazid","8":"product_cat-kuurid-aidad-kioskid","9":"product_tag-nosto-ovi","10":"product_tag-tosteuks","11":"product_tag-garaaz","12":"product_tag-autotalli","13":"product_tag-garaazh","14":"product_tag-tall","15":"product_shipping_class-tasuta-transport-alates-1000kg","16":"pa_garantii-5-aastat","17":"pa_kohaletoimetamine-tasuta-mandri-eestis-ja-suursaartel-soome-alates-699e","18":"pa_laoasukoht-tartumaa","19":"pa_pindalam-15717","20":"pa_seinapaksus-17405","21":"pa_tellimisaeg-tilausaika-alekeskus","22":"pa_varv-valkjas-puidukaitse","23":"pa_varv-viimistlemata","24":"pa_varv-pruunikas-puidukaitse","25":"pa_varv-hallikas-puidukaitse","26":"pa_veame-eesti-ja-soome","28":"first","29":"instock","30":"taxable","31":"shipping-taxable","32":"purchasable","33":"product-type-variable","34":"has-default-attributes"},"yoast_head":"<!-- This site is optimized with the Yoast SEO plugin v27.3 - https:\/\/yoast.com\/product\/yoast-seo-wordpress\/ -->\n<title>Garaa\u017e Reigo 28,4 m\u00b2 2-le autole t\u00f5steustega - Alekeskus<\/title>\n<meta name=\"description\" content=\"2 auto garaazh t\u00f5steustega\" \/>\n<meta name=\"robots\" content=\"index, follow, max-snippet:-1, max-image-preview:large, max-video-preview:-1\" \/>\n<link rel=\"canonical\" href=\"https:\/\/alekeskus.eu\/toode\/garaaz-reigo284-2-le-autole-tosteustega-alekeskus\/\" \/>\n<meta property=\"og:locale\" content=\"et_EE\" \/>\n<meta property=\"og:type\" content=\"article\" \/>\n<meta property=\"og:title\" content=\"Garaa\u017e Reigo 28,4 m\u00b2 2-le autole t\u00f5steustega - Alekeskus\" \/>\n<meta property=\"og:description\" content=\"2 auto garaazh t\u00f5steustega\" \/>\n<meta property=\"og:url\" content=\"https:\/\/alekeskus.eu\/toode\/garaaz-reigo284-2-le-autole-tosteustega-alekeskus\/\" \/>\n<meta property=\"og:site_name\" content=\"Alekeskus\" \/>\n<meta property=\"article:modified_time\" content=\"2026-01-18T18:13:12+00:00\" \/>\n<meta property=\"og:image\" content=\"https:\/\/alekeskus.eu\/wp-content\/uploads\/2024\/02\/Reigo_28.4_m2_with_sectional_door_NATURAL_wb.jpg\" \/>\n\t<meta property=\"og:image:width\" content=\"1600\" \/>\n\t<meta property=\"og:image:height\" content=\"1200\" \/>\n\t<meta property=\"og:image:type\" content=\"image\/jpeg\" \/>\n<meta name=\"twitter:card\" content=\"summary_large_image\" \/>\n<meta name=\"twitter:label1\" content=\"Est. reading time\" \/>\n\t<meta name=\"twitter:data1\" content=\"1 minut\" \/>\n<script type=\"application\/ld+json\" class=\"yoast-schema-graph\">{\"@context\":\"https:\\\/\\\/schema.org\",\"@graph\":[{\"@type\":\"WebPage\",\"@id\":\"https:\\\/\\\/alekeskus.eu\\\/toode\\\/garaaz-reigo284-2-le-autole-tosteustega-alekeskus\\\/\",\"url\":\"https:\\\/\\\/alekeskus.eu\\\/toode\\\/garaaz-reigo284-2-le-autole-tosteustega-alekeskus\\\/\",\"name\":\"Garaa\u017e Reigo 28,4 m\u00b2 2-le autole t\u00f5steustega - Alekeskus\",\"isPartOf\":{\"@id\":\"https:\\\/\\\/alekeskus.eu\\\/#website\"},\"primaryImageOfPage\":{\"@id\":\"https:\\\/\\\/alekeskus.eu\\\/toode\\\/garaaz-reigo284-2-le-autole-tosteustega-alekeskus\\\/#primaryimage\"},\"image\":{\"@id\":\"https:\\\/\\\/alekeskus.eu\\\/toode\\\/garaaz-reigo284-2-le-autole-tosteustega-alekeskus\\\/#primaryimage\"},\"thumbnailUrl\":\"https:\\\/\\\/alekeskus.eu\\\/wp-content\\\/uploads\\\/2024\\\/02\\\/Reigo_28.4_m2_with_sectional_door_NATURAL_wb.jpg\",\"datePublished\":\"2025-02-07T11:25:02+00:00\",\"dateModified\":\"2026-01-18T18:13:12+00:00\",\"description\":\"2 auto garaazh t\u00f5steustega\",\"breadcrumb\":{\"@id\":\"https:\\\/\\\/alekeskus.eu\\\/toode\\\/garaaz-reigo284-2-le-autole-tosteustega-alekeskus\\\/#breadcrumb\"},\"inLanguage\":\"et\",\"potentialAction\":[{\"@type\":\"ReadAction\",\"target\":[\"https:\\\/\\\/alekeskus.eu\\\/toode\\\/garaaz-reigo284-2-le-autole-tosteustega-alekeskus\\\/\"]}]},{\"@type\":\"ImageObject\",\"inLanguage\":\"et\",\"@id\":\"https:\\\/\\\/alekeskus.eu\\\/toode\\\/garaaz-reigo284-2-le-autole-tosteustega-alekeskus\\\/#primaryimage\",\"url\":\"https:\\\/\\\/alekeskus.eu\\\/wp-content\\\/uploads\\\/2024\\\/02\\\/Reigo_28.4_m2_with_sectional_door_NATURAL_wb.jpg\",\"contentUrl\":\"https:\\\/\\\/alekeskus.eu\\\/wp-content\\\/uploads\\\/2024\\\/02\\\/Reigo_28.4_m2_with_sectional_door_NATURAL_wb.jpg\",\"width\":1600,\"height\":1200},{\"@type\":\"BreadcrumbList\",\"@id\":\"https:\\\/\\\/alekeskus.eu\\\/toode\\\/garaaz-reigo284-2-le-autole-tosteustega-alekeskus\\\/#breadcrumb\",\"itemListElement\":[{\"@type\":\"ListItem\",\"position\":1,\"name\":\"Avaleht\",\"item\":\"https:\\\/\\\/alekeskus.eu\\\/et\\\/\"},{\"@type\":\"ListItem\",\"position\":2,\"name\":\"Pood\",\"item\":\"https:\\\/\\\/alekeskus.eu\\\/pood\\\/\"},{\"@type\":\"ListItem\",\"position\":3,\"name\":\"Garaa\u017e Reigo 28,4 m\u00b2 2-le autole t\u00f5steustega\"}]},{\"@type\":\"WebSite\",\"@id\":\"https:\\\/\\\/alekeskus.eu\\\/#website\",\"url\":\"https:\\\/\\\/alekeskus.eu\\\/\",\"name\":\"Alekeskus\",\"description\":\"Alekeskus.eu\",\"potentialAction\":[{\"@type\":\"SearchAction\",\"target\":{\"@type\":\"EntryPoint\",\"urlTemplate\":\"https:\\\/\\\/alekeskus.eu\\\/?s={search_term_string}\"},\"query-input\":{\"@type\":\"PropertyValueSpecification\",\"valueRequired\":true,\"valueName\":\"search_term_string\"}}],\"inLanguage\":\"et\"}]}<\/script>\n<!-- \/ Yoast SEO plugin. -->","yoast_head_json":{"title":"Garaa\u017e Reigo 28,4 m\u00b2 2-le autole t\u00f5steustega - Alekeskus","description":"2 auto garaazh t\u00f5steustega","robots":{"index":"index","follow":"follow","max-snippet":"max-snippet:-1","max-image-preview":"max-image-preview:large","max-video-preview":"max-video-preview:-1"},"canonical":"https:\/\/alekeskus.eu\/toode\/garaaz-reigo284-2-le-autole-tosteustega-alekeskus\/","og_locale":"et_EE","og_type":"article","og_title":"Garaa\u017e Reigo 28,4 m\u00b2 2-le autole t\u00f5steustega - Alekeskus","og_description":"2 auto garaazh t\u00f5steustega","og_url":"https:\/\/alekeskus.eu\/toode\/garaaz-reigo284-2-le-autole-tosteustega-alekeskus\/","og_site_name":"Alekeskus","article_modified_time":"2026-01-18T18:13:12+00:00","og_image":[{"width":1600,"height":1200,"url":"https:\/\/alekeskus.eu\/wp-content\/uploads\/2024\/02\/Reigo_28.4_m2_with_sectional_door_NATURAL_wb.jpg","type":"image\/jpeg"}],"twitter_card":"summary_large_image","twitter_misc":{"Est. reading time":"1 minut"},"schema":{"@context":"https:\/\/schema.org","@graph":[{"@type":"WebPage","@id":"https:\/\/alekeskus.eu\/toode\/garaaz-reigo284-2-le-autole-tosteustega-alekeskus\/","url":"https:\/\/alekeskus.eu\/toode\/garaaz-reigo284-2-le-autole-tosteustega-alekeskus\/","name":"Garaa\u017e Reigo 28,4 m\u00b2 2-le autole t\u00f5steustega - Alekeskus","isPartOf":{"@id":"https:\/\/alekeskus.eu\/#website"},"primaryImageOfPage":{"@id":"https:\/\/alekeskus.eu\/toode\/garaaz-reigo284-2-le-autole-tosteustega-alekeskus\/#primaryimage"},"image":{"@id":"https:\/\/alekeskus.eu\/toode\/garaaz-reigo284-2-le-autole-tosteustega-alekeskus\/#primaryimage"},"thumbnailUrl":"https:\/\/alekeskus.eu\/wp-content\/uploads\/2024\/02\/Reigo_28.4_m2_with_sectional_door_NATURAL_wb.jpg","datePublished":"2025-02-07T11:25:02+00:00","dateModified":"2026-01-18T18:13:12+00:00","description":"2 auto garaazh t\u00f5steustega","breadcrumb":{"@id":"https:\/\/alekeskus.eu\/toode\/garaaz-reigo284-2-le-autole-tosteustega-alekeskus\/#breadcrumb"},"inLanguage":"et","potentialAction":[{"@type":"ReadAction","target":["https:\/\/alekeskus.eu\/toode\/garaaz-reigo284-2-le-autole-tosteustega-alekeskus\/"]}]},{"@type":"ImageObject","inLanguage":"et","@id":"https:\/\/alekeskus.eu\/toode\/garaaz-reigo284-2-le-autole-tosteustega-alekeskus\/#primaryimage","url":"https:\/\/alekeskus.eu\/wp-content\/uploads\/2024\/02\/Reigo_28.4_m2_with_sectional_door_NATURAL_wb.jpg","contentUrl":"https:\/\/alekeskus.eu\/wp-content\/uploads\/2024\/02\/Reigo_28.4_m2_with_sectional_door_NATURAL_wb.jpg","width":1600,"height":1200},{"@type":"BreadcrumbList","@id":"https:\/\/alekeskus.eu\/toode\/garaaz-reigo284-2-le-autole-tosteustega-alekeskus\/#breadcrumb","itemListElement":[{"@type":"ListItem","position":1,"name":"Avaleht","item":"https:\/\/alekeskus.eu\/et\/"},{"@type":"ListItem","position":2,"name":"Pood","item":"https:\/\/alekeskus.eu\/pood\/"},{"@type":"ListItem","position":3,"name":"Garaa\u017e Reigo 28,4 m\u00b2 2-le autole t\u00f5steustega"}]},{"@type":"WebSite","@id":"https:\/\/alekeskus.eu\/#website","url":"https:\/\/alekeskus.eu\/","name":"Alekeskus","description":"Alekeskus.eu","potentialAction":[{"@type":"SearchAction","target":{"@type":"EntryPoint","urlTemplate":"https:\/\/alekeskus.eu\/?s={search_term_string}"},"query-input":{"@type":"PropertyValueSpecification","valueRequired":true,"valueName":"search_term_string"}}],"inLanguage":"et"}]}},"brands":[],"_links":{"self":[{"href":"https:\/\/alekeskus.eu\/et\/wp-json\/wp\/v2\/product\/85350","targetHints":{"allow":["GET"]}}],"collection":[{"href":"https:\/\/alekeskus.eu\/et\/wp-json\/wp\/v2\/product"}],"about":[{"href":"https:\/\/alekeskus.eu\/et\/wp-json\/wp\/v2\/types\/product"}],"wp:featuredmedia":[{"embeddable":true,"href":"https:\/\/alekeskus.eu\/et\/wp-json\/wp\/v2\/media\/96679"}],"wp:attachment":[{"href":"https:\/\/alekeskus.eu\/et\/wp-json\/wp\/v2\/media?parent=85350"}],"wp:term":[{"taxonomy":"pwb-brand","embeddable":true,"href":"https:\/\/alekeskus.eu\/et\/wp-json\/wp\/v2\/pwb-brand?post=85350"},{"taxonomy":"product_brand","embeddable":true,"href":"https:\/\/alekeskus.eu\/et\/wp-json\/wp\/v2\/product_brand?post=85350"},{"taxonomy":"product_cat","embeddable":true,"href":"https:\/\/alekeskus.eu\/et\/wp-json\/wp\/v2\/product_cat?post=85350"},{"taxonomy":"product_tag","embeddable":true,"href":"https:\/\/alekeskus.eu\/et\/wp-json\/wp\/v2\/product_tag?post=85350"}],"curies":[{"name":"wp","href":"https:\/\/api.w.org\/{rel}","templated":true}]}}