{"id":88905,"date":"2025-01-27T07:30:26","date_gmt":"2025-01-27T07:30:26","guid":{"rendered":"https:\/\/alekeskus.eu\/?post_type=product&#038;p=88905"},"modified":"2026-01-10T17:47:29","modified_gmt":"2026-01-10T17:47:29","slug":"aiamaja-bella-147-alekeskus","status":"publish","type":"product","link":"https:\/\/alekeskus.eu\/et\/toode\/aiamaja-bella-147-alekeskus\/","title":{"rendered":"Aiamaja Bella 14,7 m\u00b2 alumiiniumraamidega akende ja ustega"},"content":{"rendered":"<p><strong>Telli lisaks:<\/strong><\/p>\n<ul>\n<li><strong>bituumensindel 9 pk v\u00f5i SBS-bituumenkate 4 rulli<\/strong><\/li>\n<li><strong>vihmavees\u00fcsteem\u00a0<\/strong><\/li>\n<li><strong>puitosa kastmine puidukaitseainesse: pruun, hall v\u00f5i valge\u00a0<\/strong><\/li>\n<li><strong>valgeks v\u00e4rvituna<\/strong><\/li>\n<\/ul>\n<div class=\"pictogram qtip-additional-element\">\n<div class=\"description\">\n<div class=\"pictogram qtip-additional-element\">\n<div class=\"image\">\n<div class=\"pictogram qtip-additional-element\">\n<div class=\"image\">\u00a0Pakendid:\u00a0 6,0\u00d71,2\u00d70,5 m ja 2,0 x 1.2 x 2,5 m, kaalud 1500 kg ja 500 kg<\/div>\n<\/div>\n<div>Paigaldusohje: <a href=\"https:\/\/alekeskus.eu\/wp-content\/uploads\/2025\/01\/bella_14.7_-ohje.pdf\">bella_14.7_ ohje<\/a><\/div>\n<\/div>\n<\/div>\n<\/div>\n<\/div>\n","protected":false},"excerpt":{"rendered":"<p>V\u00e4lism\u00f5\u00f5dud:<strong> 401 x 401 cm. <\/strong>Harja k\u00f5rgus 315 cm, r\u00e4\u00e4sta k\u00f5rgus 221 cm<\/p>\n<p><strong>TASUTA VEDU JA MAHALAADIMINE(ka suursaartel)!<\/strong><\/p>\n<ul>\n<li>liimpuidust seinapostid 90 x 90 mm, akende alused seinakilbid 890 x 460 x 44 cm<\/li>\n<li>puidukaitsega t\u00f6\u00f6deldud sokliv\u00f6\u00f6 45 x 70 mm, p\u00f5randat ei ole<\/li>\n<li>katusetalad 60 x 160 mm ja punniga katuselaudis 16 mm<\/li>\n<li>katuse pindala 23 m\u00b2 ja kalle 20\u00ba, r\u00e4\u00e4stas 30 cm<\/li>\n<li>alumiiniumraamiga avatavad aknad 4 tk 92 x 168 cm, alumiiniumraamiga kinnised aknad 8 tk 92 x 168 cm, alumiiniumraamiga kinnised otsaseina aknad 4 tk 126 x 65 cm<\/li>\n<li>alumiiniumraamiga paarisuksed 2 tk 1,9 x 2,1 m silinderlukuga<\/li>\n<li>katusekate ei sisaldu hinnas(tarve 9 pakki sindelkatet v\u00f5i 4 rulli SBS-bituumenkatet)<\/li>\n<li>tellitav puidukaitsevahendisse kastetuna +700\u20ac (pruun, hall v\u00f5i valkjas)<strong>\u00a0<img decoding=\"async\" class=\"\" src=\"https:\/\/www.palmako.ee\/sites\/default\/files\/styles\/product_list_item\/public\/2020-06\/BNDIP.jpg?itok=_LQkkeHM\" width=\"66\" height=\"66\" \/><img decoding=\"async\" class=\"\" src=\"https:\/\/www.palmako.ee\/sites\/default\/files\/styles\/product_list_item\/public\/2020-06\/GYDIP.jpg?itok=RrYf7KTV\" width=\"66\" height=\"66\" \/><img decoding=\"async\" class=\"\" src=\"https:\/\/www.palmako.ee\/sites\/default\/files\/styles\/product_list_item\/public\/2020-06\/WTDIP.jpg?itok=D9U46coI\" width=\"67\" height=\"67\" \/> <\/strong>ja valgeks v\u00e4rvituna +1500\u20ac, tellimisaeg 2-4 n\u00e4dalat pikem<\/li>\n<li>5-aastane garantii<\/li>\n<li>kinnitusvahendid ja koostejuhend<\/li>\n<li>peegelpildis p\u00fcstitatav<\/li>\n<li>Eesti toode<\/li>\n<li>vihmakindel pakend<\/li>\n<\/ul>\n<p>K\u00fcsi ka paigaldust!<\/p>\n","protected":false},"featured_media":88945,"template":"","meta":{"_monsterinsights_skip_tracking":false,"_monsterinsights_sitenote_active":false,"_monsterinsights_sitenote_note":"","_monsterinsights_sitenote_category":0},"pwb-brand":[18577],"product_brand":[],"product_cat":[17182,13592,13540,13596,13600],"product_tag":[13813,13864,18611,15277,18613,15357,18614,15516,18615,18618],"class_list":{"0":"post-88905","1":"product","2":"type-product","3":"status-publish","4":"has-post-thumbnail","6":"pwb-brand-eesti","7":"product_cat-suvekoogid-alekeskus","8":"product_cat-aia-ja-grillmajad","9":"product_cat-hooned-alekeskus","10":"product_cat-varjualused-talveaiad-alekeskus","11":"product_cat-kuurid-aidad-kioskid","12":"product_tag-aiamaja","13":"product_tag-huvimaja","14":"product_tag-valikohvik","15":"product_tag-aiapaviljon","16":"product_tag-klaasseintega-paviljon","17":"product_tag-grillmaja","18":"product_tag-lasitettu-huvimaja","19":"product_tag-suvekook","20":"product_tag-alumiiniovi-2","21":"product_tag-klaaspaviljon","22":"product_shipping_class-tasuta-transport-alates-1000kg","23":"pa_garantii-5-aastat","24":"pa_kohaletoimetamine-tasuta-mandri-eestis-ja-suursaartel-soome-alates-699e","25":"pa_pindalam-17552","26":"pa_seinapaksus-17405","27":"pa_varv-valkjas-puidukaitse","28":"pa_varv-valge","29":"pa_varv-viimistlemata","30":"pa_varv-pruunikas-puidukaitse","31":"pa_varv-hallikas-puidukaitse","33":"first","34":"instock","35":"featured","36":"taxable","37":"shipping-taxable","38":"purchasable","39":"product-type-variable"},"yoast_head":"<!-- This site is optimized with the Yoast SEO plugin v27.3 - https:\/\/yoast.com\/product\/yoast-seo-wordpress\/ -->\n<title>Aiamaja Bella 14,7 m\u00b2 alumiiniumraamidega akende ja ustega - Alekeskus<\/title>\n<meta name=\"description\" content=\"avar aiamaja alumiiniumraamidega akende ja uksega\" \/>\n<meta name=\"robots\" content=\"index, follow, max-snippet:-1, max-image-preview:large, max-video-preview:-1\" \/>\n<link rel=\"canonical\" href=\"https:\/\/alekeskus.eu\/et\/toode\/aiamaja-bella-147-alekeskus\/\" \/>\n<meta property=\"og:locale\" content=\"et_EE\" \/>\n<meta property=\"og:type\" content=\"article\" \/>\n<meta property=\"og:title\" content=\"Aiamaja Bella 14,7 m\u00b2 alumiiniumraamidega akende ja ustega - Alekeskus\" \/>\n<meta property=\"og:description\" content=\"avar aiamaja alumiiniumraamidega akende ja uksega\" \/>\n<meta property=\"og:url\" content=\"https:\/\/alekeskus.eu\/et\/toode\/aiamaja-bella-147-alekeskus\/\" \/>\n<meta property=\"og:site_name\" content=\"Alekeskus\" \/>\n<meta property=\"article:modified_time\" content=\"2026-01-10T17:47:29+00:00\" \/>\n<meta property=\"og:image\" content=\"https:\/\/alekeskus.eu\/wp-content\/uploads\/2025\/01\/Isabella_14.7_NATURAL_wb.jpg\" \/>\n\t<meta property=\"og:image:width\" content=\"1600\" \/>\n\t<meta property=\"og:image:height\" content=\"1200\" \/>\n\t<meta property=\"og:image:type\" content=\"image\/jpeg\" \/>\n<meta name=\"twitter:card\" content=\"summary_large_image\" \/>\n<meta name=\"twitter:label1\" content=\"Est. reading time\" \/>\n\t<meta name=\"twitter:data1\" content=\"1 minut\" \/>\n<script type=\"application\/ld+json\" class=\"yoast-schema-graph\">{\"@context\":\"https:\\\/\\\/schema.org\",\"@graph\":[{\"@type\":\"WebPage\",\"@id\":\"https:\\\/\\\/alekeskus.eu\\\/et\\\/toode\\\/aiamaja-bella-147-alekeskus\\\/\",\"url\":\"https:\\\/\\\/alekeskus.eu\\\/et\\\/toode\\\/aiamaja-bella-147-alekeskus\\\/\",\"name\":\"Aiamaja Bella 14,7 m\u00b2 alumiiniumraamidega akende ja ustega - Alekeskus\",\"isPartOf\":{\"@id\":\"https:\\\/\\\/alekeskus.eu\\\/#website\"},\"primaryImageOfPage\":{\"@id\":\"https:\\\/\\\/alekeskus.eu\\\/et\\\/toode\\\/aiamaja-bella-147-alekeskus\\\/#primaryimage\"},\"image\":{\"@id\":\"https:\\\/\\\/alekeskus.eu\\\/et\\\/toode\\\/aiamaja-bella-147-alekeskus\\\/#primaryimage\"},\"thumbnailUrl\":\"https:\\\/\\\/alekeskus.eu\\\/wp-content\\\/uploads\\\/2025\\\/01\\\/Isabella_14.7_NATURAL_wb.jpg\",\"datePublished\":\"2025-01-27T07:30:26+00:00\",\"dateModified\":\"2026-01-10T17:47:29+00:00\",\"description\":\"avar aiamaja alumiiniumraamidega akende ja uksega\",\"breadcrumb\":{\"@id\":\"https:\\\/\\\/alekeskus.eu\\\/et\\\/toode\\\/aiamaja-bella-147-alekeskus\\\/#breadcrumb\"},\"inLanguage\":\"et\",\"potentialAction\":[{\"@type\":\"ReadAction\",\"target\":[\"https:\\\/\\\/alekeskus.eu\\\/et\\\/toode\\\/aiamaja-bella-147-alekeskus\\\/\"]}]},{\"@type\":\"ImageObject\",\"inLanguage\":\"et\",\"@id\":\"https:\\\/\\\/alekeskus.eu\\\/et\\\/toode\\\/aiamaja-bella-147-alekeskus\\\/#primaryimage\",\"url\":\"https:\\\/\\\/alekeskus.eu\\\/wp-content\\\/uploads\\\/2025\\\/01\\\/Isabella_14.7_NATURAL_wb.jpg\",\"contentUrl\":\"https:\\\/\\\/alekeskus.eu\\\/wp-content\\\/uploads\\\/2025\\\/01\\\/Isabella_14.7_NATURAL_wb.jpg\",\"width\":1600,\"height\":1200},{\"@type\":\"BreadcrumbList\",\"@id\":\"https:\\\/\\\/alekeskus.eu\\\/et\\\/toode\\\/aiamaja-bella-147-alekeskus\\\/#breadcrumb\",\"itemListElement\":[{\"@type\":\"ListItem\",\"position\":1,\"name\":\"Avaleht\",\"item\":\"https:\\\/\\\/alekeskus.eu\\\/et\\\/\"},{\"@type\":\"ListItem\",\"position\":2,\"name\":\"Pood\",\"item\":\"https:\\\/\\\/alekeskus.eu\\\/pood\\\/\"},{\"@type\":\"ListItem\",\"position\":3,\"name\":\"Aiamaja Bella 14,7 m\u00b2 alumiiniumraamidega akende ja ustega\"}]},{\"@type\":\"WebSite\",\"@id\":\"https:\\\/\\\/alekeskus.eu\\\/#website\",\"url\":\"https:\\\/\\\/alekeskus.eu\\\/\",\"name\":\"Alekeskus\",\"description\":\"Alekeskus.eu\",\"potentialAction\":[{\"@type\":\"SearchAction\",\"target\":{\"@type\":\"EntryPoint\",\"urlTemplate\":\"https:\\\/\\\/alekeskus.eu\\\/?s={search_term_string}\"},\"query-input\":{\"@type\":\"PropertyValueSpecification\",\"valueRequired\":true,\"valueName\":\"search_term_string\"}}],\"inLanguage\":\"et\"}]}<\/script>\n<!-- \/ Yoast SEO plugin. -->","yoast_head_json":{"title":"Aiamaja Bella 14,7 m\u00b2 alumiiniumraamidega akende ja ustega - Alekeskus","description":"avar aiamaja alumiiniumraamidega akende ja uksega","robots":{"index":"index","follow":"follow","max-snippet":"max-snippet:-1","max-image-preview":"max-image-preview:large","max-video-preview":"max-video-preview:-1"},"canonical":"https:\/\/alekeskus.eu\/et\/toode\/aiamaja-bella-147-alekeskus\/","og_locale":"et_EE","og_type":"article","og_title":"Aiamaja Bella 14,7 m\u00b2 alumiiniumraamidega akende ja ustega - Alekeskus","og_description":"avar aiamaja alumiiniumraamidega akende ja uksega","og_url":"https:\/\/alekeskus.eu\/et\/toode\/aiamaja-bella-147-alekeskus\/","og_site_name":"Alekeskus","article_modified_time":"2026-01-10T17:47:29+00:00","og_image":[{"width":1600,"height":1200,"url":"https:\/\/alekeskus.eu\/wp-content\/uploads\/2025\/01\/Isabella_14.7_NATURAL_wb.jpg","type":"image\/jpeg"}],"twitter_card":"summary_large_image","twitter_misc":{"Est. reading time":"1 minut"},"schema":{"@context":"https:\/\/schema.org","@graph":[{"@type":"WebPage","@id":"https:\/\/alekeskus.eu\/et\/toode\/aiamaja-bella-147-alekeskus\/","url":"https:\/\/alekeskus.eu\/et\/toode\/aiamaja-bella-147-alekeskus\/","name":"Aiamaja Bella 14,7 m\u00b2 alumiiniumraamidega akende ja ustega - Alekeskus","isPartOf":{"@id":"https:\/\/alekeskus.eu\/#website"},"primaryImageOfPage":{"@id":"https:\/\/alekeskus.eu\/et\/toode\/aiamaja-bella-147-alekeskus\/#primaryimage"},"image":{"@id":"https:\/\/alekeskus.eu\/et\/toode\/aiamaja-bella-147-alekeskus\/#primaryimage"},"thumbnailUrl":"https:\/\/alekeskus.eu\/wp-content\/uploads\/2025\/01\/Isabella_14.7_NATURAL_wb.jpg","datePublished":"2025-01-27T07:30:26+00:00","dateModified":"2026-01-10T17:47:29+00:00","description":"avar aiamaja alumiiniumraamidega akende ja uksega","breadcrumb":{"@id":"https:\/\/alekeskus.eu\/et\/toode\/aiamaja-bella-147-alekeskus\/#breadcrumb"},"inLanguage":"et","potentialAction":[{"@type":"ReadAction","target":["https:\/\/alekeskus.eu\/et\/toode\/aiamaja-bella-147-alekeskus\/"]}]},{"@type":"ImageObject","inLanguage":"et","@id":"https:\/\/alekeskus.eu\/et\/toode\/aiamaja-bella-147-alekeskus\/#primaryimage","url":"https:\/\/alekeskus.eu\/wp-content\/uploads\/2025\/01\/Isabella_14.7_NATURAL_wb.jpg","contentUrl":"https:\/\/alekeskus.eu\/wp-content\/uploads\/2025\/01\/Isabella_14.7_NATURAL_wb.jpg","width":1600,"height":1200},{"@type":"BreadcrumbList","@id":"https:\/\/alekeskus.eu\/et\/toode\/aiamaja-bella-147-alekeskus\/#breadcrumb","itemListElement":[{"@type":"ListItem","position":1,"name":"Avaleht","item":"https:\/\/alekeskus.eu\/et\/"},{"@type":"ListItem","position":2,"name":"Pood","item":"https:\/\/alekeskus.eu\/pood\/"},{"@type":"ListItem","position":3,"name":"Aiamaja Bella 14,7 m\u00b2 alumiiniumraamidega akende ja ustega"}]},{"@type":"WebSite","@id":"https:\/\/alekeskus.eu\/#website","url":"https:\/\/alekeskus.eu\/","name":"Alekeskus","description":"Alekeskus.eu","potentialAction":[{"@type":"SearchAction","target":{"@type":"EntryPoint","urlTemplate":"https:\/\/alekeskus.eu\/?s={search_term_string}"},"query-input":{"@type":"PropertyValueSpecification","valueRequired":true,"valueName":"search_term_string"}}],"inLanguage":"et"}]}},"brands":[{"id":18577,"name":"Eesti","slug":"eesti"}],"_links":{"self":[{"href":"https:\/\/alekeskus.eu\/et\/wp-json\/wp\/v2\/product\/88905","targetHints":{"allow":["GET"]}}],"collection":[{"href":"https:\/\/alekeskus.eu\/et\/wp-json\/wp\/v2\/product"}],"about":[{"href":"https:\/\/alekeskus.eu\/et\/wp-json\/wp\/v2\/types\/product"}],"wp:featuredmedia":[{"embeddable":true,"href":"https:\/\/alekeskus.eu\/et\/wp-json\/wp\/v2\/media\/88945"}],"wp:attachment":[{"href":"https:\/\/alekeskus.eu\/et\/wp-json\/wp\/v2\/media?parent=88905"}],"wp:term":[{"taxonomy":"pwb-brand","embeddable":true,"href":"https:\/\/alekeskus.eu\/et\/wp-json\/wp\/v2\/pwb-brand?post=88905"},{"taxonomy":"product_brand","embeddable":true,"href":"https:\/\/alekeskus.eu\/et\/wp-json\/wp\/v2\/product_brand?post=88905"},{"taxonomy":"product_cat","embeddable":true,"href":"https:\/\/alekeskus.eu\/et\/wp-json\/wp\/v2\/product_cat?post=88905"},{"taxonomy":"product_tag","embeddable":true,"href":"https:\/\/alekeskus.eu\/et\/wp-json\/wp\/v2\/product_tag?post=88905"}],"curies":[{"name":"wp","href":"https:\/\/api.w.org\/{rel}","templated":true}]}}