{"id":95232,"date":"2025-10-31T14:02:52","date_gmt":"2025-10-31T14:02:52","guid":{"rendered":"https:\/\/alekeskus.eu\/?post_type=product&#038;p=95232"},"modified":"2025-12-31T18:26:49","modified_gmt":"2025-12-31T18:26:49","slug":"aiamaja-aura-152-katusealune79-alekeskus","status":"publish","type":"product","link":"https:\/\/alekeskus.eu\/et\/toode\/aiamaja-aura-152-katusealune79-alekeskus\/","title":{"rendered":"Aiamaja Aura 15,2+katusealune 7,9 m\u00b2 siledad nurgad, alumiiniumuks ja -aknad pakettklaasidega"},"content":{"rendered":"<p><strong>Telli juurde:<\/strong><\/p>\n<p><strong>&#8211; SBS-bituumenkate 5 rulli<\/strong><\/p>\n<p><strong>&#8211; iseliimuv EPDM-kummikate 3 rulli<\/strong><\/p>\n<p><strong>&#8211; tehases puidukaitsevahendisse kastetuna (pruunikas, hallikas v\u00f5i valkjas) <\/strong><\/p>\n<p><strong>&#8211; v\u00e4rvituna<br \/>\n<\/strong><\/p>\n<div class=\"pictogram qtip-additional-element\">\n<div class=\"description\">\n<div class=\"pictogram qtip-additional-element\">\n<div class=\"image\">\n<div class=\"pictogram qtip-additional-element\">\n<div><\/div>\n<\/div>\n<div class=\"pictogram qtip-additional-element\">\n<div class=\"image\"><\/div>\n<\/div>\n<\/div>\n<\/div>\n<\/div>\n<\/div>\n","protected":false},"excerpt":{"rendered":"<p>V\u00e4lism\u00f5\u00f5dud: <strong>8,33 x 3,0 m<\/strong>.<\/p>\n<p><strong>TASUTA VEDU JA MAHALAADIMINE (ka suursaartel)!<\/strong><\/p>\n<ul>\n<li><strong>44 mm<\/strong> tuuletappidega freespalksein siledate nurkadega; 70 x 70 mm nurgapostid<\/li>\n<li>seina k\u00f5rgused 228 ja 251 cm<\/li>\n<li>silinderlukuga pakettklaasidega <strong>alumiiniumraamiga topeltuks<\/strong> 157 x 197 cm ning <strong>3<\/strong> <strong>avatavat<\/strong> <strong>akent<\/strong>\u00a066 x 175 cm (lengi m\u00f5\u00f5dud)<\/li>\n<li>immutatud alusraam 45 x 70 mm ja 45 x 95 mm, punniga p\u00f5randalauad 19 mm<\/li>\n<li>katuse pindala 34 m\u00b2 ja kalle 4,4\u00ba, r\u00e4\u00e4stas ees 82 cm<\/li>\n<li>katusep\u00e4rlinid 60 x 200 mm, punniga katuselauad 19 mm<\/li>\n<li>katusekate ei sisaldu hinnas (valikus SBS-bituumenkate 1 x 10 m 5 rulli v\u00f5i iseliimuv EPDM-kummikate 1,5 x 10 m 3 rulli)<\/li>\n<li>katusealuse postid 120 x 120 mm teraskingadega, talad 60 x 160 mm ja 60 x 200 mm<\/li>\n<li>tellitav puidukaitsevahendisse kastetuna 1000+\u20ac (pruun, hall v\u00f5i valkjas)<strong><img decoding=\"async\" class=\"\" src=\"https:\/\/www.palmako.ee\/sites\/default\/files\/styles\/product_list_item\/public\/2020-06\/BNDIP.jpg?itok=_LQkkeHM\" width=\"66\" height=\"66\" \/><img decoding=\"async\" class=\"\" src=\"https:\/\/www.palmako.ee\/sites\/default\/files\/styles\/product_list_item\/public\/2020-06\/GYDIP.jpg?itok=RrYf7KTV\" width=\"66\" height=\"66\" \/><img decoding=\"async\" class=\"\" src=\"https:\/\/www.palmako.ee\/sites\/default\/files\/styles\/product_list_item\/public\/2020-06\/WTDIP.jpg?itok=D9U46coI\" width=\"67\" height=\"67\" \/> <\/strong>v\u00f5i v\u00e4ljast v\u00e4rvituna(3 v\u00e4rvilahendust) +2000\u20ac, tellimisaeg 2-4 n\u00e4dalat pikem<\/li>\n<li>peegelpildis paigaldatav<\/li>\n<li>5-aastane tehase garantii<\/li>\n<li>kinnitusvahendid ja koostejuhend<\/li>\n<li>Eesti toode<\/li>\n<li>vihmakindel pakend<\/li>\n<\/ul>\n<p>K\u00fcsi ka paigaldust!<\/p>\n","protected":false},"featured_media":95280,"template":"","meta":{"_monsterinsights_skip_tracking":false,"_monsterinsights_sitenote_active":false,"_monsterinsights_sitenote_note":"","_monsterinsights_sitenote_category":0},"pwb-brand":[18577],"product_brand":[],"product_cat":[17182,13592,13540,13596,13608],"product_tag":[14283,18478,14310,18565,15264,15276,13813,18638,18781,18795,13913,18798,13994,18799,14224,14266],"class_list":{"0":"post-95232","1":"product","2":"type-product","3":"status-publish","4":"has-post-thumbnail","6":"pwb-brand-eesti","7":"product_cat-suvekoogid-alekeskus","8":"product_cat-aia-ja-grillmajad","9":"product_cat-hooned-alekeskus","10":"product_cat-varjualused-talveaiad-alekeskus","11":"product_cat-kontorid","12":"product_tag-kotitoimisto","13":"product_tag-kesahuone","14":"product_tag-kodukontor","15":"product_tag-etatyotila-2","16":"product_tag-grillikatos","17":"product_tag-pihatoimisto","18":"product_tag-aiamaja","19":"product_tag-seiskari-2","20":"product_tag-lampolasi","21":"product_tag-pakettklaasid","22":"product_tag-vierasmaja","23":"product_tag-puuhailutila","24":"product_tag-katos","25":"product_tag-askarteluhuone","26":"product_tag-varjualune","27":"product_tag-katusealune","28":"product_shipping_class-tasuta-transport-alates-1000kg","29":"pa_garantii-5-aastat","30":"pa_kohaletoimetamine-tasuta-mandri-eestis-ja-suursaartel-soome-alates-699e","31":"pa_laoasukoht-tartumaa","32":"pa_pindalam-15638","33":"pa_seinapaksus-17405","34":"pa_tellimisaeg-kuni-4-nadalat","35":"pa_varv-valkjas-puidukaitse","36":"pa_varv-tumehall-sein-mustad-avataited-ja-liistud","37":"pa_varv-helehall-sein-mustad-avataited-ja-liistud","38":"pa_varv-valge","39":"pa_varv-viimistlemata","40":"pa_varv-pruunikas-puidukaitse","41":"pa_varv-hallikas-puidukaitse","42":"pa_veame-eesti-ja-soome","44":"first","45":"instock","46":"taxable","47":"shipping-taxable","48":"purchasable","49":"product-type-variable","50":"has-default-attributes"},"yoast_head":"<!-- This site is optimized with the Yoast SEO plugin v27.3 - https:\/\/yoast.com\/product\/yoast-seo-wordpress\/ -->\n<title>Aiamaja Aura 15,2+katusealune 7,9 m\u00b2 siledad nurgad, alumiiniumuks ja -aknad pakettklaasidega - Alekeskus<\/title>\n<meta name=\"description\" content=\"aiamaja katusealusega, alumiiniumakendega ja pakettklaasidega\" \/>\n<meta name=\"robots\" content=\"index, follow, max-snippet:-1, max-image-preview:large, max-video-preview:-1\" \/>\n<link rel=\"canonical\" href=\"https:\/\/alekeskus.eu\/et\/toode\/aiamaja-aura-152-katusealune79-alekeskus\/\" \/>\n<meta property=\"og:locale\" content=\"et_EE\" \/>\n<meta property=\"og:type\" content=\"article\" \/>\n<meta property=\"og:title\" content=\"Aiamaja Aura 15,2+katusealune 7,9 m\u00b2 siledad nurgad, alumiiniumuks ja -aknad pakettklaasidega - Alekeskus\" \/>\n<meta property=\"og:description\" content=\"aiamaja katusealusega, alumiiniumakendega ja pakettklaasidega\" \/>\n<meta property=\"og:url\" content=\"https:\/\/alekeskus.eu\/et\/toode\/aiamaja-aura-152-katusealune79-alekeskus\/\" \/>\n<meta property=\"og:site_name\" content=\"Alekeskus\" \/>\n<meta property=\"article:modified_time\" content=\"2025-12-31T18:26:49+00:00\" \/>\n<meta property=\"og:image\" content=\"https:\/\/alekeskus.eu\/wp-content\/uploads\/2025\/12\/Aurelia_15.27.9_m2_NATURAL_wb.jpg\" \/>\n\t<meta property=\"og:image:width\" content=\"1600\" \/>\n\t<meta property=\"og:image:height\" content=\"1200\" \/>\n\t<meta property=\"og:image:type\" content=\"image\/jpeg\" \/>\n<meta name=\"twitter:card\" content=\"summary_large_image\" \/>\n<meta name=\"twitter:label1\" content=\"Est. reading time\" \/>\n\t<meta name=\"twitter:data1\" content=\"1 minut\" \/>\n<script type=\"application\/ld+json\" class=\"yoast-schema-graph\">{\"@context\":\"https:\\\/\\\/schema.org\",\"@graph\":[{\"@type\":\"WebPage\",\"@id\":\"https:\\\/\\\/alekeskus.eu\\\/et\\\/toode\\\/aiamaja-aura-152-katusealune79-alekeskus\\\/\",\"url\":\"https:\\\/\\\/alekeskus.eu\\\/et\\\/toode\\\/aiamaja-aura-152-katusealune79-alekeskus\\\/\",\"name\":\"Aiamaja Aura 15,2+katusealune 7,9 m\u00b2 siledad nurgad, alumiiniumuks ja -aknad pakettklaasidega - Alekeskus\",\"isPartOf\":{\"@id\":\"https:\\\/\\\/alekeskus.eu\\\/#website\"},\"primaryImageOfPage\":{\"@id\":\"https:\\\/\\\/alekeskus.eu\\\/et\\\/toode\\\/aiamaja-aura-152-katusealune79-alekeskus\\\/#primaryimage\"},\"image\":{\"@id\":\"https:\\\/\\\/alekeskus.eu\\\/et\\\/toode\\\/aiamaja-aura-152-katusealune79-alekeskus\\\/#primaryimage\"},\"thumbnailUrl\":\"https:\\\/\\\/alekeskus.eu\\\/wp-content\\\/uploads\\\/2025\\\/12\\\/Aurelia_15.27.9_m2_NATURAL_wb.jpg\",\"datePublished\":\"2025-10-31T14:02:52+00:00\",\"dateModified\":\"2025-12-31T18:26:49+00:00\",\"description\":\"aiamaja katusealusega, alumiiniumakendega ja pakettklaasidega\",\"breadcrumb\":{\"@id\":\"https:\\\/\\\/alekeskus.eu\\\/et\\\/toode\\\/aiamaja-aura-152-katusealune79-alekeskus\\\/#breadcrumb\"},\"inLanguage\":\"et\",\"potentialAction\":[{\"@type\":\"ReadAction\",\"target\":[\"https:\\\/\\\/alekeskus.eu\\\/et\\\/toode\\\/aiamaja-aura-152-katusealune79-alekeskus\\\/\"]}]},{\"@type\":\"ImageObject\",\"inLanguage\":\"et\",\"@id\":\"https:\\\/\\\/alekeskus.eu\\\/et\\\/toode\\\/aiamaja-aura-152-katusealune79-alekeskus\\\/#primaryimage\",\"url\":\"https:\\\/\\\/alekeskus.eu\\\/wp-content\\\/uploads\\\/2025\\\/12\\\/Aurelia_15.27.9_m2_NATURAL_wb.jpg\",\"contentUrl\":\"https:\\\/\\\/alekeskus.eu\\\/wp-content\\\/uploads\\\/2025\\\/12\\\/Aurelia_15.27.9_m2_NATURAL_wb.jpg\",\"width\":1600,\"height\":1200},{\"@type\":\"BreadcrumbList\",\"@id\":\"https:\\\/\\\/alekeskus.eu\\\/et\\\/toode\\\/aiamaja-aura-152-katusealune79-alekeskus\\\/#breadcrumb\",\"itemListElement\":[{\"@type\":\"ListItem\",\"position\":1,\"name\":\"Avaleht\",\"item\":\"https:\\\/\\\/alekeskus.eu\\\/et\\\/\"},{\"@type\":\"ListItem\",\"position\":2,\"name\":\"Pood\",\"item\":\"https:\\\/\\\/alekeskus.eu\\\/pood\\\/\"},{\"@type\":\"ListItem\",\"position\":3,\"name\":\"Aiamaja Aura 15,2+katusealune 7,9 m\u00b2 siledad nurgad, alumiiniumuks ja -aknad pakettklaasidega\"}]},{\"@type\":\"WebSite\",\"@id\":\"https:\\\/\\\/alekeskus.eu\\\/#website\",\"url\":\"https:\\\/\\\/alekeskus.eu\\\/\",\"name\":\"Alekeskus\",\"description\":\"Alekeskus.eu\",\"potentialAction\":[{\"@type\":\"SearchAction\",\"target\":{\"@type\":\"EntryPoint\",\"urlTemplate\":\"https:\\\/\\\/alekeskus.eu\\\/?s={search_term_string}\"},\"query-input\":{\"@type\":\"PropertyValueSpecification\",\"valueRequired\":true,\"valueName\":\"search_term_string\"}}],\"inLanguage\":\"et\"}]}<\/script>\n<!-- \/ Yoast SEO plugin. -->","yoast_head_json":{"title":"Aiamaja Aura 15,2+katusealune 7,9 m\u00b2 siledad nurgad, alumiiniumuks ja -aknad pakettklaasidega - Alekeskus","description":"aiamaja katusealusega, alumiiniumakendega ja pakettklaasidega","robots":{"index":"index","follow":"follow","max-snippet":"max-snippet:-1","max-image-preview":"max-image-preview:large","max-video-preview":"max-video-preview:-1"},"canonical":"https:\/\/alekeskus.eu\/et\/toode\/aiamaja-aura-152-katusealune79-alekeskus\/","og_locale":"et_EE","og_type":"article","og_title":"Aiamaja Aura 15,2+katusealune 7,9 m\u00b2 siledad nurgad, alumiiniumuks ja -aknad pakettklaasidega - Alekeskus","og_description":"aiamaja katusealusega, alumiiniumakendega ja pakettklaasidega","og_url":"https:\/\/alekeskus.eu\/et\/toode\/aiamaja-aura-152-katusealune79-alekeskus\/","og_site_name":"Alekeskus","article_modified_time":"2025-12-31T18:26:49+00:00","og_image":[{"width":1600,"height":1200,"url":"https:\/\/alekeskus.eu\/wp-content\/uploads\/2025\/12\/Aurelia_15.27.9_m2_NATURAL_wb.jpg","type":"image\/jpeg"}],"twitter_card":"summary_large_image","twitter_misc":{"Est. reading time":"1 minut"},"schema":{"@context":"https:\/\/schema.org","@graph":[{"@type":"WebPage","@id":"https:\/\/alekeskus.eu\/et\/toode\/aiamaja-aura-152-katusealune79-alekeskus\/","url":"https:\/\/alekeskus.eu\/et\/toode\/aiamaja-aura-152-katusealune79-alekeskus\/","name":"Aiamaja Aura 15,2+katusealune 7,9 m\u00b2 siledad nurgad, alumiiniumuks ja -aknad pakettklaasidega - Alekeskus","isPartOf":{"@id":"https:\/\/alekeskus.eu\/#website"},"primaryImageOfPage":{"@id":"https:\/\/alekeskus.eu\/et\/toode\/aiamaja-aura-152-katusealune79-alekeskus\/#primaryimage"},"image":{"@id":"https:\/\/alekeskus.eu\/et\/toode\/aiamaja-aura-152-katusealune79-alekeskus\/#primaryimage"},"thumbnailUrl":"https:\/\/alekeskus.eu\/wp-content\/uploads\/2025\/12\/Aurelia_15.27.9_m2_NATURAL_wb.jpg","datePublished":"2025-10-31T14:02:52+00:00","dateModified":"2025-12-31T18:26:49+00:00","description":"aiamaja katusealusega, alumiiniumakendega ja pakettklaasidega","breadcrumb":{"@id":"https:\/\/alekeskus.eu\/et\/toode\/aiamaja-aura-152-katusealune79-alekeskus\/#breadcrumb"},"inLanguage":"et","potentialAction":[{"@type":"ReadAction","target":["https:\/\/alekeskus.eu\/et\/toode\/aiamaja-aura-152-katusealune79-alekeskus\/"]}]},{"@type":"ImageObject","inLanguage":"et","@id":"https:\/\/alekeskus.eu\/et\/toode\/aiamaja-aura-152-katusealune79-alekeskus\/#primaryimage","url":"https:\/\/alekeskus.eu\/wp-content\/uploads\/2025\/12\/Aurelia_15.27.9_m2_NATURAL_wb.jpg","contentUrl":"https:\/\/alekeskus.eu\/wp-content\/uploads\/2025\/12\/Aurelia_15.27.9_m2_NATURAL_wb.jpg","width":1600,"height":1200},{"@type":"BreadcrumbList","@id":"https:\/\/alekeskus.eu\/et\/toode\/aiamaja-aura-152-katusealune79-alekeskus\/#breadcrumb","itemListElement":[{"@type":"ListItem","position":1,"name":"Avaleht","item":"https:\/\/alekeskus.eu\/et\/"},{"@type":"ListItem","position":2,"name":"Pood","item":"https:\/\/alekeskus.eu\/pood\/"},{"@type":"ListItem","position":3,"name":"Aiamaja Aura 15,2+katusealune 7,9 m\u00b2 siledad nurgad, alumiiniumuks ja -aknad pakettklaasidega"}]},{"@type":"WebSite","@id":"https:\/\/alekeskus.eu\/#website","url":"https:\/\/alekeskus.eu\/","name":"Alekeskus","description":"Alekeskus.eu","potentialAction":[{"@type":"SearchAction","target":{"@type":"EntryPoint","urlTemplate":"https:\/\/alekeskus.eu\/?s={search_term_string}"},"query-input":{"@type":"PropertyValueSpecification","valueRequired":true,"valueName":"search_term_string"}}],"inLanguage":"et"}]}},"brands":[{"id":18577,"name":"Eesti","slug":"eesti"}],"_links":{"self":[{"href":"https:\/\/alekeskus.eu\/et\/wp-json\/wp\/v2\/product\/95232","targetHints":{"allow":["GET"]}}],"collection":[{"href":"https:\/\/alekeskus.eu\/et\/wp-json\/wp\/v2\/product"}],"about":[{"href":"https:\/\/alekeskus.eu\/et\/wp-json\/wp\/v2\/types\/product"}],"wp:featuredmedia":[{"embeddable":true,"href":"https:\/\/alekeskus.eu\/et\/wp-json\/wp\/v2\/media\/95280"}],"wp:attachment":[{"href":"https:\/\/alekeskus.eu\/et\/wp-json\/wp\/v2\/media?parent=95232"}],"wp:term":[{"taxonomy":"pwb-brand","embeddable":true,"href":"https:\/\/alekeskus.eu\/et\/wp-json\/wp\/v2\/pwb-brand?post=95232"},{"taxonomy":"product_brand","embeddable":true,"href":"https:\/\/alekeskus.eu\/et\/wp-json\/wp\/v2\/product_brand?post=95232"},{"taxonomy":"product_cat","embeddable":true,"href":"https:\/\/alekeskus.eu\/et\/wp-json\/wp\/v2\/product_cat?post=95232"},{"taxonomy":"product_tag","embeddable":true,"href":"https:\/\/alekeskus.eu\/et\/wp-json\/wp\/v2\/product_tag?post=95232"}],"curies":[{"name":"wp","href":"https:\/\/api.w.org\/{rel}","templated":true}]}}